{"id":1056,"date":"2023-03-06T21:18:46","date_gmt":"2023-03-06T20:18:46","guid":{"rendered":"https:\/\/toufflers-af.fr\/?page_id=1056"},"modified":"2023-11-16T19:30:41","modified_gmt":"2023-11-16T18:30:41","slug":"documents-archives","status":"publish","type":"page","link":"https:\/\/toufflers-af.fr\/?page_id=1056","title":{"rendered":"Documents Archives"},"content":{"rendered":"\t\t<div data-elementor-type=\"wp-page\" data-elementor-id=\"1056\" class=\"elementor elementor-1056\">\n\t\t\t\t\t\t<section class=\"elementor-section elementor-top-section elementor-element elementor-element-ec55dd0 elementor-section-content-middle elementor-section-boxed elementor-section-height-default elementor-section-height-default\" data-id=\"ec55dd0\" data-element_type=\"section\" data-e-type=\"section\">\n\t\t\t\t\t\t<div class=\"elementor-container elementor-column-gap-default\">\n\t\t\t\t\t<div class=\"elementor-column elementor-col-33 elementor-top-column elementor-element elementor-element-7168959\" data-id=\"7168959\" data-element_type=\"column\" data-e-type=\"column\">\n\t\t\t<div class=\"elementor-widget-wrap elementor-element-populated\">\n\t\t\t\t\t\t<div class=\"elementor-element elementor-element-2e46136 elementor-widget elementor-widget-theme-site-logo elementor-widget-image\" data-id=\"2e46136\" data-element_type=\"widget\" data-e-type=\"widget\" data-widget_type=\"theme-site-logo.default\">\n\t\t\t\t<div class=\"elementor-widget-container\">\n\t\t\t\t\t\t\t\t\t\t\t\t\t\t\t\t<a href=\"https:\/\/toufflers-af.fr\">\n\t\t\t\t\t\t\t<img decoding=\"async\" width=\"150\" height=\"150\" src=\"https:\/\/toufflers-af.fr\/wp-content\/uploads\/2023\/05\/logotaf-150x150.png\" class=\"attachment-thumbnail size-thumbnail wp-image-3384\" alt=\"\" srcset=\"https:\/\/toufflers-af.fr\/wp-content\/uploads\/2023\/05\/logotaf-150x150.png 150w, https:\/\/toufflers-af.fr\/wp-content\/uploads\/2023\/05\/logotaf-300x300.png 300w, https:\/\/toufflers-af.fr\/wp-content\/uploads\/2023\/05\/logotaf.png 453w\" sizes=\"(max-width: 150px) 100vw, 150px\" \/>\t\t\t\t\t\t\t\t<\/a>\n\t\t\t\t\t\t\t\t\t\t\t\t\t\t\t<\/div>\n\t\t\t\t<\/div>\n\t\t\t\t\t<\/div>\n\t\t<\/div>\n\t\t\t\t<div class=\"elementor-column elementor-col-33 elementor-top-column elementor-element elementor-element-05c8a6b\" data-id=\"05c8a6b\" data-element_type=\"column\" data-e-type=\"column\">\n\t\t\t<div class=\"elementor-widget-wrap elementor-element-populated\">\n\t\t\t\t\t\t<div class=\"elementor-element elementor-element-b9ae2b2 elementor-nav-menu__align-left elementor-nav-menu--stretch elementor-nav-menu--dropdown-tablet elementor-nav-menu__text-align-aside elementor-nav-menu--toggle elementor-nav-menu--burger elementor-widget elementor-widget-nav-menu\" data-id=\"b9ae2b2\" data-element_type=\"widget\" data-e-type=\"widget\" data-settings=\"{&quot;full_width&quot;:&quot;stretch&quot;,&quot;submenu_icon&quot;:{&quot;value&quot;:&quot;&lt;i class=\\&quot;fas fa-chevron-down\\&quot;&gt;&lt;\\\/i&gt;&quot;,&quot;library&quot;:&quot;fa-solid&quot;},&quot;layout&quot;:&quot;horizontal&quot;,&quot;toggle&quot;:&quot;burger&quot;}\" data-widget_type=\"nav-menu.default\">\n\t\t\t\t<div class=\"elementor-widget-container\">\n\t\t\t\t\t\t\t\t<nav migration_allowed=\"1\" migrated=\"0\" class=\"elementor-nav-menu--main elementor-nav-menu__container elementor-nav-menu--layout-horizontal e--pointer-underline e--animation-drop-in\">\n\t\t\t\t<ul id=\"menu-1-b9ae2b2\" class=\"elementor-nav-menu\"><li class=\"menu-item menu-item-type-post_type menu-item-object-page menu-item-home menu-item-160\"><a href=\"https:\/\/toufflers-af.fr\/\" class=\"elementor-item\">Accueil<\/a><\/li>\n<li class=\"menu-item menu-item-type-post_type menu-item-object-page menu-item-has-children menu-item-248\"><a href=\"https:\/\/toufflers-af.fr\/?page_id=240\" class=\"elementor-item\">Adh\u00e9rez au club<\/a>\n<ul class=\"sub-menu elementor-nav-menu--dropdown\">\n\t<li class=\"menu-item menu-item-type-post_type menu-item-object-page menu-item-401\"><a href=\"https:\/\/toufflers-af.fr\/?page_id=400\" class=\"elementor-sub-item\">HISTORIQUE DU CLUB\u200b<\/a><\/li>\n\t<li class=\"menu-item menu-item-type-post_type menu-item-object-page menu-item-1057\"><a href=\"https:\/\/toufflers-af.fr\/?page_id=1056\" class=\"elementor-sub-item\">Documents Archives<\/a><\/li>\n\t<li class=\"menu-item menu-item-type-custom menu-item-object-custom menu-item-1346\"><a href=\"https:\/\/toufflers-af.fr\/wp-content\/uploads\/2023\/03\/S20-21-REGLEMENT-INTERIEUR-DU-TAF.pdf\" class=\"elementor-sub-item\">Le R\u00e9glement Int\u00e9rieur du TAF<\/a><\/li>\n\t<li class=\"menu-item menu-item-type-post_type menu-item-object-page menu-item-1348\"><a href=\"https:\/\/toufflers-af.fr\/?page_id=1347\" class=\"elementor-sub-item\">Les inscriptions<\/a><\/li>\n\t<li class=\"menu-item menu-item-type-post_type menu-item-object-page menu-item-privacy-policy menu-item-3687\"><a rel=\"privacy-policy\" href=\"https:\/\/toufflers-af.fr\/?page_id=3682\" class=\"elementor-sub-item\">Politique de confidentialit\u00e9<\/a><\/li>\n<\/ul>\n<\/li>\n<li class=\"menu-item menu-item-type-post_type menu-item-object-page menu-item-has-children menu-item-269\"><a href=\"https:\/\/toufflers-af.fr\/?page_id=267\" class=\"elementor-item\">La vie au club<\/a>\n<ul class=\"sub-menu elementor-nav-menu--dropdown\">\n\t<li class=\"menu-item menu-item-type-post_type menu-item-object-page menu-item-496\"><a href=\"https:\/\/toufflers-af.fr\/?page_id=470\" class=\"elementor-sub-item\">Contacts et coordonn\u00e9es<\/a><\/li>\n\t<li class=\"menu-item menu-item-type-post_type menu-item-object-page menu-item-775\"><a href=\"https:\/\/toufflers-af.fr\/?page_id=560\" class=\"elementor-sub-item\">Entra\u00eenements<\/a><\/li>\n\t<li class=\"menu-item menu-item-type-post_type menu-item-object-page menu-item-809\"><a href=\"https:\/\/toufflers-af.fr\/?page_id=807\" class=\"elementor-sub-item\">Grands \u00e9v\u00e9nements<\/a><\/li>\n\t<li class=\"menu-item menu-item-type-custom menu-item-object-custom menu-item-1339\"><a href=\"https:\/\/toufflers-af.fr\/wp-content\/uploads\/2023\/03\/Calendrier_du_TAF.pdf\" class=\"elementor-sub-item\">Calendrier Activit\u00e9s<\/a><\/li>\n\t<li class=\"menu-item menu-item-type-post_type menu-item-object-page menu-item-827\"><a href=\"https:\/\/toufflers-af.fr\/?page_id=825\" class=\"elementor-sub-item\">Albums Photos<\/a><\/li>\n<\/ul>\n<\/li>\n<li class=\"menu-item menu-item-type-post_type menu-item-object-page menu-item-has-children menu-item-277\"><a href=\"https:\/\/toufflers-af.fr\/?page_id=275\" class=\"elementor-item\">Le coin des adh\u00e9rents<\/a>\n<ul class=\"sub-menu elementor-nav-menu--dropdown\">\n\t<li class=\"menu-item menu-item-type-custom menu-item-object-custom menu-item-3460\"><a href=\"http:\/\/taf.levillage.org\/Plannings_Matchs\/index.html\" class=\"elementor-sub-item\">Les Matchs\u00a0du\u00a0TAF (saison 22-23)<\/a><\/li>\n\t<li class=\"menu-item menu-item-type-custom menu-item-object-custom menu-item-3461\"><a href=\"http:\/\/taf.levillage.org\/Tournois\/index.html\" class=\"elementor-sub-item\">Les Tournois \u00e0 Toufflers<\/a><\/li>\n\t<li class=\"menu-item menu-item-type-custom menu-item-object-custom menu-item-3462\"><a href=\"http:\/\/taf.levillage.org\/Reunions_Club\/index.html\" class=\"elementor-sub-item\">Les R\u00e9unions du club<\/a><\/li>\n<\/ul>\n<\/li>\n<\/ul>\t\t\t<\/nav>\n\t\t\t\t\t<div class=\"elementor-menu-toggle\" role=\"button\" tabindex=\"0\" aria-label=\"Menu Toggle\" aria-expanded=\"false\">\n\t\t\t<i aria-hidden=\"true\" role=\"presentation\" class=\"elementor-menu-toggle__icon--open eicon-menu-bar\"><\/i><i aria-hidden=\"true\" role=\"presentation\" class=\"elementor-menu-toggle__icon--close eicon-close\"><\/i>\t\t\t<span class=\"elementor-screen-only\">Menu<\/span>\n\t\t<\/div>\n\t\t\t\t\t<nav class=\"elementor-nav-menu--dropdown elementor-nav-menu__container\" aria-hidden=\"true\">\n\t\t\t\t<ul id=\"menu-2-b9ae2b2\" class=\"elementor-nav-menu\"><li class=\"menu-item menu-item-type-post_type menu-item-object-page menu-item-home menu-item-160\"><a href=\"https:\/\/toufflers-af.fr\/\" class=\"elementor-item\" tabindex=\"-1\">Accueil<\/a><\/li>\n<li class=\"menu-item menu-item-type-post_type menu-item-object-page menu-item-has-children menu-item-248\"><a href=\"https:\/\/toufflers-af.fr\/?page_id=240\" class=\"elementor-item\" tabindex=\"-1\">Adh\u00e9rez au club<\/a>\n<ul class=\"sub-menu elementor-nav-menu--dropdown\">\n\t<li class=\"menu-item menu-item-type-post_type menu-item-object-page menu-item-401\"><a href=\"https:\/\/toufflers-af.fr\/?page_id=400\" class=\"elementor-sub-item\" tabindex=\"-1\">HISTORIQUE DU CLUB\u200b<\/a><\/li>\n\t<li class=\"menu-item menu-item-type-post_type menu-item-object-page menu-item-1057\"><a href=\"https:\/\/toufflers-af.fr\/?page_id=1056\" class=\"elementor-sub-item\" tabindex=\"-1\">Documents Archives<\/a><\/li>\n\t<li class=\"menu-item menu-item-type-custom menu-item-object-custom menu-item-1346\"><a href=\"https:\/\/toufflers-af.fr\/wp-content\/uploads\/2023\/03\/S20-21-REGLEMENT-INTERIEUR-DU-TAF.pdf\" class=\"elementor-sub-item\" tabindex=\"-1\">Le R\u00e9glement Int\u00e9rieur du TAF<\/a><\/li>\n\t<li class=\"menu-item menu-item-type-post_type menu-item-object-page menu-item-1348\"><a href=\"https:\/\/toufflers-af.fr\/?page_id=1347\" class=\"elementor-sub-item\" tabindex=\"-1\">Les inscriptions<\/a><\/li>\n\t<li class=\"menu-item menu-item-type-post_type menu-item-object-page menu-item-privacy-policy menu-item-3687\"><a rel=\"privacy-policy\" href=\"https:\/\/toufflers-af.fr\/?page_id=3682\" class=\"elementor-sub-item\" tabindex=\"-1\">Politique de confidentialit\u00e9<\/a><\/li>\n<\/ul>\n<\/li>\n<li class=\"menu-item menu-item-type-post_type menu-item-object-page menu-item-has-children menu-item-269\"><a href=\"https:\/\/toufflers-af.fr\/?page_id=267\" class=\"elementor-item\" tabindex=\"-1\">La vie au club<\/a>\n<ul class=\"sub-menu elementor-nav-menu--dropdown\">\n\t<li class=\"menu-item menu-item-type-post_type menu-item-object-page menu-item-496\"><a href=\"https:\/\/toufflers-af.fr\/?page_id=470\" class=\"elementor-sub-item\" tabindex=\"-1\">Contacts et coordonn\u00e9es<\/a><\/li>\n\t<li class=\"menu-item menu-item-type-post_type menu-item-object-page menu-item-775\"><a href=\"https:\/\/toufflers-af.fr\/?page_id=560\" class=\"elementor-sub-item\" tabindex=\"-1\">Entra\u00eenements<\/a><\/li>\n\t<li class=\"menu-item menu-item-type-post_type menu-item-object-page menu-item-809\"><a href=\"https:\/\/toufflers-af.fr\/?page_id=807\" class=\"elementor-sub-item\" tabindex=\"-1\">Grands \u00e9v\u00e9nements<\/a><\/li>\n\t<li class=\"menu-item menu-item-type-custom menu-item-object-custom menu-item-1339\"><a href=\"https:\/\/toufflers-af.fr\/wp-content\/uploads\/2023\/03\/Calendrier_du_TAF.pdf\" class=\"elementor-sub-item\" tabindex=\"-1\">Calendrier Activit\u00e9s<\/a><\/li>\n\t<li class=\"menu-item menu-item-type-post_type menu-item-object-page menu-item-827\"><a href=\"https:\/\/toufflers-af.fr\/?page_id=825\" class=\"elementor-sub-item\" tabindex=\"-1\">Albums Photos<\/a><\/li>\n<\/ul>\n<\/li>\n<li class=\"menu-item menu-item-type-post_type menu-item-object-page menu-item-has-children menu-item-277\"><a href=\"https:\/\/toufflers-af.fr\/?page_id=275\" class=\"elementor-item\" tabindex=\"-1\">Le coin des adh\u00e9rents<\/a>\n<ul class=\"sub-menu elementor-nav-menu--dropdown\">\n\t<li class=\"menu-item menu-item-type-custom menu-item-object-custom menu-item-3460\"><a href=\"http:\/\/taf.levillage.org\/Plannings_Matchs\/index.html\" class=\"elementor-sub-item\" tabindex=\"-1\">Les Matchs\u00a0du\u00a0TAF (saison 22-23)<\/a><\/li>\n\t<li class=\"menu-item menu-item-type-custom menu-item-object-custom menu-item-3461\"><a href=\"http:\/\/taf.levillage.org\/Tournois\/index.html\" class=\"elementor-sub-item\" tabindex=\"-1\">Les Tournois \u00e0 Toufflers<\/a><\/li>\n\t<li class=\"menu-item menu-item-type-custom menu-item-object-custom menu-item-3462\"><a href=\"http:\/\/taf.levillage.org\/Reunions_Club\/index.html\" class=\"elementor-sub-item\" tabindex=\"-1\">Les R\u00e9unions du club<\/a><\/li>\n<\/ul>\n<\/li>\n<\/ul>\t\t\t<\/nav>\n\t\t\t\t\t\t<\/div>\n\t\t\t\t<\/div>\n\t\t\t\t\t<\/div>\n\t\t<\/div>\n\t\t\t\t<div class=\"elementor-column elementor-col-33 elementor-top-column elementor-element elementor-element-2a72b12 elementor-hidden-tablet elementor-hidden-mobile\" data-id=\"2a72b12\" data-element_type=\"column\" data-e-type=\"column\">\n\t\t\t<div class=\"elementor-widget-wrap elementor-element-populated\">\n\t\t\t\t\t\t<section class=\"elementor-section elementor-inner-section elementor-element elementor-element-2c3e577 elementor-section-full_width elementor-section-height-default elementor-section-height-default\" data-id=\"2c3e577\" data-element_type=\"section\" data-e-type=\"section\">\n\t\t\t\t\t\t<div class=\"elementor-container elementor-column-gap-default\">\n\t\t\t\t\t<div class=\"elementor-column elementor-col-66 elementor-inner-column elementor-element elementor-element-051b160\" data-id=\"051b160\" data-element_type=\"column\" data-e-type=\"column\">\n\t\t\t<div class=\"elementor-widget-wrap elementor-element-populated\">\n\t\t\t\t\t\t<div class=\"elementor-element elementor-element-19647a6 e-grid-align-right elementor-shape-rounded elementor-grid-0 elementor-widget elementor-widget-social-icons\" data-id=\"19647a6\" data-element_type=\"widget\" data-e-type=\"widget\" data-widget_type=\"social-icons.default\">\n\t\t\t\t<div class=\"elementor-widget-container\">\n\t\t\t\t\t\t\t<div class=\"elementor-social-icons-wrapper elementor-grid\" role=\"list\">\n\t\t\t\t\t\t\t<span class=\"elementor-grid-item\" role=\"listitem\">\n\t\t\t\t\t<a class=\"elementor-icon elementor-social-icon elementor-social-icon-facebook-f elementor-animation-float elementor-repeater-item-85723a9\" target=\"_blank\">\n\t\t\t\t\t\t<span class=\"elementor-screen-only\">Facebook-f<\/span>\n\t\t\t\t\t\t<i aria-hidden=\"true\" class=\"fab fa-facebook-f\"><\/i>\t\t\t\t\t<\/a>\n\t\t\t\t<\/span>\n\t\t\t\t\t\t\t<span class=\"elementor-grid-item\" role=\"listitem\">\n\t\t\t\t\t<a class=\"elementor-icon elementor-social-icon elementor-social-icon-instagram elementor-animation-float elementor-repeater-item-1fde720\" target=\"_blank\">\n\t\t\t\t\t\t<span class=\"elementor-screen-only\">Instagram<\/span>\n\t\t\t\t\t\t<i aria-hidden=\"true\" class=\"fab fa-instagram\"><\/i>\t\t\t\t\t<\/a>\n\t\t\t\t<\/span>\n\t\t\t\t\t\t\t<span class=\"elementor-grid-item\" role=\"listitem\">\n\t\t\t\t\t<a class=\"elementor-icon elementor-social-icon elementor-social-icon-twitter elementor-animation-float elementor-repeater-item-f5d9a86\" target=\"_blank\">\n\t\t\t\t\t\t<span class=\"elementor-screen-only\">Twitter<\/span>\n\t\t\t\t\t\t<i aria-hidden=\"true\" class=\"fab fa-twitter\"><\/i>\t\t\t\t\t<\/a>\n\t\t\t\t<\/span>\n\t\t\t\t\t\t\t<span class=\"elementor-grid-item\" role=\"listitem\">\n\t\t\t\t\t<a class=\"elementor-icon elementor-social-icon elementor-social-icon-youtube elementor-animation-float elementor-repeater-item-2eac8cd\" target=\"_blank\">\n\t\t\t\t\t\t<span class=\"elementor-screen-only\">Youtube<\/span>\n\t\t\t\t\t\t<i aria-hidden=\"true\" class=\"fab fa-youtube\"><\/i>\t\t\t\t\t<\/a>\n\t\t\t\t<\/span>\n\t\t\t\t\t<\/div>\n\t\t\t\t\t\t<\/div>\n\t\t\t\t<\/div>\n\t\t\t\t\t<\/div>\n\t\t<\/div>\n\t\t\t\t<div class=\"elementor-column elementor-col-33 elementor-inner-column elementor-element elementor-element-1439661\" data-id=\"1439661\" data-element_type=\"column\" data-e-type=\"column\">\n\t\t\t<div class=\"elementor-widget-wrap elementor-element-populated\">\n\t\t\t\t\t\t<div class=\"elementor-element elementor-element-9299ab3 elementor-search-form--skin-full_screen elementor-widget elementor-widget-search-form\" data-id=\"9299ab3\" data-element_type=\"widget\" data-e-type=\"widget\" data-settings=\"{&quot;skin&quot;:&quot;full_screen&quot;}\" data-widget_type=\"search-form.default\">\n\t\t\t\t<div class=\"elementor-widget-container\">\n\t\t\t\t\t\t\t<form class=\"elementor-search-form\" role=\"search\" action=\"https:\/\/toufflers-af.fr\" method=\"get\">\n\t\t\t\t\t\t\t\t\t<div class=\"elementor-search-form__toggle\">\n\t\t\t\t<i aria-hidden=\"true\" class=\"fas fa-search\"><\/i>\t\t\t\t<span class=\"elementor-screen-only\">Search<\/span>\n\t\t\t<\/div>\n\t\t\t\t\t\t<div class=\"elementor-search-form__container\">\n\t\t\t\t\t\t\t\t<input placeholder=\"What are you looking for?\" class=\"elementor-search-form__input\" type=\"search\" name=\"s\" title=\"Search\" value=\"\">\n\t\t\t\t\t\t\t\t\t\t\t\t\t\t\t\t<div class=\"dialog-lightbox-close-button dialog-close-button\">\n\t\t\t\t\t<i aria-hidden=\"true\" class=\"eicon-close\"><\/i>\t\t\t\t\t<span class=\"elementor-screen-only\">Close<\/span>\n\t\t\t\t<\/div>\n\t\t\t\t\t\t\t<\/div>\n\t\t<\/form>\n\t\t\t\t\t\t<\/div>\n\t\t\t\t<\/div>\n\t\t\t\t\t<\/div>\n\t\t<\/div>\n\t\t\t\t\t<\/div>\n\t\t<\/section>\n\t\t\t\t\t<\/div>\n\t\t<\/div>\n\t\t\t\t\t<\/div>\n\t\t<\/section>\n\t\t\t\t<section class=\"elementor-section elementor-top-section elementor-element elementor-element-47baf35 elementor-section-boxed elementor-section-height-default elementor-section-height-default\" data-id=\"47baf35\" data-element_type=\"section\" data-e-type=\"section\" data-settings=\"{&quot;background_background&quot;:&quot;classic&quot;}\">\n\t\t\t\t\t\t\t<div class=\"elementor-background-overlay\"><\/div>\n\t\t\t\t\t\t\t<div class=\"elementor-container elementor-column-gap-no\">\n\t\t\t\t\t<div class=\"elementor-column elementor-col-100 elementor-top-column elementor-element elementor-element-1420c2ae\" data-id=\"1420c2ae\" data-element_type=\"column\" data-e-type=\"column\">\n\t\t\t<div class=\"elementor-widget-wrap elementor-element-populated\">\n\t\t\t\t\t\t<section class=\"elementor-section elementor-inner-section elementor-element elementor-element-46e41467 elementor-section-boxed elementor-section-height-default elementor-section-height-default elementor-invisible\" data-id=\"46e41467\" data-element_type=\"section\" data-e-type=\"section\" data-settings=\"{&quot;background_background&quot;:&quot;classic&quot;,&quot;animation&quot;:&quot;fadeInLeft&quot;,&quot;animation_delay&quot;:&quot;200&quot;}\">\n\t\t\t\t\t\t<div class=\"elementor-container elementor-column-gap-default\">\n\t\t\t\t\t<div class=\"elementor-column elementor-col-100 elementor-inner-column elementor-element elementor-element-4d817e7b\" data-id=\"4d817e7b\" data-element_type=\"column\" data-e-type=\"column\">\n\t\t\t<div class=\"elementor-widget-wrap elementor-element-populated\">\n\t\t\t\t\t\t<div class=\"elementor-element elementor-element-177bbd8 elementor-widget elementor-widget-heading\" data-id=\"177bbd8\" data-element_type=\"widget\" data-e-type=\"widget\" data-widget_type=\"heading.default\">\n\t\t\t\t<div class=\"elementor-widget-container\">\n\t\t\t\t\t<h2 class=\"elementor-heading-title elementor-size-default\">Documents Archives<\/h2>\t\t\t\t<\/div>\n\t\t\t\t<\/div>\n\t\t\t\t\t<\/div>\n\t\t<\/div>\n\t\t\t\t\t<\/div>\n\t\t<\/section>\n\t\t\t\t<section class=\"elementor-section elementor-inner-section elementor-element elementor-element-df466fb elementor-section-boxed elementor-section-height-default elementor-section-height-default elementor-invisible\" data-id=\"df466fb\" data-element_type=\"section\" data-e-type=\"section\" data-settings=\"{&quot;background_background&quot;:&quot;classic&quot;,&quot;animation&quot;:&quot;fadeInLeft&quot;,&quot;animation_delay&quot;:&quot;200&quot;}\">\n\t\t\t\t\t\t<div class=\"elementor-container elementor-column-gap-default\">\n\t\t\t\t\t<div class=\"elementor-column elementor-col-100 elementor-inner-column elementor-element elementor-element-98b02b9\" data-id=\"98b02b9\" data-element_type=\"column\" data-e-type=\"column\">\n\t\t\t<div class=\"elementor-widget-wrap elementor-element-populated\">\n\t\t\t\t\t\t<div class=\"elementor-element elementor-element-7dd9a17 elementor-widget elementor-widget-text-editor\" data-id=\"7dd9a17\" data-element_type=\"widget\" data-e-type=\"widget\" data-widget_type=\"text-editor.default\">\n\t\t\t\t<div class=\"elementor-widget-container\">\n\t\t\t\t\t\t\t\t\t<p style=\"text-align: center;\">Vous y trouvez les messages diffus\u00e9s anciennement sur la page d&rsquo;accueil et qui m\u00e9ritent d&rsquo;\u00eatre conserv\u00e9s comme souvenir ! Les textes peuvent \u00eatre modifi\u00e9s dans le but de les actualiser. Bient\u00f4t, il y a aura \u00e9puration des informations pour ne garder que les \u00e9v\u00eaments marquants.<\/p>\t\t\t\t\t\t\t\t<\/div>\n\t\t\t\t<\/div>\n\t\t\t\t\t<\/div>\n\t\t<\/div>\n\t\t\t\t\t<\/div>\n\t\t<\/section>\n\t\t\t\t\t<\/div>\n\t\t<\/div>\n\t\t\t\t\t<\/div>\n\t\t<\/section>\n\t\t\t\t<section class=\"elementor-section elementor-top-section elementor-element elementor-element-529d1a7b elementor-section-content-middle elementor-reverse-tablet elementor-reverse-mobile elementor-section-boxed elementor-section-height-default elementor-section-height-default\" data-id=\"529d1a7b\" data-element_type=\"section\" data-e-type=\"section\" data-settings=\"{&quot;background_background&quot;:&quot;classic&quot;}\">\n\t\t\t\t\t\t\t<div class=\"elementor-background-overlay\"><\/div>\n\t\t\t\t\t\t\t<div class=\"elementor-container elementor-column-gap-no\">\n\t\t\t\t\t<div class=\"elementor-column elementor-col-100 elementor-top-column elementor-element elementor-element-621c9146\" data-id=\"621c9146\" data-element_type=\"column\" data-e-type=\"column\">\n\t\t\t<div class=\"elementor-widget-wrap elementor-element-populated\">\n\t\t\t\t\t\t<section class=\"elementor-section elementor-inner-section elementor-element elementor-element-198e46ba elementor-section-boxed elementor-section-height-default elementor-section-height-default\" data-id=\"198e46ba\" data-element_type=\"section\" data-e-type=\"section\">\n\t\t\t\t\t\t<div class=\"elementor-container elementor-column-gap-default\">\n\t\t\t\t\t<div class=\"elementor-column elementor-col-100 elementor-inner-column elementor-element elementor-element-6d24c9a6\" data-id=\"6d24c9a6\" data-element_type=\"column\" data-e-type=\"column\">\n\t\t\t<div class=\"elementor-widget-wrap elementor-element-populated\">\n\t\t\t\t\t\t<div class=\"elementor-element elementor-element-1d19d9ee elementor-widget elementor-widget-heading\" data-id=\"1d19d9ee\" data-element_type=\"widget\" data-e-type=\"widget\" data-widget_type=\"heading.default\">\n\t\t\t\t<div class=\"elementor-widget-container\">\n\t\t\t\t\t<h3 class=\"elementor-heading-title elementor-size-default\">ARCHIVES Saison 2022-2023 <\/h3>\t\t\t\t<\/div>\n\t\t\t\t<\/div>\n\t\t\t\t\t<\/div>\n\t\t<\/div>\n\t\t\t\t\t<\/div>\n\t\t<\/section>\n\t\t\t\t<section class=\"elementor-section elementor-inner-section elementor-element elementor-element-cf9ff33 elementor-section-boxed elementor-section-height-default elementor-section-height-default\" data-id=\"cf9ff33\" data-element_type=\"section\" data-e-type=\"section\">\n\t\t\t\t\t\t<div class=\"elementor-container elementor-column-gap-default\">\n\t\t\t\t\t<div class=\"elementor-column elementor-col-100 elementor-inner-column elementor-element elementor-element-cf3744a\" data-id=\"cf3744a\" data-element_type=\"column\" data-e-type=\"column\">\n\t\t\t<div class=\"elementor-widget-wrap elementor-element-populated\">\n\t\t\t\t\t\t<div class=\"elementor-element elementor-element-9e00363 elementor-widget elementor-widget-text-editor\" data-id=\"9e00363\" data-element_type=\"widget\" data-e-type=\"widget\" data-widget_type=\"text-editor.default\">\n\t\t\t\t<div class=\"elementor-widget-container\">\n\t\t\t\t\t\t\t\t\t<p style=\"text-align: center;\"><b>Lundi 7 novembre 2022<\/b><\/p><p style=\"text-align: center;\">Les U6-U7-U8-U9 ont f\u00eat\u00e9 Halloween<\/p>\t\t\t\t\t\t\t\t<\/div>\n\t\t\t\t<\/div>\n\t\t\t\t\t<\/div>\n\t\t<\/div>\n\t\t\t\t\t<\/div>\n\t\t<\/section>\n\t\t\t\t<section class=\"elementor-section elementor-inner-section elementor-element elementor-element-6c5923d elementor-section-boxed elementor-section-height-default elementor-section-height-default\" data-id=\"6c5923d\" data-element_type=\"section\" data-e-type=\"section\">\n\t\t\t\t\t\t<div class=\"elementor-container elementor-column-gap-default\">\n\t\t\t\t\t<div class=\"elementor-column elementor-col-100 elementor-inner-column elementor-element elementor-element-c6dc0d6\" data-id=\"c6dc0d6\" data-element_type=\"column\" data-e-type=\"column\">\n\t\t\t<div class=\"elementor-widget-wrap elementor-element-populated\">\n\t\t\t\t\t\t<div class=\"elementor-element elementor-element-a3f8f01 elementor-widget__width-inherit elementor-widget elementor-widget-image\" data-id=\"a3f8f01\" data-element_type=\"widget\" data-e-type=\"widget\" data-widget_type=\"image.default\">\n\t\t\t\t<div class=\"elementor-widget-container\">\n\t\t\t\t\t\t\t\t\t\t\t\t\t\t\t<img fetchpriority=\"high\" decoding=\"async\" width=\"320\" height=\"452\" src=\"https:\/\/toufflers-af.fr\/wp-content\/uploads\/2023\/03\/Halloween-2022.jpg\" class=\"attachment-large size-large wp-image-1065\" alt=\"\" srcset=\"https:\/\/toufflers-af.fr\/wp-content\/uploads\/2023\/03\/Halloween-2022.jpg 320w, https:\/\/toufflers-af.fr\/wp-content\/uploads\/2023\/03\/Halloween-2022-212x300.jpg 212w\" sizes=\"(max-width: 320px) 100vw, 320px\" \/>\t\t\t\t\t\t\t\t\t\t\t\t\t\t\t<\/div>\n\t\t\t\t<\/div>\n\t\t\t\t\t<\/div>\n\t\t<\/div>\n\t\t\t\t\t<\/div>\n\t\t<\/section>\n\t\t\t\t<section class=\"elementor-section elementor-inner-section elementor-element elementor-element-117a9d3 elementor-section-boxed elementor-section-height-default elementor-section-height-default\" data-id=\"117a9d3\" data-element_type=\"section\" data-e-type=\"section\">\n\t\t\t\t\t\t<div class=\"elementor-container elementor-column-gap-default\">\n\t\t\t\t\t<div class=\"elementor-column elementor-col-50 elementor-inner-column elementor-element elementor-element-08e8417\" data-id=\"08e8417\" data-element_type=\"column\" data-e-type=\"column\">\n\t\t\t<div class=\"elementor-widget-wrap elementor-element-populated\">\n\t\t\t\t\t\t<div class=\"elementor-element elementor-element-69a870e elementor-widget-divider--view-line elementor-widget elementor-widget-divider\" data-id=\"69a870e\" data-element_type=\"widget\" data-e-type=\"widget\" data-widget_type=\"divider.default\">\n\t\t\t\t<div class=\"elementor-widget-container\">\n\t\t\t\t\t\t\t<div class=\"elementor-divider\">\n\t\t\t<span class=\"elementor-divider-separator\">\n\t\t\t\t\t\t<\/span>\n\t\t<\/div>\n\t\t\t\t\t\t<\/div>\n\t\t\t\t<\/div>\n\t\t\t\t<div class=\"elementor-element elementor-element-bb449f5 elementor-widget__width-auto elementor-view-default elementor-widget elementor-widget-icon\" data-id=\"bb449f5\" data-element_type=\"widget\" data-e-type=\"widget\" data-widget_type=\"icon.default\">\n\t\t\t\t<div class=\"elementor-widget-container\">\n\t\t\t\t\t\t\t<div class=\"elementor-icon-wrapper\">\n\t\t\t<div class=\"elementor-icon\">\n\t\t\t<i aria-hidden=\"true\" class=\"far fa-sad-cry\"><\/i>\t\t\t<\/div>\n\t\t<\/div>\n\t\t\t\t\t\t<\/div>\n\t\t\t\t<\/div>\n\t\t\t\t<div class=\"elementor-element elementor-element-43e1eb1 elementor-widget__width-auto elementor-widget elementor-widget-text-editor\" data-id=\"43e1eb1\" data-element_type=\"widget\" data-e-type=\"widget\" data-widget_type=\"text-editor.default\">\n\t\t\t\t<div class=\"elementor-widget-container\">\n\t\t\t\t\t\t\t\t\t<p style=\"text-align: center;\"><strong><span style=\"color: #ff0000;\">St\u00e9phane CATTEAU nous a quitt\u00e9&#8230;<\/span><\/strong><\/p>\t\t\t\t\t\t\t\t<\/div>\n\t\t\t\t<\/div>\n\t\t\t\t<div class=\"elementor-element elementor-element-202c38d elementor-widget elementor-widget-text-editor\" data-id=\"202c38d\" data-element_type=\"widget\" data-e-type=\"widget\" data-widget_type=\"text-editor.default\">\n\t\t\t\t<div class=\"elementor-widget-container\">\n\t\t\t\t\t\t\t\t\t<p style=\"text-align: left;\"><small><big>Nous avons le regret de vous annoncer le d\u00e9c\u00e8s tragique le 13 octobre 2022 \u00e0 l&rsquo;\u00e2ge de 42 ans de<\/big><br \/><\/small><big><strong>St\u00e9phane CATTEAU<\/strong>,\u00a0<\/big><b>p\u00e8re de Sohann<\/b>, notre jeune joueur U12, au comportement exemplaire et\u00a0<b>fr\u00e8re\u00a0<\/b>de nos 3 joueurs V\u00e9t\u00e9rans\u00a0<b>Ludovic, Elvis et Jean-Jacques (Nono)<\/b><br \/>Tous les membres du\u00a0<b>TAF\u00a0<\/b>pr\u00e9sentent leurs sinc\u00e8res condol\u00e9ances \u00e0 sa famille.<br \/>Toutes les \u00e9quipes du TAF respecteront\u00a0<b>une minute de silence<\/b>\u00a0\u00e0 chaque match de ce week-end,\u00a0<b>en hommage et en soutien \u00e0 la famille.<\/b><br \/>La c\u00e9r\u00e9monie religieuse des fun\u00e9railles aura lieu le\u00a0Mardi 18 octobre 2022 \u00e0 11 heures<br \/>en l&rsquo;\u00e9glise St Corneille \u00e0 Hem suivie<br \/>de l&rsquo;inhumation au cimeti\u00e8re d&rsquo;Hem.<br \/>Les personnes d\u00e9sirant apporter leur soutien \u00e0 la douleur de la famille sont pri\u00e9es de se mettre en contact avec les entra\u00eeneurs de Sohann ou des 3 fr\u00e8res de St\u00e9phane.<\/p>\t\t\t\t\t\t\t\t<\/div>\n\t\t\t\t<\/div>\n\t\t\t\t\t<\/div>\n\t\t<\/div>\n\t\t\t\t<div class=\"elementor-column elementor-col-50 elementor-inner-column elementor-element elementor-element-e622c85\" data-id=\"e622c85\" data-element_type=\"column\" data-e-type=\"column\">\n\t\t\t<div class=\"elementor-widget-wrap elementor-element-populated\">\n\t\t\t\t\t\t<div class=\"elementor-element elementor-element-574cf54 elementor-widget__width-inherit elementor-widget elementor-widget-image\" data-id=\"574cf54\" data-element_type=\"widget\" data-e-type=\"widget\" data-widget_type=\"image.default\">\n\t\t\t\t<div class=\"elementor-widget-container\">\n\t\t\t\t\t\t\t\t\t\t\t\t\t\t\t<img decoding=\"async\" width=\"432\" height=\"586\" src=\"https:\/\/toufflers-af.fr\/wp-content\/uploads\/2023\/03\/Condoleances-fleurs-et-colombes.jpg\" class=\"attachment-large size-large wp-image-1066\" alt=\"\" srcset=\"https:\/\/toufflers-af.fr\/wp-content\/uploads\/2023\/03\/Condoleances-fleurs-et-colombes.jpg 432w, https:\/\/toufflers-af.fr\/wp-content\/uploads\/2023\/03\/Condoleances-fleurs-et-colombes-221x300.jpg 221w\" sizes=\"(max-width: 432px) 100vw, 432px\" \/>\t\t\t\t\t\t\t\t\t\t\t\t\t\t\t<\/div>\n\t\t\t\t<\/div>\n\t\t\t\t\t<\/div>\n\t\t<\/div>\n\t\t\t\t\t<\/div>\n\t\t<\/section>\n\t\t\t\t<div class=\"elementor-element elementor-element-1b54ead elementor-widget-divider--view-line elementor-widget elementor-widget-divider\" data-id=\"1b54ead\" data-element_type=\"widget\" data-e-type=\"widget\" data-widget_type=\"divider.default\">\n\t\t\t\t<div class=\"elementor-widget-container\">\n\t\t\t\t\t\t\t<div class=\"elementor-divider\">\n\t\t\t<span class=\"elementor-divider-separator\">\n\t\t\t\t\t\t<\/span>\n\t\t<\/div>\n\t\t\t\t\t\t<\/div>\n\t\t\t\t<\/div>\n\t\t\t\t<div class=\"elementor-element elementor-element-e1afd73 elementor-widget elementor-widget-heading\" data-id=\"e1afd73\" data-element_type=\"widget\" data-e-type=\"widget\" data-widget_type=\"heading.default\">\n\t\t\t\t<div class=\"elementor-widget-container\">\n\t\t\t\t\t<h3 class=\"elementor-heading-title elementor-size-default\">ARCHIVES Saison 2021-2022<\/h3>\t\t\t\t<\/div>\n\t\t\t\t<\/div>\n\t\t\t\t<section class=\"elementor-section elementor-inner-section elementor-element elementor-element-a372244 elementor-section-boxed elementor-section-height-default elementor-section-height-default\" data-id=\"a372244\" data-element_type=\"section\" data-e-type=\"section\">\n\t\t\t\t\t\t<div class=\"elementor-container elementor-column-gap-default\">\n\t\t\t\t\t<div class=\"elementor-column elementor-col-50 elementor-inner-column elementor-element elementor-element-e82e888\" data-id=\"e82e888\" data-element_type=\"column\" data-e-type=\"column\">\n\t\t\t<div class=\"elementor-widget-wrap elementor-element-populated\">\n\t\t\t\t\t\t<div class=\"elementor-element elementor-element-69e27d1 elementor-widget__width-inherit elementor-widget elementor-widget-image\" data-id=\"69e27d1\" data-element_type=\"widget\" data-e-type=\"widget\" data-widget_type=\"image.default\">\n\t\t\t\t<div class=\"elementor-widget-container\">\n\t\t\t\t\t\t\t\t\t\t\t\t\t\t\t<img loading=\"lazy\" decoding=\"async\" width=\"386\" height=\"521\" src=\"https:\/\/toufflers-af.fr\/wp-content\/uploads\/2023\/03\/FLORENT-Marc.jpeg\" class=\"attachment-large size-large wp-image-1099\" alt=\"\" srcset=\"https:\/\/toufflers-af.fr\/wp-content\/uploads\/2023\/03\/FLORENT-Marc.jpeg 386w, https:\/\/toufflers-af.fr\/wp-content\/uploads\/2023\/03\/FLORENT-Marc-222x300.jpeg 222w\" sizes=\"(max-width: 386px) 100vw, 386px\" \/>\t\t\t\t\t\t\t\t\t\t\t\t\t\t\t<\/div>\n\t\t\t\t<\/div>\n\t\t\t\t\t<\/div>\n\t\t<\/div>\n\t\t\t\t<div class=\"elementor-column elementor-col-50 elementor-inner-column elementor-element elementor-element-235d734\" data-id=\"235d734\" data-element_type=\"column\" data-e-type=\"column\">\n\t\t\t<div class=\"elementor-widget-wrap elementor-element-populated\">\n\t\t\t\t\t\t<div class=\"elementor-element elementor-element-1a4dab3 elementor-widget-divider--view-line elementor-widget elementor-widget-divider\" data-id=\"1a4dab3\" data-element_type=\"widget\" data-e-type=\"widget\" data-widget_type=\"divider.default\">\n\t\t\t\t<div class=\"elementor-widget-container\">\n\t\t\t\t\t\t\t<div class=\"elementor-divider\">\n\t\t\t<span class=\"elementor-divider-separator\">\n\t\t\t\t\t\t<\/span>\n\t\t<\/div>\n\t\t\t\t\t\t<\/div>\n\t\t\t\t<\/div>\n\t\t\t\t<div class=\"elementor-element elementor-element-12c7a25 elementor-widget__width-auto elementor-view-default elementor-widget elementor-widget-icon\" data-id=\"12c7a25\" data-element_type=\"widget\" data-e-type=\"widget\" data-widget_type=\"icon.default\">\n\t\t\t\t<div class=\"elementor-widget-container\">\n\t\t\t\t\t\t\t<div class=\"elementor-icon-wrapper\">\n\t\t\t<div class=\"elementor-icon\">\n\t\t\t<i aria-hidden=\"true\" class=\"far fa-sad-cry\"><\/i>\t\t\t<\/div>\n\t\t<\/div>\n\t\t\t\t\t\t<\/div>\n\t\t\t\t<\/div>\n\t\t\t\t<div class=\"elementor-element elementor-element-a3df2b5 elementor-widget__width-auto elementor-widget elementor-widget-text-editor\" data-id=\"a3df2b5\" data-element_type=\"widget\" data-e-type=\"widget\" data-widget_type=\"text-editor.default\">\n\t\t\t\t<div class=\"elementor-widget-container\">\n\t\t\t\t\t\t\t\t\t<p style=\"text-align: center;\"><strong><span style=\"color: #ff0000;\">Marc FLORENT nous a quitt\u00e9 &#8230;<\/span><\/strong><\/p>\t\t\t\t\t\t\t\t<\/div>\n\t\t\t\t<\/div>\n\t\t\t\t<div class=\"elementor-element elementor-element-0ec35d7 elementor-widget elementor-widget-text-editor\" data-id=\"0ec35d7\" data-element_type=\"widget\" data-e-type=\"widget\" data-widget_type=\"text-editor.default\">\n\t\t\t\t<div class=\"elementor-widget-container\">\n\t\t\t\t\t\t\t\t\t<p style=\"text-align: left;\"><small><big>Notre Dirigeant <big><strong>Marc FLORENT <\/strong><\/big> est d\u00e9c\u00e9d\u00e9\nce mardi 10 Mai 2022 \u00e0 15h00 \u00e0 l&rsquo;h\u00f4pital\nOscar Lambret de Lille suite \u00e0 sa longue maladie\nPour ceux qui ne le connaissaient pas bien,\nIl \u00e9tait licenci\u00e9 au club depuis 2003,\nil a fait la touche pour l&rsquo;\u00e9quipe premi\u00e8re durant de nombreuses ann\u00e9es, il a particip\u00e9 de nombreuses fois aux d\u00e9placements en Italie comme dirigeant, il a notamment \u00e9t\u00e9 \u00ab\u00a0guide\u00a0\u00bb dans les visites. Il a \u00e9t\u00e9 soigneur au club, toujours pr\u00e9sent avec sa trousse \u00e0 pharmacie.\nDans sa jeunesse, il a \u00e9t\u00e9 joueur dans les clubs de la\nm\u00e9tropole et ensuite il a fait partie de l&rsquo;\u00e9quipe\ndes soigneurs des joueurs professionnels du LOSC\navant que ces derniers jouent au stade Pierre-Mauroy.<\/big><\/small>\nLe 11 mars 2022, il a f\u00eat\u00e9 ses 68 ans.\n<b>La c\u00e9bration de ses fun\u00e9railles aura\nle Samedi 14 Mai 2022 \u00e0 9h30\nen l&rsquo;Eglise Saint Luc \u00e0 Lys lez Lannoy.<\/b>\nIl sera ensuite conduit au cr\u00e9matorium de Wattrelos.<\/p>\t\t\t\t\t\t\t\t<\/div>\n\t\t\t\t<\/div>\n\t\t\t\t\t<\/div>\n\t\t<\/div>\n\t\t\t\t\t<\/div>\n\t\t<\/section>\n\t\t\t\t<section class=\"elementor-section elementor-inner-section elementor-element elementor-element-c74da86 elementor-section-boxed elementor-section-height-default elementor-section-height-default\" data-id=\"c74da86\" data-element_type=\"section\" data-e-type=\"section\">\n\t\t\t\t\t\t<div class=\"elementor-container elementor-column-gap-no\">\n\t\t\t\t\t<div class=\"elementor-column elementor-col-100 elementor-inner-column elementor-element elementor-element-d3f42e8\" data-id=\"d3f42e8\" data-element_type=\"column\" data-e-type=\"column\">\n\t\t\t<div class=\"elementor-widget-wrap elementor-element-populated\">\n\t\t\t\t\t\t<div class=\"elementor-element elementor-element-5ec1872 elementor-widget-divider--view-line elementor-widget elementor-widget-divider\" data-id=\"5ec1872\" data-element_type=\"widget\" data-e-type=\"widget\" data-widget_type=\"divider.default\">\n\t\t\t\t<div class=\"elementor-widget-container\">\n\t\t\t\t\t\t\t<div class=\"elementor-divider\">\n\t\t\t<span class=\"elementor-divider-separator\">\n\t\t\t\t\t\t<\/span>\n\t\t<\/div>\n\t\t\t\t\t\t<\/div>\n\t\t\t\t<\/div>\n\t\t\t\t<div class=\"elementor-element elementor-element-aea2159 elementor-widget elementor-widget-heading\" data-id=\"aea2159\" data-element_type=\"widget\" data-e-type=\"widget\" data-widget_type=\"heading.default\">\n\t\t\t\t<div class=\"elementor-widget-container\">\n\t\t\t\t\t<h4 class=\"elementor-heading-title elementor-size-default\"><big>Jeudi 26 Mai :<\/big> Challenge V\u00e9t\u00e9rans Marc FLORENT<\/h4>\t\t\t\t<\/div>\n\t\t\t\t<\/div>\n\t\t\t\t<div class=\"elementor-element elementor-element-5c4fba4 elementor-widget elementor-widget-text-editor\" data-id=\"5c4fba4\" data-element_type=\"widget\" data-e-type=\"widget\" data-widget_type=\"text-editor.default\">\n\t\t\t\t<div class=\"elementor-widget-container\">\n\t\t\t\t\t\t\t\t\t<div style=\"text-align: center;\"><p>Le <big><strong>Jeudi 26 Mai 2022<\/strong><\/big>, jour de l&rsquo;Ascension, le TAF organise le<br \/><big><strong>1er Challenge Marc FLORENT<\/strong><\/big>, tournoi r\u00e9serv\u00e9 aux V\u00e9t\u00e9rans<\/p><\/div>\t\t\t\t\t\t\t\t<\/div>\n\t\t\t\t<\/div>\n\t\t\t\t\t<\/div>\n\t\t<\/div>\n\t\t\t\t\t<\/div>\n\t\t<\/section>\n\t\t\t\t<section class=\"elementor-section elementor-inner-section elementor-element elementor-element-68f424e elementor-section-boxed elementor-section-height-default elementor-section-height-default\" data-id=\"68f424e\" data-element_type=\"section\" data-e-type=\"section\">\n\t\t\t\t\t\t<div class=\"elementor-container elementor-column-gap-no\">\n\t\t\t\t\t<div class=\"elementor-column elementor-col-100 elementor-inner-column elementor-element elementor-element-105bedf\" data-id=\"105bedf\" data-element_type=\"column\" data-e-type=\"column\">\n\t\t\t<div class=\"elementor-widget-wrap elementor-element-populated\">\n\t\t\t\t\t\t<div class=\"elementor-element elementor-element-0702bef elementor-widget elementor-widget-heading\" data-id=\"0702bef\" data-element_type=\"widget\" data-e-type=\"widget\" data-widget_type=\"heading.default\">\n\t\t\t\t<div class=\"elementor-widget-container\">\n\t\t\t\t\t<h4 class=\"elementor-heading-title elementor-size-default\"><b>En 2022<\/b>, nos  U11A  encha\u00eenent les victoires...<\/h4>\t\t\t\t<\/div>\n\t\t\t\t<\/div>\n\t\t\t\t<div class=\"elementor-element elementor-element-5252667 elementor-widget elementor-widget-text-editor\" data-id=\"5252667\" data-element_type=\"widget\" data-e-type=\"widget\" data-widget_type=\"text-editor.default\">\n\t\t\t\t<div class=\"elementor-widget-container\">\n\t\t\t\t\t\t\t\t\t<div style=\"text-align:center;\">\nL&rsquo;ann\u00e9e 2022 est une excellente ann\u00e9e pour nos U11A.\n\nEn championnat, phase 2 &#8211; niveau 1, l&rsquo;\u00e9quipe encha\u00eene les victoires.\nA ce jour, sur 5 matchs, une seule d\u00e9faite et le reste que des victoires !\n\nDurant cette ann\u00e9e 2022, nos U11A ont d\u00e9j\u00e0 particip\u00e9 \u00e0 3 tournois.\nEt \u00e0 chaque fois, ils ont termin\u00e9 sur le podium :\n\nEn f\u00e9vrier en salle, ils ont rat\u00e9 de peu la victoire en finale.\n\nA P\u00e2ques, nos U11A ont fait un long d\u00e9placement dans la r\u00e9gion de Bordeaux.\nApr\u00e8s un d\u00e9but difficile le samedi d\u00fb \u00e0 la fatigue du voyage,\nils ont encha\u00een\u00e9 que des victoires le dimanche et de ce fait ils ont r\u00e9ussi\nune nouvelle fois \u00e0 se hisser sur le podium en prenant la 3\u00e8me place du tournoi.\n\nCe dimanche 1er mai, \u00e0 Hem, nos U11A \u00e9taient motiv\u00e9s avec l&rsquo;envie de gagner\net d&rsquo;enfin r\u00e9ussir \u00e0 d\u00e9crocher le titre qui leur avait \u00e9chap\u00e9 aux 2 pr\u00e9c\u00e9dents tournois.\nEt ils ont r\u00e9ussi. Ils ont \u00e9t\u00e9 imbattables : 16 buts marqu\u00e9s pour un seul encaiss\u00e9.\nNotre gardien a \u00e9t\u00e9 de plus sacr\u00e9 meilleur gardien du tournoi de Hem.\n<br><b>Bravo encore \u00e0 nos U11 !<\/b><\/br>\n<br><b>Les week-end de l&rsquo;Ascension et de la Pentec\u00f4te, le TAF organise\ndes tournois et plateaux pour nos V\u00e9t\u00e9rans et toutes les cat\u00e9gories de Jeunes.<\/b><\/br><br>Toutes nos \u00e9quipes auront envies de faire de belles prestations.\nOn retrouvera nos U11A le dimanche 29 mai pour le challenge Marcel QUIQUE.\nNous sommes s\u00fbr que nos jeunes footballeurs auront toute la motivation pour faire\nhonneur \u00e0 notre ancien dirigeant qui a marqu\u00e9 de nombreuses ann\u00e9es l&rsquo;histoire du club.<\/br>\n\n<\/div>\t\t\t\t\t\t\t\t<\/div>\n\t\t\t\t<\/div>\n\t\t\t\t<div class=\"elementor-element elementor-element-97dce7b elementor-widget elementor-widget-gallery\" data-id=\"97dce7b\" data-element_type=\"widget\" data-e-type=\"widget\" data-settings=\"{&quot;columns&quot;:2,&quot;gap&quot;:{&quot;unit&quot;:&quot;px&quot;,&quot;size&quot;:5,&quot;sizes&quot;:[]},&quot;lazyload&quot;:&quot;yes&quot;,&quot;gallery_layout&quot;:&quot;grid&quot;,&quot;columns_tablet&quot;:2,&quot;columns_mobile&quot;:1,&quot;gap_tablet&quot;:{&quot;unit&quot;:&quot;px&quot;,&quot;size&quot;:10,&quot;sizes&quot;:[]},&quot;gap_mobile&quot;:{&quot;unit&quot;:&quot;px&quot;,&quot;size&quot;:10,&quot;sizes&quot;:[]},&quot;link_to&quot;:&quot;file&quot;,&quot;aspect_ratio&quot;:&quot;3:2&quot;,&quot;overlay_background&quot;:&quot;yes&quot;,&quot;content_hover_animation&quot;:&quot;fade-in&quot;}\" data-widget_type=\"gallery.default\">\n\t\t\t\t<div class=\"elementor-widget-container\">\n\t\t\t\t\t\t\t<div class=\"elementor-gallery__container\">\n\t\t\t\t\t\t\t<a class=\"e-gallery-item elementor-gallery-item elementor-animated-content\" href=\"https:\/\/toufflers-af.fr\/wp-content\/uploads\/2023\/03\/U11_Bordeaux_-Paques_-22_1.jpg\" data-elementor-open-lightbox=\"yes\" data-elementor-lightbox-slideshow=\"all-97dce7b\" data-elementor-lightbox-title=\"U11_Bordeaux_ Paques_ 22_1\" data-e-action-hash=\"#elementor-action%3Aaction%3Dlightbox%26settings%3DeyJpZCI6MTEzMywidXJsIjoiaHR0cHM6XC9cL3RvdWZmbGVycy1hZi5mclwvd3AtY29udGVudFwvdXBsb2Fkc1wvMjAyM1wvMDNcL1UxMV9Cb3JkZWF1eF8tUGFxdWVzXy0yMl8xLmpwZyIsInNsaWRlc2hvdyI6ImFsbC05N2RjZTdiIn0%3D\">\n\t\t\t\t\t<div class=\"e-gallery-image elementor-gallery-item__image\" data-thumbnail=\"https:\/\/toufflers-af.fr\/wp-content\/uploads\/2023\/03\/U11_Bordeaux_-Paques_-22_1.jpg\" data-width=\"537\" data-height=\"403\" alt=\"\" ><\/div>\n\t\t\t\t\t\t\t\t\t\t\t<div class=\"elementor-gallery-item__overlay\"><\/div>\n\t\t\t\t\t\t\t\t\t\t\t\t\t\t<\/a>\n\t\t\t\t\t\t\t<a class=\"e-gallery-item elementor-gallery-item elementor-animated-content\" href=\"https:\/\/toufflers-af.fr\/wp-content\/uploads\/2023\/03\/U11_Bordeaux_-Paques_-22_2.jpg\" data-elementor-open-lightbox=\"yes\" data-elementor-lightbox-slideshow=\"all-97dce7b\" data-elementor-lightbox-title=\"U11_Bordeaux_ Paques_ 22_2\" data-e-action-hash=\"#elementor-action%3Aaction%3Dlightbox%26settings%3DeyJpZCI6MTEzNCwidXJsIjoiaHR0cHM6XC9cL3RvdWZmbGVycy1hZi5mclwvd3AtY29udGVudFwvdXBsb2Fkc1wvMjAyM1wvMDNcL1UxMV9Cb3JkZWF1eF8tUGFxdWVzXy0yMl8yLmpwZyIsInNsaWRlc2hvdyI6ImFsbC05N2RjZTdiIn0%3D\">\n\t\t\t\t\t<div class=\"e-gallery-image elementor-gallery-item__image\" data-thumbnail=\"https:\/\/toufflers-af.fr\/wp-content\/uploads\/2023\/03\/U11_Bordeaux_-Paques_-22_2.jpg\" data-width=\"537\" data-height=\"403\" alt=\"\" ><\/div>\n\t\t\t\t\t\t\t\t\t\t\t<div class=\"elementor-gallery-item__overlay\"><\/div>\n\t\t\t\t\t\t\t\t\t\t\t\t\t\t<\/a>\n\t\t\t\t\t<\/div>\n\t\t\t\t\t<\/div>\n\t\t\t\t<\/div>\n\t\t\t\t<div class=\"elementor-element elementor-element-2d2f894 elementor-widget elementor-widget-heading\" data-id=\"2d2f894\" data-element_type=\"widget\" data-e-type=\"widget\" data-widget_type=\"heading.default\">\n\t\t\t\t<div class=\"elementor-widget-container\">\n\t\t\t\t\t<h4 class=\"elementor-heading-title elementor-size-medium\">Les U11A : 3\u00e8me du Tournoi \u00e0 Bordeaux - P\u00e2ques 2022<\/h4>\t\t\t\t<\/div>\n\t\t\t\t<\/div>\n\t\t\t\t<div class=\"elementor-element elementor-element-edff26f elementor-widget elementor-widget-gallery\" data-id=\"edff26f\" data-element_type=\"widget\" data-e-type=\"widget\" data-settings=\"{&quot;gallery_layout&quot;:&quot;justified&quot;,&quot;ideal_row_height&quot;:{&quot;unit&quot;:&quot;px&quot;,&quot;size&quot;:421,&quot;sizes&quot;:[]},&quot;gap&quot;:{&quot;unit&quot;:&quot;px&quot;,&quot;size&quot;:5,&quot;sizes&quot;:[]},&quot;lazyload&quot;:&quot;yes&quot;,&quot;ideal_row_height_tablet&quot;:{&quot;unit&quot;:&quot;px&quot;,&quot;size&quot;:150,&quot;sizes&quot;:[]},&quot;ideal_row_height_mobile&quot;:{&quot;unit&quot;:&quot;px&quot;,&quot;size&quot;:150,&quot;sizes&quot;:[]},&quot;gap_tablet&quot;:{&quot;unit&quot;:&quot;px&quot;,&quot;size&quot;:10,&quot;sizes&quot;:[]},&quot;gap_mobile&quot;:{&quot;unit&quot;:&quot;px&quot;,&quot;size&quot;:10,&quot;sizes&quot;:[]},&quot;link_to&quot;:&quot;file&quot;,&quot;overlay_background&quot;:&quot;yes&quot;,&quot;content_hover_animation&quot;:&quot;fade-in&quot;}\" data-widget_type=\"gallery.default\">\n\t\t\t\t<div class=\"elementor-widget-container\">\n\t\t\t\t\t\t\t<div class=\"elementor-gallery__container\">\n\t\t\t\t\t\t\t<a class=\"e-gallery-item elementor-gallery-item elementor-animated-content\" href=\"https:\/\/toufflers-af.fr\/wp-content\/uploads\/2023\/03\/U11-Vainqueueur-Tournoi-Hem-1.jpg\" data-elementor-open-lightbox=\"yes\" data-elementor-lightbox-slideshow=\"all-edff26f\" data-elementor-lightbox-title=\"U11 Vainqueueur Tournoi Hem 1\" data-e-action-hash=\"#elementor-action%3Aaction%3Dlightbox%26settings%3DeyJpZCI6MTEzOSwidXJsIjoiaHR0cHM6XC9cL3RvdWZmbGVycy1hZi5mclwvd3AtY29udGVudFwvdXBsb2Fkc1wvMjAyM1wvMDNcL1UxMS1WYWlucXVldWV1ci1Ub3Vybm9pLUhlbS0xLmpwZyIsInNsaWRlc2hvdyI6ImFsbC1lZGZmMjZmIn0%3D\">\n\t\t\t\t\t<div class=\"e-gallery-image elementor-gallery-item__image\" data-thumbnail=\"https:\/\/toufflers-af.fr\/wp-content\/uploads\/2023\/03\/U11-Vainqueueur-Tournoi-Hem-1.jpg\" data-width=\"428\" data-height=\"403\" alt=\"\" ><\/div>\n\t\t\t\t\t\t\t\t\t\t\t<div class=\"elementor-gallery-item__overlay\"><\/div>\n\t\t\t\t\t\t\t\t\t\t\t\t\t\t<\/a>\n\t\t\t\t\t\t\t<a class=\"e-gallery-item elementor-gallery-item elementor-animated-content\" href=\"https:\/\/toufflers-af.fr\/wp-content\/uploads\/2023\/03\/U11-Vainqueueur-Tournoi-Hem-2.jpg\" data-elementor-open-lightbox=\"yes\" data-elementor-lightbox-slideshow=\"all-edff26f\" data-elementor-lightbox-title=\"U11 Vainqueueur Tournoi Hem 2\" data-e-action-hash=\"#elementor-action%3Aaction%3Dlightbox%26settings%3DeyJpZCI6MTE0MSwidXJsIjoiaHR0cHM6XC9cL3RvdWZmbGVycy1hZi5mclwvd3AtY29udGVudFwvdXBsb2Fkc1wvMjAyM1wvMDNcL1UxMS1WYWlucXVldWV1ci1Ub3Vybm9pLUhlbS0yLmpwZyIsInNsaWRlc2hvdyI6ImFsbC1lZGZmMjZmIn0%3D\">\n\t\t\t\t\t<div class=\"e-gallery-image elementor-gallery-item__image\" data-thumbnail=\"https:\/\/toufflers-af.fr\/wp-content\/uploads\/2023\/03\/U11-Vainqueueur-Tournoi-Hem-2.jpg\" data-width=\"537\" data-height=\"403\" alt=\"\" ><\/div>\n\t\t\t\t\t\t\t\t\t\t\t<div class=\"elementor-gallery-item__overlay\"><\/div>\n\t\t\t\t\t\t\t\t\t\t\t\t\t\t<\/a>\n\t\t\t\t\t<\/div>\n\t\t\t\t\t<\/div>\n\t\t\t\t<\/div>\n\t\t\t\t<div class=\"elementor-element elementor-element-680215b elementor-widget elementor-widget-heading\" data-id=\"680215b\" data-element_type=\"widget\" data-e-type=\"widget\" data-widget_type=\"heading.default\">\n\t\t\t\t<div class=\"elementor-widget-container\">\n\t\t\t\t\t<h4 class=\"elementor-heading-title elementor-size-medium\">Les U11A : Vainqueur du Tournoi de Hem OL FC du dimanche 1er Mai 2022<\/h4>\t\t\t\t<\/div>\n\t\t\t\t<\/div>\n\t\t\t\t<div class=\"elementor-element elementor-element-eb52ea8 elementor-widget elementor-widget-heading\" data-id=\"eb52ea8\" data-element_type=\"widget\" data-e-type=\"widget\" data-widget_type=\"heading.default\">\n\t\t\t\t<div class=\"elementor-widget-container\">\n\t\t\t\t\t<h4 class=\"elementor-heading-title elementor-size-default\">2 U17 s\u00e9lectionn\u00e9s au Tournoi de LOS ANGELES<\/h4>\t\t\t\t<\/div>\n\t\t\t\t<\/div>\n\t\t\t\t<div class=\"elementor-element elementor-element-8d02888 elementor-view-stacked elementor-shape-circle elementor-widget elementor-widget-icon\" data-id=\"8d02888\" data-element_type=\"widget\" data-e-type=\"widget\" data-widget_type=\"icon.default\">\n\t\t\t\t<div class=\"elementor-widget-container\">\n\t\t\t\t\t\t\t<div class=\"elementor-icon-wrapper\">\n\t\t\t<div class=\"elementor-icon\">\n\t\t\t<i aria-hidden=\"true\" class=\"far fa-calendar-alt\"><\/i>\t\t\t<\/div>\n\t\t<\/div>\n\t\t\t\t\t\t<\/div>\n\t\t\t\t<\/div>\n\t\t\t\t<div class=\"elementor-element elementor-element-52584e2 elementor-widget elementor-widget-text-editor\" data-id=\"52584e2\" data-element_type=\"widget\" data-e-type=\"widget\" data-widget_type=\"text-editor.default\">\n\t\t\t\t<div class=\"elementor-widget-container\">\n\t\t\t\t\t\t\t\t\t lundi 20 d\u00e9cembre 2021\t\t\t\t\t\t\t\t<\/div>\n\t\t\t\t<\/div>\n\t\t\t\t<div class=\"elementor-element elementor-element-66288a3 elementor-widget elementor-widget-image\" data-id=\"66288a3\" data-element_type=\"widget\" data-e-type=\"widget\" data-widget_type=\"image.default\">\n\t\t\t\t<div class=\"elementor-widget-container\">\n\t\t\t\t\t\t\t\t\t\t\t\t\t\t\t<img loading=\"lazy\" decoding=\"async\" width=\"828\" height=\"828\" src=\"https:\/\/toufflers-af.fr\/wp-content\/uploads\/2023\/03\/Selection-pour-Los-Angeles.jpg\" class=\"attachment-large size-large wp-image-1150\" alt=\"\" srcset=\"https:\/\/toufflers-af.fr\/wp-content\/uploads\/2023\/03\/Selection-pour-Los-Angeles.jpg 828w, https:\/\/toufflers-af.fr\/wp-content\/uploads\/2023\/03\/Selection-pour-Los-Angeles-300x300.jpg 300w, https:\/\/toufflers-af.fr\/wp-content\/uploads\/2023\/03\/Selection-pour-Los-Angeles-150x150.jpg 150w, https:\/\/toufflers-af.fr\/wp-content\/uploads\/2023\/03\/Selection-pour-Los-Angeles-768x768.jpg 768w\" sizes=\"(max-width: 828px) 100vw, 828px\" \/>\t\t\t\t\t\t\t\t\t\t\t\t\t\t\t<\/div>\n\t\t\t\t<\/div>\n\t\t\t\t\t<\/div>\n\t\t<\/div>\n\t\t\t\t\t<\/div>\n\t\t<\/section>\n\t\t\t\t<div class=\"elementor-element elementor-element-1d5ed1a elementor-widget elementor-widget-heading\" data-id=\"1d5ed1a\" data-element_type=\"widget\" data-e-type=\"widget\" data-widget_type=\"heading.default\">\n\t\t\t\t<div class=\"elementor-widget-container\">\n\t\t\t\t\t<h3 class=\"elementor-heading-title elementor-size-default\">ARCHIVES Saison 2020-2021 <\/h3>\t\t\t\t<\/div>\n\t\t\t\t<\/div>\n\t\t\t\t<div class=\"elementor-element elementor-element-8068bd2 elementor-widget elementor-widget-heading\" data-id=\"8068bd2\" data-element_type=\"widget\" data-e-type=\"widget\" data-widget_type=\"heading.default\">\n\t\t\t\t<div class=\"elementor-widget-container\">\n\t\t\t\t\t<h3 class=\"elementor-heading-title elementor-size-medium\">Nos Babys (U4 et U5) ont repris l'entra\u00eenement !<\/h3>\t\t\t\t<\/div>\n\t\t\t\t<\/div>\n\t\t\t\t<div class=\"elementor-element elementor-element-0c4ffeb elementor-view-stacked elementor-shape-circle elementor-widget elementor-widget-icon\" data-id=\"0c4ffeb\" data-element_type=\"widget\" data-e-type=\"widget\" data-widget_type=\"icon.default\">\n\t\t\t\t<div class=\"elementor-widget-container\">\n\t\t\t\t\t\t\t<div class=\"elementor-icon-wrapper\">\n\t\t\t<div class=\"elementor-icon\">\n\t\t\t<i aria-hidden=\"true\" class=\"far fa-calendar-alt\"><\/i>\t\t\t<\/div>\n\t\t<\/div>\n\t\t\t\t\t\t<\/div>\n\t\t\t\t<\/div>\n\t\t\t\t<div class=\"elementor-element elementor-element-f981bd7 elementor-widget elementor-widget-text-editor\" data-id=\"f981bd7\" data-element_type=\"widget\" data-e-type=\"widget\" data-widget_type=\"text-editor.default\">\n\t\t\t\t<div class=\"elementor-widget-container\">\n\t\t\t\t\t\t\t\t\t mercredi 17 mars 2021\t\t\t\t\t\t\t\t<\/div>\n\t\t\t\t<\/div>\n\t\t\t\t<section class=\"elementor-section elementor-inner-section elementor-element elementor-element-f5f9f4a elementor-section-boxed elementor-section-height-default elementor-section-height-default\" data-id=\"f5f9f4a\" data-element_type=\"section\" data-e-type=\"section\">\n\t\t\t\t\t\t<div class=\"elementor-container elementor-column-gap-default\">\n\t\t\t\t\t<div class=\"elementor-column elementor-col-50 elementor-inner-column elementor-element elementor-element-2fd14d9\" data-id=\"2fd14d9\" data-element_type=\"column\" data-e-type=\"column\">\n\t\t\t<div class=\"elementor-widget-wrap elementor-element-populated\">\n\t\t\t\t\t\t<div class=\"elementor-element elementor-element-85ad2cb elementor-widget-divider--view-line elementor-widget elementor-widget-divider\" data-id=\"85ad2cb\" data-element_type=\"widget\" data-e-type=\"widget\" data-widget_type=\"divider.default\">\n\t\t\t\t<div class=\"elementor-widget-container\">\n\t\t\t\t\t\t\t<div class=\"elementor-divider\">\n\t\t\t<span class=\"elementor-divider-separator\">\n\t\t\t\t\t\t<\/span>\n\t\t<\/div>\n\t\t\t\t\t\t<\/div>\n\t\t\t\t<\/div>\n\t\t\t\t<div class=\"elementor-element elementor-element-ac9bf72 elementor-widget elementor-widget-text-editor\" data-id=\"ac9bf72\" data-element_type=\"widget\" data-e-type=\"widget\" data-widget_type=\"text-editor.default\">\n\t\t\t\t<div class=\"elementor-widget-container\">\n\t\t\t\t\t\t\t\t\t<div style=\"text-align: left;\">Apr\u00e8s une longue interruption d\u00fb \u00e0 l&rsquo;hiver\net la fermeture des salles,\nnos Babys-Foot <b>(joueurs U4 et U5)<\/b>\nont repris les entra\u00eenements en Ext\u00e9rieur,\nsur le terrain en herbe,\nle mercredi depuis le 17 mars.\nPour cet \u00e9v\u00eanement,nos petits \u00e9taient d\u00e9guis\u00e9s en cette p\u00e9riode de carnaval.Et maintenant,<b> tous les mercredis,\nde 10h30 \u00e0 11h40<\/b>, ils sont pr\u00e9sents.\n\nN&rsquo;ayant pas de consigne contraire,\nles entra\u00eenements continuent en avril\nm\u00eame durant la p\u00e9riode o\u00f9\nils ne vont pas \u00e0 l&rsquo;\u00e9cole.\n\n<\/div>\t\t\t\t\t\t\t\t<\/div>\n\t\t\t\t<\/div>\n\t\t\t\t\t<\/div>\n\t\t<\/div>\n\t\t\t\t<div class=\"elementor-column elementor-col-50 elementor-inner-column elementor-element elementor-element-346c0cb\" data-id=\"346c0cb\" data-element_type=\"column\" data-e-type=\"column\">\n\t\t\t<div class=\"elementor-widget-wrap elementor-element-populated\">\n\t\t\t\t\t\t<div class=\"elementor-element elementor-element-430df7b elementor-widget__width-inherit elementor-widget elementor-widget-image\" data-id=\"430df7b\" data-element_type=\"widget\" data-e-type=\"widget\" data-widget_type=\"image.default\">\n\t\t\t\t<div class=\"elementor-widget-container\">\n\t\t\t\t\t\t\t\t\t\t\t\t\t\t\t<img loading=\"lazy\" decoding=\"async\" width=\"667\" height=\"500\" src=\"https:\/\/toufflers-af.fr\/wp-content\/uploads\/2023\/03\/Reprise-des-Babys-17.03.21-2R.jpg\" class=\"attachment-medium_large size-medium_large wp-image-1161\" alt=\"\" srcset=\"https:\/\/toufflers-af.fr\/wp-content\/uploads\/2023\/03\/Reprise-des-Babys-17.03.21-2R.jpg 667w, https:\/\/toufflers-af.fr\/wp-content\/uploads\/2023\/03\/Reprise-des-Babys-17.03.21-2R-300x225.jpg 300w\" sizes=\"(max-width: 667px) 100vw, 667px\" \/>\t\t\t\t\t\t\t\t\t\t\t\t\t\t\t<\/div>\n\t\t\t\t<\/div>\n\t\t\t\t\t<\/div>\n\t\t<\/div>\n\t\t\t\t\t<\/div>\n\t\t<\/section>\n\t\t\t\t<div class=\"elementor-element elementor-element-e7245bb elementor-widget-divider--view-line elementor-widget elementor-widget-divider\" data-id=\"e7245bb\" data-element_type=\"widget\" data-e-type=\"widget\" data-widget_type=\"divider.default\">\n\t\t\t\t<div class=\"elementor-widget-container\">\n\t\t\t\t\t\t\t<div class=\"elementor-divider\">\n\t\t\t<span class=\"elementor-divider-separator\">\n\t\t\t\t\t\t<\/span>\n\t\t<\/div>\n\t\t\t\t\t\t<\/div>\n\t\t\t\t<\/div>\n\t\t\t\t<div class=\"elementor-element elementor-element-4a699e6 elementor-widget elementor-widget-heading\" data-id=\"4a699e6\" data-element_type=\"widget\" data-e-type=\"widget\" data-widget_type=\"heading.default\">\n\t\t\t\t<div class=\"elementor-widget-container\">\n\t\t\t\t\t<h3 class=\"elementor-heading-title elementor-size-medium\">Nos Babys (U4 et U5) ont repris l'entra\u00eenement !<\/h3>\t\t\t\t<\/div>\n\t\t\t\t<\/div>\n\t\t\t\t<div class=\"elementor-element elementor-element-1f2b4fe elementor-view-stacked elementor-shape-circle elementor-widget elementor-widget-icon\" data-id=\"1f2b4fe\" data-element_type=\"widget\" data-e-type=\"widget\" data-widget_type=\"icon.default\">\n\t\t\t\t<div class=\"elementor-widget-container\">\n\t\t\t\t\t\t\t<div class=\"elementor-icon-wrapper\">\n\t\t\t<div class=\"elementor-icon\">\n\t\t\t<i aria-hidden=\"true\" class=\"far fa-calendar-alt\"><\/i>\t\t\t<\/div>\n\t\t<\/div>\n\t\t\t\t\t\t<\/div>\n\t\t\t\t<\/div>\n\t\t\t\t<div class=\"elementor-element elementor-element-975f9d4 elementor-widget elementor-widget-text-editor\" data-id=\"975f9d4\" data-element_type=\"widget\" data-e-type=\"widget\" data-widget_type=\"text-editor.default\">\n\t\t\t\t<div class=\"elementor-widget-container\">\n\t\t\t\t\t\t\t\t\tdimanche 20 d\u00e9cembre 2020\t\t\t\t\t\t\t\t<\/div>\n\t\t\t\t<\/div>\n\t\t\t\t<div class=\"elementor-element elementor-element-2d18765 elementor-widget elementor-widget-text-editor\" data-id=\"2d18765\" data-element_type=\"widget\" data-e-type=\"widget\" data-widget_type=\"text-editor.default\">\n\t\t\t\t<div class=\"elementor-widget-container\">\n\t\t\t\t\t\t\t\t\t<div style=\"text-align: center;\">Les mesures sanitaires en vigueur sont :&lt;\/div 1. Les parents devront s&rsquo;assurer pr\u00e9alablement que leur enfant ne pr\u00e9sente pas de sympt\u00f4me \u00e9voquant le Covid \u00e0 l&rsquo;identique des pr\u00e9alables pour leur fr\u00e9quentation dans les \u00e9tablissements scolaires. Pour tout cas de Covid-19 d&rsquo;un licenci\u00e9 au club : informer le r\u00e9f\u00e9rent du TAF et interdiction de se pr\u00e9senter aux entra\u00eenements pendant la p\u00e9riode de positivit\u00e9. 2. <b>Seules les Joueurs et encadrants peuvent entrer<\/b> dans le stade ou la salle et doivent OBLIGATOIREMENT \u00eatre \u00ab\u00a0masqu\u00e9s\u00a0\u00bb (d\u00e8s l&rsquo;\u00e2ge de 6 ans : cat\u00e9gorie U7). 3. Les vestiaires ne sont pas disponibles aux joueurs. Il est demand\u00e9 de se pr\u00e9senter en tenue de foot avec son sac personnel * * Pr\u00e9voir : chaussures de rechange, bouteille d&rsquo;eau, serviette de toilette et dans la mesure du possible : masques suppl\u00e9mentaires et gel hydroalcoolique. 4. L&rsquo;entra\u00eeneur \u00e9tablit un listing de pr\u00e9sence pour chaque entra\u00eenement. Pas de brassage entre les groupes d&rsquo;entra\u00eenements et les autres associations. Les parents ne sont pas admis pendant les entra\u00eenements. 5. Les joueurs retirent leur masque sur le terrain que pendant leurs excercices.<b>Le virus n&rsquo;a pas disparu et la lutte contre sa transmission est l&rsquo;affaire de TOUS.<b><\/b> <\/b><\/div>\t\t\t\t\t\t\t\t<\/div>\n\t\t\t\t<\/div>\n\t\t\t\t<div class=\"elementor-element elementor-element-1457559 elementor-widget elementor-widget-heading\" data-id=\"1457559\" data-element_type=\"widget\" data-e-type=\"widget\" data-widget_type=\"heading.default\">\n\t\t\t\t<div class=\"elementor-widget-container\">\n\t\t\t\t\t<h3 class=\"elementor-heading-title elementor-size-medium\">Informations Coronavirus<\/h3>\t\t\t\t<\/div>\n\t\t\t\t<\/div>\n\t\t\t\t<div class=\"elementor-element elementor-element-7d05911 elementor-view-stacked elementor-shape-circle elementor-widget elementor-widget-icon\" data-id=\"7d05911\" data-element_type=\"widget\" data-e-type=\"widget\" data-widget_type=\"icon.default\">\n\t\t\t\t<div class=\"elementor-widget-container\">\n\t\t\t\t\t\t\t<div class=\"elementor-icon-wrapper\">\n\t\t\t<div class=\"elementor-icon\">\n\t\t\t<i aria-hidden=\"true\" class=\"far fa-calendar-alt\"><\/i>\t\t\t<\/div>\n\t\t<\/div>\n\t\t\t\t\t\t<\/div>\n\t\t\t\t<\/div>\n\t\t\t\t<div class=\"elementor-element elementor-element-3f9280c elementor-widget elementor-widget-text-editor\" data-id=\"3f9280c\" data-element_type=\"widget\" data-e-type=\"widget\" data-widget_type=\"text-editor.default\">\n\t\t\t\t<div class=\"elementor-widget-container\">\n\t\t\t\t\t\t\t\t\t jeudi 8 octobre 2020\t\t\t\t\t\t\t\t<\/div>\n\t\t\t\t<\/div>\n\t\t\t\t<div class=\"elementor-element elementor-element-c7e9b8d elementor-widget elementor-widget-text-editor\" data-id=\"c7e9b8d\" data-element_type=\"widget\" data-e-type=\"widget\" data-widget_type=\"text-editor.default\">\n\t\t\t\t<div class=\"elementor-widget-container\">\n\t\t\t\t\t\t\t\t\t<div style=\"text-align: center;\"><b>Un r\u00e9f\u00e9rent Covid-19<\/b> a \u00e9t\u00e9 nomm\u00e9 dans chaque club et association de France.\nCe dernier a pour but de faire respecter les consignes sanitaires\ndans son association et de remonter les cas positifs au covid-19\nau pr\u00e8s de l&rsquo;ARS (Agence R\u00e9gionale de la Sant\u00e9).\nAu TAF, le r\u00e9f\u00e9rent Covid-19 est\nEmmanuel HUART (06 71 44 09 97) et son suppl\u00e9ant est Francis PICHON\n<br><spam style=\"color:#98071b;\">\nToute personne du Club (licenci\u00e9, parent ou sa famille)\nqui est d\u00e9clar\u00e9 POSITIF au test du Coronavirus\ndoit se signaler IMMEDIATEMENT\nau R\u00e9f\u00e9rent Covid-19 du club.<\/spam><\/br>\n<\/b><\/div>\t\t\t\t\t\t\t\t<\/div>\n\t\t\t\t<\/div>\n\t\t\t\t<div class=\"elementor-element elementor-element-4292da0 elementor-widget elementor-widget-heading\" data-id=\"4292da0\" data-element_type=\"widget\" data-e-type=\"widget\" data-widget_type=\"heading.default\">\n\t\t\t\t<div class=\"elementor-widget-container\">\n\t\t\t\t\t<h3 class=\"elementor-heading-title elementor-size-medium\">\nOn pr\u00e9pare la Saison 2021-2022 d\u00e8s aujourd'hui<\/h3>\t\t\t\t<\/div>\n\t\t\t\t<\/div>\n\t\t\t\t<div class=\"elementor-element elementor-element-188f63f elementor-view-stacked elementor-shape-circle elementor-widget elementor-widget-icon\" data-id=\"188f63f\" data-element_type=\"widget\" data-e-type=\"widget\" data-widget_type=\"icon.default\">\n\t\t\t\t<div class=\"elementor-widget-container\">\n\t\t\t\t\t\t\t<div class=\"elementor-icon-wrapper\">\n\t\t\t<div class=\"elementor-icon\">\n\t\t\t<i aria-hidden=\"true\" class=\"far fa-calendar-alt\"><\/i>\t\t\t<\/div>\n\t\t<\/div>\n\t\t\t\t\t\t<\/div>\n\t\t\t\t<\/div>\n\t\t\t\t<div class=\"elementor-element elementor-element-4e9e67c elementor-widget elementor-widget-text-editor\" data-id=\"4e9e67c\" data-element_type=\"widget\" data-e-type=\"widget\" data-widget_type=\"text-editor.default\">\n\t\t\t\t<div class=\"elementor-widget-container\">\n\t\t\t\t\t\t\t\t\tsamedi 27 f\u00e9vrier 2021\t\t\t\t\t\t\t\t<\/div>\n\t\t\t\t<\/div>\n\t\t\t\t<div class=\"elementor-element elementor-element-86e7992 elementor-widget elementor-widget-image\" data-id=\"86e7992\" data-element_type=\"widget\" data-e-type=\"widget\" data-widget_type=\"image.default\">\n\t\t\t\t<div class=\"elementor-widget-container\">\n\t\t\t\t\t\t\t\t\t\t\t\t\t\t\t<img loading=\"lazy\" decoding=\"async\" width=\"707\" height=\"361\" src=\"https:\/\/toufflers-af.fr\/wp-content\/uploads\/2023\/03\/Recherche_Educateurs_S21-22.jpg\" class=\"attachment-large size-large wp-image-1184\" alt=\"\" srcset=\"https:\/\/toufflers-af.fr\/wp-content\/uploads\/2023\/03\/Recherche_Educateurs_S21-22.jpg 707w, https:\/\/toufflers-af.fr\/wp-content\/uploads\/2023\/03\/Recherche_Educateurs_S21-22-300x153.jpg 300w\" sizes=\"(max-width: 707px) 100vw, 707px\" \/>\t\t\t\t\t\t\t\t\t\t\t\t\t\t\t<\/div>\n\t\t\t\t<\/div>\n\t\t\t\t<section class=\"elementor-section elementor-inner-section elementor-element elementor-element-63133a5 elementor-section-boxed elementor-section-height-default elementor-section-height-default\" data-id=\"63133a5\" data-element_type=\"section\" data-e-type=\"section\">\n\t\t\t\t\t\t<div class=\"elementor-container elementor-column-gap-default\">\n\t\t\t\t\t<div class=\"elementor-column elementor-col-50 elementor-inner-column elementor-element elementor-element-9394001\" data-id=\"9394001\" data-element_type=\"column\" data-e-type=\"column\">\n\t\t\t<div class=\"elementor-widget-wrap elementor-element-populated\">\n\t\t\t\t\t\t<div class=\"elementor-element elementor-element-86b4ece elementor-widget__width-inherit elementor-widget elementor-widget-image\" data-id=\"86b4ece\" data-element_type=\"widget\" data-e-type=\"widget\" data-widget_type=\"image.default\">\n\t\t\t\t<div class=\"elementor-widget-container\">\n\t\t\t\t\t\t\t\t\t\t\t\t\t\t\t<img loading=\"lazy\" decoding=\"async\" width=\"217\" height=\"296\" src=\"https:\/\/toufflers-af.fr\/wp-content\/uploads\/2023\/03\/DROWART-Rene.jpg\" class=\"attachment-large size-large wp-image-1191\" alt=\"\" \/>\t\t\t\t\t\t\t\t\t\t\t\t\t\t\t<\/div>\n\t\t\t\t<\/div>\n\t\t\t\t\t<\/div>\n\t\t<\/div>\n\t\t\t\t<div class=\"elementor-column elementor-col-50 elementor-inner-column elementor-element elementor-element-8e43233\" data-id=\"8e43233\" data-element_type=\"column\" data-e-type=\"column\">\n\t\t\t<div class=\"elementor-widget-wrap elementor-element-populated\">\n\t\t\t\t\t\t<div class=\"elementor-element elementor-element-7b4f64e elementor-widget-divider--view-line elementor-widget elementor-widget-divider\" data-id=\"7b4f64e\" data-element_type=\"widget\" data-e-type=\"widget\" data-widget_type=\"divider.default\">\n\t\t\t\t<div class=\"elementor-widget-container\">\n\t\t\t\t\t\t\t<div class=\"elementor-divider\">\n\t\t\t<span class=\"elementor-divider-separator\">\n\t\t\t\t\t\t<\/span>\n\t\t<\/div>\n\t\t\t\t\t\t<\/div>\n\t\t\t\t<\/div>\n\t\t\t\t<div class=\"elementor-element elementor-element-3c0aa99 elementor-widget__width-auto elementor-view-default elementor-widget elementor-widget-icon\" data-id=\"3c0aa99\" data-element_type=\"widget\" data-e-type=\"widget\" data-widget_type=\"icon.default\">\n\t\t\t\t<div class=\"elementor-widget-container\">\n\t\t\t\t\t\t\t<div class=\"elementor-icon-wrapper\">\n\t\t\t<div class=\"elementor-icon\">\n\t\t\t<i aria-hidden=\"true\" class=\"far fa-sad-cry\"><\/i>\t\t\t<\/div>\n\t\t<\/div>\n\t\t\t\t\t\t<\/div>\n\t\t\t\t<\/div>\n\t\t\t\t<div class=\"elementor-element elementor-element-7c7ef67 elementor-widget__width-auto elementor-widget elementor-widget-text-editor\" data-id=\"7c7ef67\" data-element_type=\"widget\" data-e-type=\"widget\" data-widget_type=\"text-editor.default\">\n\t\t\t\t<div class=\"elementor-widget-container\">\n\t\t\t\t\t\t\t\t\t<p style=\"text-align: center;\"><strong><span style=\"color: #ff0000;\">Monsieur Ren\u00e9 DROWART nous a quitt\u00e9&#8230;<\/span><\/strong><\/p>\t\t\t\t\t\t\t\t<\/div>\n\t\t\t\t<\/div>\n\t\t\t\t<div class=\"elementor-element elementor-element-d6129d2 elementor-widget elementor-widget-text-editor\" data-id=\"d6129d2\" data-element_type=\"widget\" data-e-type=\"widget\" data-widget_type=\"text-editor.default\">\n\t\t\t\t<div class=\"elementor-widget-container\">\n\t\t\t\t\t\t\t\t\t<div style=\"text-align: center;\">C&rsquo;est avec beaucoup d&rsquo;\u00e9motions et de tristesses que nous avons appris le d\u00e9c\u00e8s de <b>Ren\u00e9 Drowart<\/b>, survenu dans la nuit du samedi 5 au dimanche 6 d\u00e9cembre 2020 pendant son sommeil.\n<br>Il \u00e9tait ag\u00e9 de 77 ans.\nNous lui sommes tr\u00e8s reconnaissants pour\nl&rsquo;ensemble de son \u0153uvre pour le club.<\/br>\n\n<br>Il a \u00e9t\u00e9 tr\u00e9sorier adjoint du club en septembre 1980 et\ntr\u00e9sorier principal du 3 juin 1983 jusqu&rsquo;au 2 juin 1995\no\u00f9 il a pris la pr\u00e9sidence pendant un an en croisant\nles postes avec Mr Patrick Tiberghien l&rsquo;actuel adjoint\n\u00e0 Mr le Maire et responsable des sports de la commune.<\/br>\n\n<br>L&rsquo;ensemble du club pr\u00e9sente toutes ses condol\u00e9ances\n\u00e0 la famille ainsi qu&rsquo;\u00e0 ses proches.<\/br>\n<br>Toutes nos pens\u00e9es vont particuli\u00e8rement \u00e0 Annie,\nson \u00e9pouse, et \u00e0 ses 2 fils.<\/br>\n<\/div>\t\t\t\t\t\t\t\t<\/div>\n\t\t\t\t<\/div>\n\t\t\t\t\t<\/div>\n\t\t<\/div>\n\t\t\t\t\t<\/div>\n\t\t<\/section>\n\t\t\t\t<div class=\"elementor-element elementor-element-e503496 elementor-widget-divider--view-line elementor-widget elementor-widget-divider\" data-id=\"e503496\" data-element_type=\"widget\" data-e-type=\"widget\" data-widget_type=\"divider.default\">\n\t\t\t\t<div class=\"elementor-widget-container\">\n\t\t\t\t\t\t\t<div class=\"elementor-divider\">\n\t\t\t<span class=\"elementor-divider-separator\">\n\t\t\t\t\t\t<\/span>\n\t\t<\/div>\n\t\t\t\t\t\t<\/div>\n\t\t\t\t<\/div>\n\t\t\t\t<div class=\"elementor-element elementor-element-b98dbf5 elementor-widget elementor-widget-heading\" data-id=\"b98dbf5\" data-element_type=\"widget\" data-e-type=\"widget\" data-widget_type=\"heading.default\">\n\t\t\t\t<div class=\"elementor-widget-container\">\n\t\t\t\t\t<h3 class=\"elementor-heading-title elementor-size-medium\"> Remerciement pour les op\u00e9rations extra-foot<\/h3>\t\t\t\t<\/div>\n\t\t\t\t<\/div>\n\t\t\t\t<div class=\"elementor-element elementor-element-1591aeb elementor-view-stacked elementor-shape-circle elementor-widget elementor-widget-icon\" data-id=\"1591aeb\" data-element_type=\"widget\" data-e-type=\"widget\" data-widget_type=\"icon.default\">\n\t\t\t\t<div class=\"elementor-widget-container\">\n\t\t\t\t\t\t\t<div class=\"elementor-icon-wrapper\">\n\t\t\t<div class=\"elementor-icon\">\n\t\t\t<i aria-hidden=\"true\" class=\"far fa-calendar-alt\"><\/i>\t\t\t<\/div>\n\t\t<\/div>\n\t\t\t\t\t\t<\/div>\n\t\t\t\t<\/div>\n\t\t\t\t<div class=\"elementor-element elementor-element-c075f7a elementor-widget elementor-widget-text-editor\" data-id=\"c075f7a\" data-element_type=\"widget\" data-e-type=\"widget\" data-widget_type=\"text-editor.default\">\n\t\t\t\t<div class=\"elementor-widget-container\">\n\t\t\t\t\t\t\t\t\tdimanche 29 novembre 2020\t\t\t\t\t\t\t\t<\/div>\n\t\t\t\t<\/div>\n\t\t\t\t<div class=\"elementor-element elementor-element-9b76ed6 elementor-widget elementor-widget-text-editor\" data-id=\"9b76ed6\" data-element_type=\"widget\" data-e-type=\"widget\" data-widget_type=\"text-editor.default\">\n\t\t\t\t<div class=\"elementor-widget-container\">\n\t\t\t\t\t\t\t\t\t<div style=\"text-align: center;\">Les calendriers 2021 avec les photos des enfants en tenue du TAF et ayant pr\u00e9sent\u00e9e\nleur activit\u00e9 physique pendant le confinement sont en cours de r\u00e9alisation.\nNous remercions toutes les familles nous ayant transmis leur reportage.\nNous remercions \u00e9galement toutes les personnes ayant particip\u00e9es\nce samedi 28 novembre aux 2 autres activit\u00e9s :\nLa \u00ab\u00a0collecte des denr\u00e9es alimentaires\u00a0\u00bb et \u00ab\u00a0N&rsquo;\u00e9ttoie ton km\u00a0\u00bb<\/div>\t\t\t\t\t\t\t\t<\/div>\n\t\t\t\t<\/div>\n\t\t\t\t<div class=\"elementor-element elementor-element-ce38cf5 elementor-widget elementor-widget-heading\" data-id=\"ce38cf5\" data-element_type=\"widget\" data-e-type=\"widget\" data-widget_type=\"heading.default\">\n\t\t\t\t<div class=\"elementor-widget-container\">\n\t\t\t\t\t<h3 class=\"elementor-heading-title elementor-size-medium\">Les Mesures Sanitaires pr\u00e9vues pour les matchs<\/h3>\t\t\t\t<\/div>\n\t\t\t\t<\/div>\n\t\t\t\t<div class=\"elementor-element elementor-element-a582357 elementor-view-stacked elementor-shape-circle elementor-widget elementor-widget-icon\" data-id=\"a582357\" data-element_type=\"widget\" data-e-type=\"widget\" data-widget_type=\"icon.default\">\n\t\t\t\t<div class=\"elementor-widget-container\">\n\t\t\t\t\t\t\t<div class=\"elementor-icon-wrapper\">\n\t\t\t<div class=\"elementor-icon\">\n\t\t\t<i aria-hidden=\"true\" class=\"far fa-calendar-alt\"><\/i>\t\t\t<\/div>\n\t\t<\/div>\n\t\t\t\t\t\t<\/div>\n\t\t\t\t<\/div>\n\t\t\t\t<div class=\"elementor-element elementor-element-1d1b71b elementor-widget elementor-widget-text-editor\" data-id=\"1d1b71b\" data-element_type=\"widget\" data-e-type=\"widget\" data-widget_type=\"text-editor.default\">\n\t\t\t\t<div class=\"elementor-widget-container\">\n\t\t\t\t\t\t\t\t\tdimanche 29 novembre 2020\t\t\t\t\t\t\t\t<\/div>\n\t\t\t\t<\/div>\n\t\t\t\t<div class=\"elementor-element elementor-element-56a999d elementor-widget elementor-widget-text-editor\" data-id=\"56a999d\" data-element_type=\"widget\" data-e-type=\"widget\" data-widget_type=\"text-editor.default\">\n\t\t\t\t<div class=\"elementor-widget-container\">\n\t\t\t\t\t\t\t\t\t<div style=\"text-align: center;\"><big><strong>Dans le Stade :\n\n<br>Masque OBLIGATOIRE pour TOUS<\/br><\/strong><\/big>\n<br>(\u00e0 partir de l&rsquo;\u00e2ge de 6 ans)<\/br>\n<br>(sont exempt\u00e9s les joueurs et arbitres que pendant la rencontre)<\/br>\n<br><b>Les spectateurs doivent respecter une distanciation minimum\nd&rsquo;un m\u00e8tre entre les groupes constitu\u00e9s<\/b><\/br>\n<br>(famille, amis, &#8230; avec un maximun de 6 personnes par groupe).<\/br>\n\n\n\n\n\n<\/div>\t\t\t\t\t\t\t\t<\/div>\n\t\t\t\t<\/div>\n\t\t\t\t<div class=\"elementor-element elementor-element-146df9d elementor-widget elementor-widget-heading\" data-id=\"146df9d\" data-element_type=\"widget\" data-e-type=\"widget\" data-widget_type=\"heading.default\">\n\t\t\t\t<div class=\"elementor-widget-container\">\n\t\t\t\t\t<h3 class=\"elementor-heading-title elementor-size-medium\">Coupe de France du 30 ao\u00fbt 2020<\/h3>\t\t\t\t<\/div>\n\t\t\t\t<\/div>\n\t\t\t\t<div class=\"elementor-element elementor-element-abc451f elementor-view-stacked elementor-shape-circle elementor-widget elementor-widget-icon\" data-id=\"abc451f\" data-element_type=\"widget\" data-e-type=\"widget\" data-widget_type=\"icon.default\">\n\t\t\t\t<div class=\"elementor-widget-container\">\n\t\t\t\t\t\t\t<div class=\"elementor-icon-wrapper\">\n\t\t\t<div class=\"elementor-icon\">\n\t\t\t<i aria-hidden=\"true\" class=\"far fa-calendar-alt\"><\/i>\t\t\t<\/div>\n\t\t<\/div>\n\t\t\t\t\t\t<\/div>\n\t\t\t\t<\/div>\n\t\t\t\t<div class=\"elementor-element elementor-element-a631232 elementor-widget elementor-widget-text-editor\" data-id=\"a631232\" data-element_type=\"widget\" data-e-type=\"widget\" data-widget_type=\"text-editor.default\">\n\t\t\t\t<div class=\"elementor-widget-container\">\n\t\t\t\t\t\t\t\t\t mercredi 2 septembre 2020\t\t\t\t\t\t\t\t<\/div>\n\t\t\t\t<\/div>\n\t\t\t\t<div class=\"elementor-element elementor-element-e01c0fe elementor-widget elementor-widget-image\" data-id=\"e01c0fe\" data-element_type=\"widget\" data-e-type=\"widget\" data-widget_type=\"image.default\">\n\t\t\t\t<div class=\"elementor-widget-container\">\n\t\t\t\t\t\t\t\t\t\t\t\t\t\t\t<img loading=\"lazy\" decoding=\"async\" width=\"1024\" height=\"538\" src=\"https:\/\/toufflers-af.fr\/wp-content\/uploads\/2023\/03\/Cpe-France-Tour-1-30.08.20-1024x538.jpg\" class=\"attachment-large size-large wp-image-1209\" alt=\"\" srcset=\"https:\/\/toufflers-af.fr\/wp-content\/uploads\/2023\/03\/Cpe-France-Tour-1-30.08.20-1024x538.jpg 1024w, https:\/\/toufflers-af.fr\/wp-content\/uploads\/2023\/03\/Cpe-France-Tour-1-30.08.20-300x158.jpg 300w, https:\/\/toufflers-af.fr\/wp-content\/uploads\/2023\/03\/Cpe-France-Tour-1-30.08.20-768x403.jpg 768w, https:\/\/toufflers-af.fr\/wp-content\/uploads\/2023\/03\/Cpe-France-Tour-1-30.08.20.jpg 1200w\" sizes=\"(max-width: 1024px) 100vw, 1024px\" \/>\t\t\t\t\t\t\t\t\t\t\t\t\t\t\t<\/div>\n\t\t\t\t<\/div>\n\t\t\t\t<div class=\"elementor-element elementor-element-7efde04 elementor-widget elementor-widget-text-editor\" data-id=\"7efde04\" data-element_type=\"widget\" data-e-type=\"widget\" data-widget_type=\"text-editor.default\">\n\t\t\t\t<div class=\"elementor-widget-container\">\n\t\t\t\t\t\t\t\t\t<div style=\"text-align: center;\"><br>Le Dimanche 30 ao\u00fbt a eu lieu le 1er Tour de la Coupe de France.<\/br>\n<br>Nos Seniors du dimanche apr\u00e8s-midi recevait Neuville en Ferrain<\/br>\n<br>Ce match fut \u00e9galement le premier de la saison \u00e0 Toufflers 2020-2021.\nNous remercions toutes les personnes qui ont oeuvr\u00e9 \u00e0 la bonne organisation\nde cette rencontre malgr\u00e9 les contraintes d\u00fb au crise sanitaire\nque l&rsquo;on vit au quotidien en ce moment.<\/br>\n<br><b>F\u00e9licitons<\/b> \u00e9galement nos joueurs qui ont su rivaliser avec leur adversaires\nqui \u00e9voluent 3 divisions sup\u00e9rieures. La victoire est rest\u00e9e ind\u00e9cieuse\njusqu&rsquo;au bout. Malheureusement le manque de r\u00e9ussite et la malchance\nont fait que notre \u00e9quipe s&rsquo;est inclin\u00e9e 2 \u00e0 0.\nPlace maintenant au Championnat qui commence ce 13 septembre\n\u00e0 Houplin en esp\u00e9rant que la mont\u00e9e, rat\u00e9e de tr\u00e8s peu la saison derni\u00e8re,\nsera pour cette fois-ci.<\/br>\n\n<\/div>\t\t\t\t\t\t\t\t<\/div>\n\t\t\t\t<\/div>\n\t\t\t\t<div class=\"elementor-element elementor-element-4e3bca9 elementor-widget elementor-widget-heading\" data-id=\"4e3bca9\" data-element_type=\"widget\" data-e-type=\"widget\" data-widget_type=\"heading.default\">\n\t\t\t\t<div class=\"elementor-widget-container\">\n\t\t\t\t\t<h3 class=\"elementor-heading-title elementor-size-medium\">Le mot du Pr\u00e9sident...<\/h3>\t\t\t\t<\/div>\n\t\t\t\t<\/div>\n\t\t\t\t<div class=\"elementor-element elementor-element-87c3fd0 elementor-view-stacked elementor-shape-circle elementor-widget elementor-widget-icon\" data-id=\"87c3fd0\" data-element_type=\"widget\" data-e-type=\"widget\" data-widget_type=\"icon.default\">\n\t\t\t\t<div class=\"elementor-widget-container\">\n\t\t\t\t\t\t\t<div class=\"elementor-icon-wrapper\">\n\t\t\t<div class=\"elementor-icon\">\n\t\t\t<i aria-hidden=\"true\" class=\"far fa-calendar-alt\"><\/i>\t\t\t<\/div>\n\t\t<\/div>\n\t\t\t\t\t\t<\/div>\n\t\t\t\t<\/div>\n\t\t\t\t<div class=\"elementor-element elementor-element-adf9706 elementor-widget elementor-widget-text-editor\" data-id=\"adf9706\" data-element_type=\"widget\" data-e-type=\"widget\" data-widget_type=\"text-editor.default\">\n\t\t\t\t<div class=\"elementor-widget-container\">\n\t\t\t\t\t\t\t\t\t samedi 15 ao\u00fbt 2020\t\t\t\t\t\t\t\t<\/div>\n\t\t\t\t<\/div>\n\t\t\t\t<div class=\"elementor-element elementor-element-eabe051 elementor-widget elementor-widget-text-editor\" data-id=\"eabe051\" data-element_type=\"widget\" data-e-type=\"widget\" data-widget_type=\"text-editor.default\">\n\t\t\t\t<div class=\"elementor-widget-container\">\n\t\t\t\t\t\t\t\t\t<div style=\"text-align: center;\">\n<br><b>Bonjour \u00e0 tous<\/b>,<\/br>\n<br>Une nouvelle saison commence. Je tenais \u00e0 souhaiter la bienvenue\naux nouveaux adh\u00e9rents et heureux de revoir les anciens.\nL&rsquo;ensemble du comit\u00e9 directeur et des \u00e9ducateurs mettront tout en \u0153uvre\nafin que cette saison soit remplie de joie avec de nombreuses victoires\net des moments de convivialit\u00e9.\nAllez le TAF&#8230;\nEmmanuel HUART, Pr\u00e9sident du Toufflers Athl\u00e9tic Football<\/br>\n\n\n\n\n\n\n<\/div>\t\t\t\t\t\t\t\t<\/div>\n\t\t\t\t<\/div>\n\t\t\t\t<div class=\"elementor-element elementor-element-3b08ae8 elementor-widget elementor-widget-heading\" data-id=\"3b08ae8\" data-element_type=\"widget\" data-e-type=\"widget\" data-widget_type=\"heading.default\">\n\t\t\t\t<div class=\"elementor-widget-container\">\n\t\t\t\t\t<h3 class=\"elementor-heading-title elementor-size-default\">ARCHIVES Saison 2019-2020<\/h3>\t\t\t\t<\/div>\n\t\t\t\t<\/div>\n\t\t\t\t<div class=\"elementor-element elementor-element-c3755f9 elementor-widget elementor-widget-heading\" data-id=\"c3755f9\" data-element_type=\"widget\" data-e-type=\"widget\" data-widget_type=\"heading.default\">\n\t\t\t\t<div class=\"elementor-widget-container\">\n\t\t\t\t\t<h3 class=\"elementor-heading-title elementor-size-medium\">U13 &gt; Dernier Tournoi en Salle<\/h3>\t\t\t\t<\/div>\n\t\t\t\t<\/div>\n\t\t\t\t<div class=\"elementor-element elementor-element-6f28704 elementor-view-stacked elementor-shape-circle elementor-widget elementor-widget-icon\" data-id=\"6f28704\" data-element_type=\"widget\" data-e-type=\"widget\" data-widget_type=\"icon.default\">\n\t\t\t\t<div class=\"elementor-widget-container\">\n\t\t\t\t\t\t\t<div class=\"elementor-icon-wrapper\">\n\t\t\t<div class=\"elementor-icon\">\n\t\t\t<i aria-hidden=\"true\" class=\"far fa-calendar-alt\"><\/i>\t\t\t<\/div>\n\t\t<\/div>\n\t\t\t\t\t\t<\/div>\n\t\t\t\t<\/div>\n\t\t\t\t<div class=\"elementor-element elementor-element-12fb7a9 elementor-widget elementor-widget-text-editor\" data-id=\"12fb7a9\" data-element_type=\"widget\" data-e-type=\"widget\" data-widget_type=\"text-editor.default\">\n\t\t\t\t<div class=\"elementor-widget-container\">\n\t\t\t\t\t\t\t\t\t samedi 29 f\u00e9vrier 2020\t\t\t\t\t\t\t\t<\/div>\n\t\t\t\t<\/div>\n\t\t\t\t<div class=\"elementor-element elementor-element-599f77e elementor-widget elementor-widget-text-editor\" data-id=\"599f77e\" data-element_type=\"widget\" data-e-type=\"widget\" data-widget_type=\"text-editor.default\">\n\t\t\t\t<div class=\"elementor-widget-container\">\n\t\t\t\t\t\t\t\t\t<div style=\"text-align: center;\">\n<br>Le TAF a organis\u00e9 le Samedi 29 F\u00e9vier 2020\ndans la salle Polyvalente de Toufflers :\nun tournoi <b> U13\/U12<\/b> (Challenge Nicolas BALLEREAU).\nNous remercions tous les enfants, parents et dirigeants de club qui\nont particip\u00e9 \u00e0 ce rassemblement ainsi que nos b\u00e9n\u00e9voles et arbitres.\nVous avez tous contribu\u00e9 \u00e0 cette grande r\u00e9ussite.<\/br>\n\n<br>Nous remercions aussi tous ceux ayant particip\u00e9s aux rassemblements pr\u00e9c\u00e9dents\net nous vous donnons rendez-vous en Mai pour nos tournois en Ext\u00e9rieur.<\/br>\n\n<br>Vous trouvenez ci-dessous les informations de tous les rassemblements\nen salle de ce d\u00e9but d&rsquo;ann\u00e9e 2020 en cliquant sur le ballon choisi :<\/br><\/div>\t\t\t\t\t\t\t\t<\/div>\n\t\t\t\t<\/div>\n\t\t\t\t<div class=\"elementor-element elementor-element-73273f2 elementor-widget elementor-widget-heading\" data-id=\"73273f2\" data-element_type=\"widget\" data-e-type=\"widget\" data-widget_type=\"heading.default\">\n\t\t\t\t<div class=\"elementor-widget-container\">\n\t\t\t\t\t<h3 class=\"elementor-heading-title elementor-size-default\">ARCHIVES Saison 2018-2019 <\/h3>\t\t\t\t<\/div>\n\t\t\t\t<\/div>\n\t\t\t\t<div class=\"elementor-element elementor-element-bdd956b elementor-widget elementor-widget-heading\" data-id=\"bdd956b\" data-element_type=\"widget\" data-e-type=\"widget\" data-widget_type=\"heading.default\">\n\t\t\t\t<div class=\"elementor-widget-container\">\n\t\t\t\t\t<h3 class=\"elementor-heading-title elementor-size-medium\">Jeudi 30 Mai : Tournoi \u00e0 Toufflers des + 30 Ans<\/h3>\t\t\t\t<\/div>\n\t\t\t\t<\/div>\n\t\t\t\t<div class=\"elementor-element elementor-element-50af171 elementor-view-stacked elementor-shape-circle elementor-widget elementor-widget-icon\" data-id=\"50af171\" data-element_type=\"widget\" data-e-type=\"widget\" data-widget_type=\"icon.default\">\n\t\t\t\t<div class=\"elementor-widget-container\">\n\t\t\t\t\t\t\t<div class=\"elementor-icon-wrapper\">\n\t\t\t<div class=\"elementor-icon\">\n\t\t\t<i aria-hidden=\"true\" class=\"far fa-calendar-alt\"><\/i>\t\t\t<\/div>\n\t\t<\/div>\n\t\t\t\t\t\t<\/div>\n\t\t\t\t<\/div>\n\t\t\t\t<div class=\"elementor-element elementor-element-b5e377b elementor-widget elementor-widget-text-editor\" data-id=\"b5e377b\" data-element_type=\"widget\" data-e-type=\"widget\" data-widget_type=\"text-editor.default\">\n\t\t\t\t<div class=\"elementor-widget-container\">\n\t\t\t\t\t\t\t\t\tjeudi 30 mai  2019\t\t\t\t\t\t\t\t<\/div>\n\t\t\t\t<\/div>\n\t\t\t\t<div class=\"elementor-element elementor-element-650de70 elementor-widget elementor-widget-text-editor\" data-id=\"650de70\" data-element_type=\"widget\" data-e-type=\"widget\" data-widget_type=\"text-editor.default\">\n\t\t\t\t<div class=\"elementor-widget-container\">\n\t\t\t\t\t\t\t\t\t<div style=\"text-align: center;\">Le Jeudi 30 mai, jour de l&rsquo;Ascension, a eu lieu le tournoi<br \/>Sixte des Seniors de + 30 Ans organis\u00e9 par le TAF.<br \/>Nous remercions toutes les personnes ayant particip\u00e9es.<p>\u00a0<\/p><p>Vous pouvez t\u00e9l\u00e9charger<br \/>les R\u00e9sultats en<\/p><\/div>\t\t\t\t\t\t\t\t<\/div>\n\t\t\t\t<\/div>\n\t\t\t\t<div class=\"elementor-element elementor-element-05a5a87 elementor-align-center elementor-widget elementor-widget-button\" data-id=\"05a5a87\" data-element_type=\"widget\" data-e-type=\"widget\" data-widget_type=\"button.default\">\n\t\t\t\t<div class=\"elementor-widget-container\">\n\t\t\t\t\t\t\t\t\t<div class=\"elementor-button-wrapper\">\n\t\t\t\t\t<a class=\"elementor-button elementor-button-link elementor-size-sm\" href=\"\">\n\t\t\t\t\t\t<span class=\"elementor-button-content-wrapper\">\n\t\t\t\t\t\t\t\t\t<span class=\"elementor-button-text\">Cliquant ici<\/span>\n\t\t\t\t\t<\/span>\n\t\t\t\t\t<\/a>\n\t\t\t\t<\/div>\n\t\t\t\t\t\t\t\t<\/div>\n\t\t\t\t<\/div>\n\t\t\t\t<div class=\"elementor-element elementor-element-554d812 elementor-widget elementor-widget-heading\" data-id=\"554d812\" data-element_type=\"widget\" data-e-type=\"widget\" data-widget_type=\"heading.default\">\n\t\t\t\t<div class=\"elementor-widget-container\">\n\t\t\t\t\t<h3 class=\"elementor-heading-title elementor-size-medium\">Stage de P\u00e2ques du 15 au 19 Avril 2019<\/h3>\t\t\t\t<\/div>\n\t\t\t\t<\/div>\n\t\t\t\t<div class=\"elementor-element elementor-element-93cf52e elementor-view-stacked elementor-shape-circle elementor-widget elementor-widget-icon\" data-id=\"93cf52e\" data-element_type=\"widget\" data-e-type=\"widget\" data-widget_type=\"icon.default\">\n\t\t\t\t<div class=\"elementor-widget-container\">\n\t\t\t\t\t\t\t<div class=\"elementor-icon-wrapper\">\n\t\t\t<div class=\"elementor-icon\">\n\t\t\t<i aria-hidden=\"true\" class=\"far fa-calendar-alt\"><\/i>\t\t\t<\/div>\n\t\t<\/div>\n\t\t\t\t\t\t<\/div>\n\t\t\t\t<\/div>\n\t\t\t\t<div class=\"elementor-element elementor-element-93aaa22 elementor-widget elementor-widget-text-editor\" data-id=\"93aaa22\" data-element_type=\"widget\" data-e-type=\"widget\" data-widget_type=\"text-editor.default\">\n\t\t\t\t<div class=\"elementor-widget-container\">\n\t\t\t\t\t\t\t\t\t dimanche 21 avril 2019\t\t\t\t\t\t\t\t<\/div>\n\t\t\t\t<\/div>\n\t\t\t\t<div class=\"elementor-element elementor-element-561cacd elementor-widget elementor-widget-heading\" data-id=\"561cacd\" data-element_type=\"widget\" data-e-type=\"widget\" data-widget_type=\"heading.default\">\n\t\t\t\t<div class=\"elementor-widget-container\">\n\t\t\t\t\t<h3 class=\"elementor-heading-title elementor-size-medium\">Stage de P\u00e2ques du 15 au 19 Avril 2019<\/h3>\t\t\t\t<\/div>\n\t\t\t\t<\/div>\n\t\t\t\t<div class=\"elementor-element elementor-element-d4d6352 elementor-view-stacked elementor-shape-circle elementor-widget elementor-widget-icon\" data-id=\"d4d6352\" data-element_type=\"widget\" data-e-type=\"widget\" data-widget_type=\"icon.default\">\n\t\t\t\t<div class=\"elementor-widget-container\">\n\t\t\t\t\t\t\t<div class=\"elementor-icon-wrapper\">\n\t\t\t<div class=\"elementor-icon\">\n\t\t\t<i aria-hidden=\"true\" class=\"far fa-calendar-alt\"><\/i>\t\t\t<\/div>\n\t\t<\/div>\n\t\t\t\t\t\t<\/div>\n\t\t\t\t<\/div>\n\t\t\t\t<div class=\"elementor-element elementor-element-9cfd1fb elementor-widget elementor-widget-text-editor\" data-id=\"9cfd1fb\" data-element_type=\"widget\" data-e-type=\"widget\" data-widget_type=\"text-editor.default\">\n\t\t\t\t<div class=\"elementor-widget-container\">\n\t\t\t\t\t\t\t\t\t lundi 25 f\u00e9vrier 2019\t\t\t\t\t\t\t\t<\/div>\n\t\t\t\t<\/div>\n\t\t\t\t<div class=\"elementor-element elementor-element-041323d elementor-widget elementor-widget-text-editor\" data-id=\"041323d\" data-element_type=\"widget\" data-e-type=\"widget\" data-widget_type=\"text-editor.default\">\n\t\t\t\t<div class=\"elementor-widget-container\">\n\t\t\t\t\t\t\t\t\t<div style=\"text-align: center;\">Nous tenons \u00e0 remercier toutes les personnes pr\u00e9sentes\ncelles qui ont apport\u00e9es leur aides ainsi que les joueurs par\nleur enthousiasme et leur esprit sportif.\n\n\n<\/div>\t\t\t\t\t\t\t\t<\/div>\n\t\t\t\t<\/div>\n\t\t\t\t<div class=\"elementor-element elementor-element-b5f9c12 elementor-widget elementor-widget-heading\" data-id=\"b5f9c12\" data-element_type=\"widget\" data-e-type=\"widget\" data-widget_type=\"heading.default\">\n\t\t\t\t<div class=\"elementor-widget-container\">\n\t\t\t\t\t<h3 class=\"elementor-heading-title elementor-size-medium\">Avis de D\u00e9c\u00e8s de S\u00e9bastien et Violette PICHON<\/h3>\t\t\t\t<\/div>\n\t\t\t\t<\/div>\n\t\t\t\t<div class=\"elementor-element elementor-element-b84095f elementor-align-center elementor-widget elementor-widget-button\" data-id=\"b84095f\" data-element_type=\"widget\" data-e-type=\"widget\" data-widget_type=\"button.default\">\n\t\t\t\t<div class=\"elementor-widget-container\">\n\t\t\t\t\t\t\t\t\t<div class=\"elementor-button-wrapper\">\n\t\t\t\t\t<a class=\"elementor-button elementor-button-link elementor-size-sm\" href=\"\">\n\t\t\t\t\t\t<span class=\"elementor-button-content-wrapper\">\n\t\t\t\t\t\t\t\t\t<span class=\"elementor-button-text\">Cliquez ici<\/span>\n\t\t\t\t\t<\/span>\n\t\t\t\t\t<\/a>\n\t\t\t\t<\/div>\n\t\t\t\t\t\t\t\t<\/div>\n\t\t\t\t<\/div>\n\t\t\t\t<div class=\"elementor-element elementor-element-6d7ad31 elementor-widget elementor-widget-heading\" data-id=\"6d7ad31\" data-element_type=\"widget\" data-e-type=\"widget\" data-widget_type=\"heading.default\">\n\t\t\t\t<div class=\"elementor-widget-container\">\n\t\t\t\t\t<h3 class=\"elementor-heading-title elementor-size-default\">ARCHIVES Saison 2017-2018 <\/h3>\t\t\t\t<\/div>\n\t\t\t\t<\/div>\n\t\t\t\t<div class=\"elementor-element elementor-element-c04d728 elementor-widget elementor-widget-heading\" data-id=\"c04d728\" data-element_type=\"widget\" data-e-type=\"widget\" data-widget_type=\"heading.default\">\n\t\t\t\t<div class=\"elementor-widget-container\">\n\t\t\t\t\t<h3 class=\"elementor-heading-title elementor-size-medium\">ARCHIVES Saison 2017-2018 <\/h3>\t\t\t\t<\/div>\n\t\t\t\t<\/div>\n\t\t\t\t<div class=\"elementor-element elementor-element-c5bf43e elementor-view-stacked elementor-shape-circle elementor-widget elementor-widget-icon\" data-id=\"c5bf43e\" data-element_type=\"widget\" data-e-type=\"widget\" data-widget_type=\"icon.default\">\n\t\t\t\t<div class=\"elementor-widget-container\">\n\t\t\t\t\t\t\t<div class=\"elementor-icon-wrapper\">\n\t\t\t<div class=\"elementor-icon\">\n\t\t\t<i aria-hidden=\"true\" class=\"far fa-calendar-alt\"><\/i>\t\t\t<\/div>\n\t\t<\/div>\n\t\t\t\t\t\t<\/div>\n\t\t\t\t<\/div>\n\t\t\t\t<div class=\"elementor-element elementor-element-1e051f1 elementor-widget elementor-widget-text-editor\" data-id=\"1e051f1\" data-element_type=\"widget\" data-e-type=\"widget\" data-widget_type=\"text-editor.default\">\n\t\t\t\t<div class=\"elementor-widget-container\">\n\t\t\t\t\t\t\t\t\t lundi 30 avril 2018\t\t\t\t\t\t\t\t<\/div>\n\t\t\t\t<\/div>\n\t\t\t\t<div class=\"elementor-element elementor-element-e9aebe8 elementor-widget elementor-widget-text-editor\" data-id=\"e9aebe8\" data-element_type=\"widget\" data-e-type=\"widget\" data-widget_type=\"text-editor.default\">\n\t\t\t\t<div class=\"elementor-widget-container\">\n\t\t\t\t\t\t\t\t\t<div style=\"text-align: center;\"><p>Cette ann\u00e9e pour la 8\u00e8me \u00e9dition, notre stage de foot des vacances d&rsquo;avril<br \/>a eu un v\u00e9ritable succ\u00e8s. Nous remercions les \u00e9ducateurs, dirigeants et parents<br \/>qui ont pris de leur temps pour que ce stage soit une v\u00e9ritable r\u00e9ussite malgr\u00e9<br \/>les conditions particuli\u00e8res cette ann\u00e9e sur les repas du midi.<br \/>Nous remercions aussi vivement les 72 enfants participants qui par<br \/>leurs enthousiasmes et leurs comportements exemplaires ont permis<br \/>de rendre ce stage aussi agr\u00e9able et enrichissant pour tous.<\/p><p>\u00a0<\/p><\/div>\t\t\t\t\t\t\t\t<\/div>\n\t\t\t\t<\/div>\n\t\t\t\t<div class=\"elementor-element elementor-element-b8e87da elementor-widget elementor-widget-heading\" data-id=\"b8e87da\" data-element_type=\"widget\" data-e-type=\"widget\" data-widget_type=\"heading.default\">\n\t\t\t\t<div class=\"elementor-widget-container\">\n\t\t\t\t\t<h3 class=\"elementor-heading-title elementor-size-medium\">Les U15 et U16 du TAF ont \u00e9t\u00e9 acteurs au Stade Bollaert.<\/h3>\t\t\t\t<\/div>\n\t\t\t\t<\/div>\n\t\t\t\t<div class=\"elementor-element elementor-element-82867eb elementor-view-stacked elementor-shape-circle elementor-widget elementor-widget-icon\" data-id=\"82867eb\" data-element_type=\"widget\" data-e-type=\"widget\" data-widget_type=\"icon.default\">\n\t\t\t\t<div class=\"elementor-widget-container\">\n\t\t\t\t\t\t\t<div class=\"elementor-icon-wrapper\">\n\t\t\t<div class=\"elementor-icon\">\n\t\t\t<i aria-hidden=\"true\" class=\"far fa-calendar-alt\"><\/i>\t\t\t<\/div>\n\t\t<\/div>\n\t\t\t\t\t\t<\/div>\n\t\t\t\t<\/div>\n\t\t\t\t<div class=\"elementor-element elementor-element-98522df elementor-widget elementor-widget-text-editor\" data-id=\"98522df\" data-element_type=\"widget\" data-e-type=\"widget\" data-widget_type=\"text-editor.default\">\n\t\t\t\t<div class=\"elementor-widget-container\">\n\t\t\t\t\t\t\t\t\t dimanche 11 f\u00e9vrier 2018\t\t\t\t\t\t\t\t<\/div>\n\t\t\t\t<\/div>\n\t\t\t\t<div class=\"elementor-element elementor-element-c63dd77 elementor-widget elementor-widget-image\" data-id=\"c63dd77\" data-element_type=\"widget\" data-e-type=\"widget\" data-widget_type=\"image.default\">\n\t\t\t\t<div class=\"elementor-widget-container\">\n\t\t\t\t\t\t\t\t\t\t\t\t\t\t\t<img loading=\"lazy\" decoding=\"async\" width=\"1024\" height=\"576\" src=\"https:\/\/toufflers-af.fr\/wp-content\/uploads\/2023\/03\/10.02.18_avant_RCL-VAFC-1024x576.jpg\" class=\"attachment-large size-large wp-image-1256\" alt=\"\" srcset=\"https:\/\/toufflers-af.fr\/wp-content\/uploads\/2023\/03\/10.02.18_avant_RCL-VAFC-1024x576.jpg 1024w, https:\/\/toufflers-af.fr\/wp-content\/uploads\/2023\/03\/10.02.18_avant_RCL-VAFC-300x169.jpg 300w, https:\/\/toufflers-af.fr\/wp-content\/uploads\/2023\/03\/10.02.18_avant_RCL-VAFC-768x432.jpg 768w, https:\/\/toufflers-af.fr\/wp-content\/uploads\/2023\/03\/10.02.18_avant_RCL-VAFC-1536x864.jpg 1536w, https:\/\/toufflers-af.fr\/wp-content\/uploads\/2023\/03\/10.02.18_avant_RCL-VAFC-2048x1152.jpg 2048w\" sizes=\"(max-width: 1024px) 100vw, 1024px\" \/>\t\t\t\t\t\t\t\t\t\t\t\t\t\t\t<\/div>\n\t\t\t\t<\/div>\n\t\t\t\t<div class=\"elementor-element elementor-element-a5b278c elementor-widget elementor-widget-spacer\" data-id=\"a5b278c\" data-element_type=\"widget\" data-e-type=\"widget\" data-widget_type=\"spacer.default\">\n\t\t\t\t<div class=\"elementor-widget-container\">\n\t\t\t\t\t\t\t<div class=\"elementor-spacer\">\n\t\t\t<div class=\"elementor-spacer-inner\"><\/div>\n\t\t<\/div>\n\t\t\t\t\t\t<\/div>\n\t\t\t\t<\/div>\n\t\t\t\t<div class=\"elementor-element elementor-element-429dbcf elementor-widget elementor-widget-text-editor\" data-id=\"429dbcf\" data-element_type=\"widget\" data-e-type=\"widget\" data-widget_type=\"text-editor.default\">\n\t\t\t\t<div class=\"elementor-widget-container\">\n\t\t\t\t\t\t\t\t\t<div style=\"text-align: center;\">Samedi 10 f\u00e9vrier en fin de matin\u00e9e, un bus lou\u00e9 par le TAF a emmen\u00e9 44 personnes\nau stade Bollaert, il y avait des dirigeants, des joueurs, des parents et amis.\nDans le cadre de l&rsquo;op\u00e9ration \u00ab\u00a0Club en Nord\u00a0\u00bb, le Racing Club de Lens avait invit\u00e9\n(apr\u00e8s tirage au sort) les U16 et U15 du TAF a \u00eatre les acteurs de la c\u00e9r\u00e9monie\ndu maillot en ouverture du derby RC LENS &#8211; VALENCIENNES FC (1-1).\nUne journ\u00e9e dont les participants et les accompagnants garderont un exellent souvenir.\nLa presse \u00e9tait \u00e9galement pr\u00e9sente, nous vous invitons \u00e0 consulter l&rsquo;\u00e9dition\nNord-Eclair de ce dimanche, o\u00f9 vous pourrez reconnaitre certains de nos joueurs\nau pr\u00e8s de la Joconde que la r\u00e9gion souhaite transf\u00e9rer au Louvre Lens !\n<\/div>\t\t\t\t\t\t\t\t<\/div>\n\t\t\t\t<\/div>\n\t\t\t\t<div class=\"elementor-element elementor-element-40e677e elementor-widget elementor-widget-spacer\" data-id=\"40e677e\" data-element_type=\"widget\" data-e-type=\"widget\" data-widget_type=\"spacer.default\">\n\t\t\t\t<div class=\"elementor-widget-container\">\n\t\t\t\t\t\t\t<div class=\"elementor-spacer\">\n\t\t\t<div class=\"elementor-spacer-inner\"><\/div>\n\t\t<\/div>\n\t\t\t\t\t\t<\/div>\n\t\t\t\t<\/div>\n\t\t\t\t<div class=\"elementor-element elementor-element-6a055c4 elementor-widget elementor-widget-image\" data-id=\"6a055c4\" data-element_type=\"widget\" data-e-type=\"widget\" data-widget_type=\"image.default\">\n\t\t\t\t<div class=\"elementor-widget-container\">\n\t\t\t\t\t\t\t\t\t\t\t\t\t\t\t<img loading=\"lazy\" decoding=\"async\" width=\"1024\" height=\"576\" src=\"https:\/\/toufflers-af.fr\/wp-content\/uploads\/2023\/03\/10.02.18_Le_TAF_acteur_de_le_ceremonie_du_maillot-1024x576.jpg\" class=\"attachment-large size-large wp-image-1267\" alt=\"\" srcset=\"https:\/\/toufflers-af.fr\/wp-content\/uploads\/2023\/03\/10.02.18_Le_TAF_acteur_de_le_ceremonie_du_maillot-1024x576.jpg 1024w, https:\/\/toufflers-af.fr\/wp-content\/uploads\/2023\/03\/10.02.18_Le_TAF_acteur_de_le_ceremonie_du_maillot-300x169.jpg 300w, https:\/\/toufflers-af.fr\/wp-content\/uploads\/2023\/03\/10.02.18_Le_TAF_acteur_de_le_ceremonie_du_maillot-768x432.jpg 768w, https:\/\/toufflers-af.fr\/wp-content\/uploads\/2023\/03\/10.02.18_Le_TAF_acteur_de_le_ceremonie_du_maillot-1536x864.jpg 1536w, https:\/\/toufflers-af.fr\/wp-content\/uploads\/2023\/03\/10.02.18_Le_TAF_acteur_de_le_ceremonie_du_maillot-2048x1152.jpg 2048w\" sizes=\"(max-width: 1024px) 100vw, 1024px\" \/>\t\t\t\t\t\t\t\t\t\t\t\t\t\t\t<\/div>\n\t\t\t\t<\/div>\n\t\t\t\t<section class=\"elementor-section elementor-inner-section elementor-element elementor-element-8d2500e elementor-section-boxed elementor-section-height-default elementor-section-height-default\" data-id=\"8d2500e\" data-element_type=\"section\" data-e-type=\"section\">\n\t\t\t\t\t\t<div class=\"elementor-container elementor-column-gap-default\">\n\t\t\t\t\t<div class=\"elementor-column elementor-col-50 elementor-inner-column elementor-element elementor-element-e5ded4d\" data-id=\"e5ded4d\" data-element_type=\"column\" data-e-type=\"column\">\n\t\t\t<div class=\"elementor-widget-wrap elementor-element-populated\">\n\t\t\t\t\t\t<div class=\"elementor-element elementor-element-0027a8d elementor-widget__width-inherit elementor-widget elementor-widget-image\" data-id=\"0027a8d\" data-element_type=\"widget\" data-e-type=\"widget\" data-widget_type=\"image.default\">\n\t\t\t\t<div class=\"elementor-widget-container\">\n\t\t\t\t\t\t\t\t\t\t\t\t\t\t\t<img loading=\"lazy\" decoding=\"async\" width=\"830\" height=\"1024\" src=\"https:\/\/toufflers-af.fr\/wp-content\/uploads\/2023\/03\/BARBIEUX-JM-2010-830x1024.jpg\" class=\"attachment-large size-large wp-image-1272\" alt=\"\" srcset=\"https:\/\/toufflers-af.fr\/wp-content\/uploads\/2023\/03\/BARBIEUX-JM-2010-830x1024.jpg 830w, https:\/\/toufflers-af.fr\/wp-content\/uploads\/2023\/03\/BARBIEUX-JM-2010-243x300.jpg 243w, https:\/\/toufflers-af.fr\/wp-content\/uploads\/2023\/03\/BARBIEUX-JM-2010-768x948.jpg 768w, https:\/\/toufflers-af.fr\/wp-content\/uploads\/2023\/03\/BARBIEUX-JM-2010.jpg 897w\" sizes=\"(max-width: 830px) 100vw, 830px\" \/>\t\t\t\t\t\t\t\t\t\t\t\t\t\t\t<\/div>\n\t\t\t\t<\/div>\n\t\t\t\t\t<\/div>\n\t\t<\/div>\n\t\t\t\t<div class=\"elementor-column elementor-col-50 elementor-inner-column elementor-element elementor-element-830b78c\" data-id=\"830b78c\" data-element_type=\"column\" data-e-type=\"column\">\n\t\t\t<div class=\"elementor-widget-wrap elementor-element-populated\">\n\t\t\t\t\t\t<div class=\"elementor-element elementor-element-cd7aea9 elementor-widget-divider--view-line elementor-widget elementor-widget-divider\" data-id=\"cd7aea9\" data-element_type=\"widget\" data-e-type=\"widget\" data-widget_type=\"divider.default\">\n\t\t\t\t<div class=\"elementor-widget-container\">\n\t\t\t\t\t\t\t<div class=\"elementor-divider\">\n\t\t\t<span class=\"elementor-divider-separator\">\n\t\t\t\t\t\t<\/span>\n\t\t<\/div>\n\t\t\t\t\t\t<\/div>\n\t\t\t\t<\/div>\n\t\t\t\t<div class=\"elementor-element elementor-element-95f633b elementor-widget__width-auto elementor-view-default elementor-widget elementor-widget-icon\" data-id=\"95f633b\" data-element_type=\"widget\" data-e-type=\"widget\" data-widget_type=\"icon.default\">\n\t\t\t\t<div class=\"elementor-widget-container\">\n\t\t\t\t\t\t\t<div class=\"elementor-icon-wrapper\">\n\t\t\t<div class=\"elementor-icon\">\n\t\t\t<i aria-hidden=\"true\" class=\"far fa-sad-cry\"><\/i>\t\t\t<\/div>\n\t\t<\/div>\n\t\t\t\t\t\t<\/div>\n\t\t\t\t<\/div>\n\t\t\t\t<div class=\"elementor-element elementor-element-3ee8dcc elementor-widget__width-auto elementor-widget elementor-widget-text-editor\" data-id=\"3ee8dcc\" data-element_type=\"widget\" data-e-type=\"widget\" data-widget_type=\"text-editor.default\">\n\t\t\t\t<div class=\"elementor-widget-container\">\n\t\t\t\t\t\t\t\t\t<p style=\"text-align: center;\"><strong><span style=\"color: #ff0000;\"> Jean Marie nous a quitt\u00e9&#8230;<\/span><\/strong><\/p>\t\t\t\t\t\t\t\t<\/div>\n\t\t\t\t<\/div>\n\t\t\t\t<div class=\"elementor-element elementor-element-ca9770c elementor-widget elementor-widget-text-editor\" data-id=\"ca9770c\" data-element_type=\"widget\" data-e-type=\"widget\" data-widget_type=\"text-editor.default\">\n\t\t\t\t<div class=\"elementor-widget-container\">\n\t\t\t\t\t\t\t\t\t<div style=\"text-align: center;\">\nmercredi 20 d\u00e9cembre 2017<\/div>\nJoueur et Dirigeant au TAF jusqu&rsquo;en 2011,\n<b> Jean Marie BARBIEUX <\/b>nous a quitt\u00e9 ce\ndimanche 17 d\u00e9cembre 2017 \u00e0 l&rsquo;\u00e2ge de 57 ans.\nNous adressons nos sinc\u00e8res condol\u00e9ances\n\u00e0 sa famille ainsi qu&rsquo;\u00e0 ses proches.\nSes fun\u00e9railles civiles auront lieu\nVendredi 22 D\u00e9cembre 2017 \u00e0 11h00\nau cimeti\u00e8re de Toufflers (rue de l&rsquo;\u00e9glise).\nAssembl\u00e9e \u00e0 l&rsquo;entr\u00e9e du cim\u00e9ti\u00e8re \u00e0 10h45.\nDans l&rsquo;attente, Jean-Marie repose au Salon\nFun\u00e9raire Christian Magr\u00e9 au 1, rue Roger\nSalengro \u00e0 Leers, ouvert de 9h \u00e0 19h.\n<div style=\"text-align: center;\">\nJean Marie BARBIEUX\n09\/03\/1960 &#8211; 17\/12\/2017<\/div>\t\t\t\t\t\t\t\t<\/div>\n\t\t\t\t<\/div>\n\t\t\t\t\t<\/div>\n\t\t<\/div>\n\t\t\t\t\t<\/div>\n\t\t<\/section>\n\t\t\t\t<div class=\"elementor-element elementor-element-9d5e9b8 elementor-widget elementor-widget-heading\" data-id=\"9d5e9b8\" data-element_type=\"widget\" data-e-type=\"widget\" data-widget_type=\"heading.default\">\n\t\t\t\t<div class=\"elementor-widget-container\">\n\t\t\t\t\t<h3 class=\"elementor-heading-title elementor-size-default\">ARCHIVES Saison 2016-2017 <\/h3>\t\t\t\t<\/div>\n\t\t\t\t<\/div>\n\t\t\t\t<section class=\"elementor-section elementor-inner-section elementor-element elementor-element-54ba9e4 elementor-section-boxed elementor-section-height-default elementor-section-height-default\" data-id=\"54ba9e4\" data-element_type=\"section\" data-e-type=\"section\">\n\t\t\t\t\t\t<div class=\"elementor-container elementor-column-gap-default\">\n\t\t\t\t\t<div class=\"elementor-column elementor-col-50 elementor-inner-column elementor-element elementor-element-9b6e2bc\" data-id=\"9b6e2bc\" data-element_type=\"column\" data-e-type=\"column\">\n\t\t\t<div class=\"elementor-widget-wrap elementor-element-populated\">\n\t\t\t\t\t\t<div class=\"elementor-element elementor-element-53e1f33 elementor-widget-divider--view-line elementor-widget elementor-widget-divider\" data-id=\"53e1f33\" data-element_type=\"widget\" data-e-type=\"widget\" data-widget_type=\"divider.default\">\n\t\t\t\t<div class=\"elementor-widget-container\">\n\t\t\t\t\t\t\t<div class=\"elementor-divider\">\n\t\t\t<span class=\"elementor-divider-separator\">\n\t\t\t\t\t\t<\/span>\n\t\t<\/div>\n\t\t\t\t\t\t<\/div>\n\t\t\t\t<\/div>\n\t\t\t\t<div class=\"elementor-element elementor-element-443abb1 elementor-widget__width-auto elementor-view-default elementor-widget elementor-widget-icon\" data-id=\"443abb1\" data-element_type=\"widget\" data-e-type=\"widget\" data-widget_type=\"icon.default\">\n\t\t\t\t<div class=\"elementor-widget-container\">\n\t\t\t\t\t\t\t<div class=\"elementor-icon-wrapper\">\n\t\t\t<div class=\"elementor-icon\">\n\t\t\t<i aria-hidden=\"true\" class=\"far fa-sad-cry\"><\/i>\t\t\t<\/div>\n\t\t<\/div>\n\t\t\t\t\t\t<\/div>\n\t\t\t\t<\/div>\n\t\t\t\t<div class=\"elementor-element elementor-element-9f94851 elementor-widget__width-auto elementor-widget elementor-widget-text-editor\" data-id=\"9f94851\" data-element_type=\"widget\" data-e-type=\"widget\" data-widget_type=\"text-editor.default\">\n\t\t\t\t<div class=\"elementor-widget-container\">\n\t\t\t\t\t\t\t\t\t<p style=\"text-align: center;\"><strong><span style=\"color: #ff0000;\">Marcel nous a quitt\u00e9&#8230; <\/span><\/strong><\/p>\t\t\t\t\t\t\t\t<\/div>\n\t\t\t\t<\/div>\n\t\t\t\t<div class=\"elementor-element elementor-element-ea5f3c6 elementor-widget elementor-widget-text-editor\" data-id=\"ea5f3c6\" data-element_type=\"widget\" data-e-type=\"widget\" data-widget_type=\"text-editor.default\">\n\t\t\t\t<div class=\"elementor-widget-container\">\n\t\t\t\t\t\t\t\t\t<div style=\"text-align: center;\">dimanche 21 ao\u00fbt 2016<\/div>\nNous avons l&rsquo;immense regret de vous\nfaire part du d\u00e9c\u00e8s le 18 ao\u00fbt 2016 de\n<b>M. Marcel QUIQUE<\/b>\n\u00e0 l&rsquo;\u00e2ge de 70 ans.\nLe Comit\u00e9 Directeur du TAF, ses dirigeants\net joueurs pr\u00e9sentent leurs sinc\u00e8res\n condol\u00e9ances \u00e0 sa famille et en particulier\n \u00e0 Viviane, son \u00e9pouse et  Thierry, son fils.\nSes fun\u00e9railles auront lieu Mardi 23 ao\u00fbt\n2016 \u00e0 10h00 au cr\u00e9matorium de Wattrelos\npour y \u00eatre incin\u00e9r\u00e9 &#8211; Assembl\u00e9e au cr\u00e9matorium \u00e0 9h45.<b> Lien vers le faire-part<\/b>\n\t\t\t\t\t\t\t\t<\/div>\n\t\t\t\t<\/div>\n\t\t\t\t\t<\/div>\n\t\t<\/div>\n\t\t\t\t<div class=\"elementor-column elementor-col-50 elementor-inner-column elementor-element elementor-element-4b7ce67\" data-id=\"4b7ce67\" data-element_type=\"column\" data-e-type=\"column\">\n\t\t\t<div class=\"elementor-widget-wrap elementor-element-populated\">\n\t\t\t\t\t\t<div class=\"elementor-element elementor-element-1f3d3b7 elementor-widget__width-inherit elementor-widget elementor-widget-image\" data-id=\"1f3d3b7\" data-element_type=\"widget\" data-e-type=\"widget\" data-widget_type=\"image.default\">\n\t\t\t\t<div class=\"elementor-widget-container\">\n\t\t\t\t\t\t\t\t\t\t\t\t\t\t\t<img loading=\"lazy\" decoding=\"async\" width=\"294\" height=\"392\" src=\"https:\/\/toufflers-af.fr\/wp-content\/uploads\/2023\/03\/Ph2010-QUIQUE-Marcel-31011946.jpeg\" class=\"attachment-large size-large wp-image-1281\" alt=\"\" srcset=\"https:\/\/toufflers-af.fr\/wp-content\/uploads\/2023\/03\/Ph2010-QUIQUE-Marcel-31011946.jpeg 294w, https:\/\/toufflers-af.fr\/wp-content\/uploads\/2023\/03\/Ph2010-QUIQUE-Marcel-31011946-225x300.jpeg 225w\" sizes=\"(max-width: 294px) 100vw, 294px\" \/>\t\t\t\t\t\t\t\t\t\t\t\t\t\t\t<\/div>\n\t\t\t\t<\/div>\n\t\t\t\t\t<\/div>\n\t\t<\/div>\n\t\t\t\t\t<\/div>\n\t\t<\/section>\n\t\t\t\t<div class=\"elementor-element elementor-element-f8f3615 elementor-widget elementor-widget-text-editor\" data-id=\"f8f3615\" data-element_type=\"widget\" data-e-type=\"widget\" data-widget_type=\"text-editor.default\">\n\t\t\t\t<div class=\"elementor-widget-container\">\n\t\t\t\t\t\t\t\t\t<div style=\"text-align: center;\">Marcel QUIQUE a \u00e9t\u00e9 dirigeant au TAF jusqu&rsquo;en 2011.\nEnsuite son \u00e9tat de sant\u00e9 ne lui permettait plus que venir passer quelques  heures au stade pour rencontrer ses copains, voir les matchs et donner ses commentaires.\nPendant le tournoi de la Pentec\u00f4te de cette ann\u00e9e, il nous a fait l&rsquo;imense plaisir de passer la journ\u00e9e au stade puis en fin de saison, au mois de juin, il est venu nous rendre visite au \u00ab\u00a0club-house\u00a0\u00bb (sa 2\u00e8me maison quand il \u00e9tait dirigeant).\nIl a \u00e9t\u00e9 le pilier du club pendant de nombreuses ann\u00e9es.\nSa disparition laissera un souvenir imp\u00e9rissable.\nLe 29 avril 2007, le club a f\u00eat\u00e9 le jubil\u00e9 de Marcel&#8230;\n<br><b>Voici un Lien de l&rsquo;\u00e9poque de la pr\u00e9sentation de son jubil\u00e9\n\n<\/b><\/br>\n<\/div>\t\t\t\t\t\t\t\t<\/div>\n\t\t\t\t<\/div>\n\t\t\t\t<div class=\"elementor-element elementor-element-9ff7e69 elementor-widget elementor-widget-heading\" data-id=\"9ff7e69\" data-element_type=\"widget\" data-e-type=\"widget\" data-widget_type=\"heading.default\">\n\t\t\t\t<div class=\"elementor-widget-container\">\n\t\t\t\t\t<h3 class=\"elementor-heading-title elementor-size-medium\">Albums Photos \"Kids Escorts\" de Lens-Tours (05.08.16) <\/h3>\t\t\t\t<\/div>\n\t\t\t\t<\/div>\n\t\t\t\t<div class=\"elementor-element elementor-element-f2ad2c3 elementor-view-stacked elementor-shape-circle elementor-widget elementor-widget-icon\" data-id=\"f2ad2c3\" data-element_type=\"widget\" data-e-type=\"widget\" data-widget_type=\"icon.default\">\n\t\t\t\t<div class=\"elementor-widget-container\">\n\t\t\t\t\t\t\t<div class=\"elementor-icon-wrapper\">\n\t\t\t<div class=\"elementor-icon\">\n\t\t\t<i aria-hidden=\"true\" class=\"far fa-calendar-alt\"><\/i>\t\t\t<\/div>\n\t\t<\/div>\n\t\t\t\t\t\t<\/div>\n\t\t\t\t<\/div>\n\t\t\t\t<div class=\"elementor-element elementor-element-60d7f78 elementor-widget elementor-widget-text-editor\" data-id=\"60d7f78\" data-element_type=\"widget\" data-e-type=\"widget\" data-widget_type=\"text-editor.default\">\n\t\t\t\t<div class=\"elementor-widget-container\">\n\t\t\t\t\t\t\t\t\t  dimanche 7 ao\u00fbt\t\t\t\t\t\t\t\t<\/div>\n\t\t\t\t<\/div>\n\t\t\t\t<div class=\"elementor-element elementor-element-413d5e0 elementor-widget elementor-widget-text-editor\" data-id=\"413d5e0\" data-element_type=\"widget\" data-e-type=\"widget\" data-widget_type=\"text-editor.default\">\n\t\t\t\t<div class=\"elementor-widget-container\">\n\t\t\t\t\t\t\t\t\t<div style=\"text-align: center;\">\nEn cliquant sur la rubrique ci-dessous :\n<b>Albums Photos (M\u00e0J: 07\/08\/16) \u00ab\u00a0Kids Escorts\u00a0\u00bb<\/b>\nD\u00e9couvrez les photos du Match RCL-Tours de ce vendredi 5 ao\u00fbt 2016.\n Nos petits Toufflersois ont \u00e9t\u00e9 mis \u00e0 l&rsquo;honneur en d\u00e9marant\ncette saison 2016-2017 du Kids Escort au Stade Bollaert-Delelis \u00e0 Lens.\n\n<\/div>\t\t\t\t\t\t\t\t<\/div>\n\t\t\t\t<\/div>\n\t\t\t\t<div class=\"elementor-element elementor-element-b1ddde8 elementor-widget elementor-widget-heading\" data-id=\"b1ddde8\" data-element_type=\"widget\" data-e-type=\"widget\" data-widget_type=\"heading.default\">\n\t\t\t\t<div class=\"elementor-widget-container\">\n\t\t\t\t\t<h3 class=\"elementor-heading-title elementor-size-default\">ARCHIVES Avant 2016 <\/h3>\t\t\t\t<\/div>\n\t\t\t\t<\/div>\n\t\t\t\t<section class=\"elementor-section elementor-inner-section elementor-element elementor-element-3aa5294 elementor-section-boxed elementor-section-height-default elementor-section-height-default\" data-id=\"3aa5294\" data-element_type=\"section\" data-e-type=\"section\">\n\t\t\t\t\t\t<div class=\"elementor-container elementor-column-gap-default\">\n\t\t\t\t\t<div class=\"elementor-column elementor-col-50 elementor-inner-column elementor-element elementor-element-15a7d1a\" data-id=\"15a7d1a\" data-element_type=\"column\" data-e-type=\"column\">\n\t\t\t<div class=\"elementor-widget-wrap elementor-element-populated\">\n\t\t\t\t\t\t<div class=\"elementor-element elementor-element-4cb13d7 elementor-widget elementor-widget-heading\" data-id=\"4cb13d7\" data-element_type=\"widget\" data-e-type=\"widget\" data-widget_type=\"heading.default\">\n\t\t\t\t<div class=\"elementor-widget-container\">\n\t\t\t\t\t<h3 class=\"elementor-heading-title elementor-size-medium\"> 02 octobre 2015 :<\/h3>\t\t\t\t<\/div>\n\t\t\t\t<\/div>\n\t\t\t\t<div class=\"elementor-element elementor-element-94c9c3f elementor-widget elementor-widget-image\" data-id=\"94c9c3f\" data-element_type=\"widget\" data-e-type=\"widget\" data-widget_type=\"image.default\">\n\t\t\t\t<div class=\"elementor-widget-container\">\n\t\t\t\t\t\t\t\t\t\t\t\t\t\t\t<img loading=\"lazy\" decoding=\"async\" width=\"200\" height=\"276\" src=\"https:\/\/toufflers-af.fr\/wp-content\/uploads\/2023\/03\/Nicholas-DAIX.gif\" class=\"attachment-large size-large wp-image-1555\" alt=\"\" \/>\t\t\t\t\t\t\t\t\t\t\t\t\t\t\t<\/div>\n\t\t\t\t<\/div>\n\t\t\t\t<div class=\"elementor-element elementor-element-7ffc3e7 elementor-widget__width-auto elementor-view-default elementor-widget elementor-widget-icon\" data-id=\"7ffc3e7\" data-element_type=\"widget\" data-e-type=\"widget\" data-widget_type=\"icon.default\">\n\t\t\t\t<div class=\"elementor-widget-container\">\n\t\t\t\t\t\t\t<div class=\"elementor-icon-wrapper\">\n\t\t\t<div class=\"elementor-icon\">\n\t\t\t<i aria-hidden=\"true\" class=\"far fa-sad-cry\"><\/i>\t\t\t<\/div>\n\t\t<\/div>\n\t\t\t\t\t\t<\/div>\n\t\t\t\t<\/div>\n\t\t\t\t<div class=\"elementor-element elementor-element-28fe63f elementor-widget__width-auto elementor-widget elementor-widget-text-editor\" data-id=\"28fe63f\" data-element_type=\"widget\" data-e-type=\"widget\" data-widget_type=\"text-editor.default\">\n\t\t\t\t<div class=\"elementor-widget-container\">\n\t\t\t\t\t\t\t\t\t<p style=\"text-align: center;\"><strong><span style=\"color: #ff0000;\">Nicholas DAIX&#8230;.<\/span><\/strong><\/p>\t\t\t\t\t\t\t\t<\/div>\n\t\t\t\t<\/div>\n\t\t\t\t<div class=\"elementor-element elementor-element-581adb8 elementor-widget elementor-widget-text-editor\" data-id=\"581adb8\" data-element_type=\"widget\" data-e-type=\"widget\" data-widget_type=\"text-editor.default\">\n\t\t\t\t<div class=\"elementor-widget-container\">\n\t\t\t\t\t\t\t\t\t<div style=\"text-align: center;\">\n\n\n\njoueur au TAF la saison derni\u00e8re,\nnous a quitt\u00e9 dramatiquement.\nNous adressons nos sinc\u00e8res condol\u00e9ances \u00e0 sa famille\nainsi qu&rsquo;\u00e0 ses proches.\nSes obs\u00e8ques auront lieu\nvendredi 2 octobre \u00e0 10h00\nau cimeti\u00e8re de Lys Lez Lannoy.\n\n<\/div>\t\t\t\t\t\t\t\t<\/div>\n\t\t\t\t<\/div>\n\t\t\t\t\t<\/div>\n\t\t<\/div>\n\t\t\t\t<div class=\"elementor-column elementor-col-50 elementor-inner-column elementor-element elementor-element-e710af9\" data-id=\"e710af9\" data-element_type=\"column\" data-e-type=\"column\">\n\t\t\t<div class=\"elementor-widget-wrap elementor-element-populated\">\n\t\t\t\t\t\t<div class=\"elementor-element elementor-element-ebda2d1 elementor-widget elementor-widget-heading\" data-id=\"ebda2d1\" data-element_type=\"widget\" data-e-type=\"widget\" data-widget_type=\"heading.default\">\n\t\t\t\t<div class=\"elementor-widget-container\">\n\t\t\t\t\t<h3 class=\"elementor-heading-title elementor-size-medium\">05 ao\u00fbt 2014 :<\/h3>\t\t\t\t<\/div>\n\t\t\t\t<\/div>\n\t\t\t\t<div class=\"elementor-element elementor-element-0048426 elementor-widget elementor-widget-image\" data-id=\"0048426\" data-element_type=\"widget\" data-e-type=\"widget\" data-widget_type=\"image.default\">\n\t\t\t\t<div class=\"elementor-widget-container\">\n\t\t\t\t\t\t\t\t\t\t\t\t\t\t\t<img loading=\"lazy\" decoding=\"async\" width=\"187\" height=\"489\" src=\"https:\/\/toufflers-af.fr\/wp-content\/uploads\/2023\/03\/VANCAENEGHEM-Leo-1.jpg\" class=\"attachment-large size-large wp-image-1556\" alt=\"\" srcset=\"https:\/\/toufflers-af.fr\/wp-content\/uploads\/2023\/03\/VANCAENEGHEM-Leo-1.jpg 187w, https:\/\/toufflers-af.fr\/wp-content\/uploads\/2023\/03\/VANCAENEGHEM-Leo-1-115x300.jpg 115w\" sizes=\"(max-width: 187px) 100vw, 187px\" \/>\t\t\t\t\t\t\t\t\t\t\t\t\t\t\t<\/div>\n\t\t\t\t<\/div>\n\t\t\t\t<div class=\"elementor-element elementor-element-c3174cb elementor-widget elementor-widget-text-editor\" data-id=\"c3174cb\" data-element_type=\"widget\" data-e-type=\"widget\" data-widget_type=\"text-editor.default\">\n\t\t\t\t<div class=\"elementor-widget-container\">\n\t\t\t\t\t\t\t\t\t<div style=\"text-align: center;\"><p><b>L\u00e9o<\/b><\/p><p>Chers amis du TAF<br \/>le club m\u00e8ne une action de soutien pour notre copain et gardien U13 L\u00e9o afin de l&rsquo;aider \u00e0 combattre sa maladie.<br \/>Merci de passer par le club-house ou contacter nos dirigeants pour concr\u00e9tiser notre action.<br \/>Vous pouvez \u00e9galement transmettre vos marques de sympathie en lui \u00e9crivant quelques lignes par mail.<br \/>Malheureusement c&rsquo;est notre seule fa\u00e7on de l&rsquo;aider et lui donner la force et le courage.<br \/>Merci pour lui.<br \/><br \/><b>Ensemble Encourageons<br \/>L\u00e9o<\/b><\/p><\/div>\t\t\t\t\t\t\t\t<\/div>\n\t\t\t\t<\/div>\n\t\t\t\t\t<\/div>\n\t\t<\/div>\n\t\t\t\t\t<\/div>\n\t\t<\/section>\n\t\t\t\t<div class=\"elementor-element elementor-element-38b32f2 elementor-widget elementor-widget-spacer\" data-id=\"38b32f2\" data-element_type=\"widget\" data-e-type=\"widget\" data-widget_type=\"spacer.default\">\n\t\t\t\t<div class=\"elementor-widget-container\">\n\t\t\t\t\t\t\t<div class=\"elementor-spacer\">\n\t\t\t<div class=\"elementor-spacer-inner\"><\/div>\n\t\t<\/div>\n\t\t\t\t\t\t<\/div>\n\t\t\t\t<\/div>\n\t\t\t\t<div class=\"elementor-element elementor-element-ea1c14a elementor-widget elementor-widget-heading\" data-id=\"ea1c14a\" data-element_type=\"widget\" data-e-type=\"widget\" data-widget_type=\"heading.default\">\n\t\t\t\t<div class=\"elementor-widget-container\">\n\t\t\t\t\t<h3 class=\"elementor-heading-title elementor-size-medium\">05 ao\u00fbt 2014 :<\/h3>\t\t\t\t<\/div>\n\t\t\t\t<\/div>\n\t\t\t\t<div class=\"elementor-element elementor-element-ea9ef02 elementor-widget elementor-widget-text-editor\" data-id=\"ea9ef02\" data-element_type=\"widget\" data-e-type=\"widget\" data-widget_type=\"text-editor.default\">\n\t\t\t\t<div class=\"elementor-widget-container\">\n\t\t\t\t\t\t\t\t\t<div style=\"text-align: center;\"><br><b>Festi&rsquo;Futsal 2014.<\/b><\/br>\nPour connaitre les r\u00e9sultats \u00e0 Toufflers,\ncliquez sur la cat\u00e9gorie :  U11 &#8211; U13<\/div>\t\t\t\t\t\t\t\t<\/div>\n\t\t\t\t<\/div>\n\t\t\t\t<div class=\"elementor-element elementor-element-a3d2f41 elementor-widget elementor-widget-spacer\" data-id=\"a3d2f41\" data-element_type=\"widget\" data-e-type=\"widget\" data-widget_type=\"spacer.default\">\n\t\t\t\t<div class=\"elementor-widget-container\">\n\t\t\t\t\t\t\t<div class=\"elementor-spacer\">\n\t\t\t<div class=\"elementor-spacer-inner\"><\/div>\n\t\t<\/div>\n\t\t\t\t\t\t<\/div>\n\t\t\t\t<\/div>\n\t\t\t\t<div class=\"elementor-element elementor-element-f852e6b elementor-widget elementor-widget-heading\" data-id=\"f852e6b\" data-element_type=\"widget\" data-e-type=\"widget\" data-widget_type=\"heading.default\">\n\t\t\t\t<div class=\"elementor-widget-container\">\n\t\t\t\t\t<h3 class=\"elementor-heading-title elementor-size-medium\">05 d\u00e9cembre 2011 :<\/h3>\t\t\t\t<\/div>\n\t\t\t\t<\/div>\n\t\t\t\t<div class=\"elementor-element elementor-element-74c2745 elementor-widget elementor-widget-text-editor\" data-id=\"74c2745\" data-element_type=\"widget\" data-e-type=\"widget\" data-widget_type=\"text-editor.default\">\n\t\t\t\t<div class=\"elementor-widget-container\">\n\t\t\t\t\t\t\t\t\t<div style=\"text-align: center;\"><b>Saint-Nicolas rend visite aux enfants du Foot Animation, le mercredi 7 d\u00e9cembre<\/b>\n<br>A l&rsquo;occasion de la Saint Nicolas, un go\u00fbter sera organis\u00e9 au Club-house pour les U6 \u00e0 U13 :<\/br>\n\n<br>14h30 \u00e0 15h30 pour les U9.<\/br>\n\n<br>15h30 \u00e0 16h30 pour les U8-U7-U6.<\/br>\n\n<br>16h30 \u00e0 17h30 pour les U13-U12.<\/br>\n\n<br>17h30 \u00e0 18h30 pour les U11-U10.<\/br>\nAu niveau des entra\u00eenements du mercredi 7 , celui des :\nU11\/U10 est annul\u00e9.\nU13A est report\u00e9 au vendredi 9\/12 de 17h15 \u00e0 19h15.\nU9\/U8\/U7\/U6 : pas de changement, en salle, le matin.<\/div>\t\t\t\t\t\t\t\t<\/div>\n\t\t\t\t<\/div>\n\t\t\t\t<div class=\"elementor-element elementor-element-f72ede2 elementor-widget elementor-widget-spacer\" data-id=\"f72ede2\" data-element_type=\"widget\" data-e-type=\"widget\" data-widget_type=\"spacer.default\">\n\t\t\t\t<div class=\"elementor-widget-container\">\n\t\t\t\t\t\t\t<div class=\"elementor-spacer\">\n\t\t\t<div class=\"elementor-spacer-inner\"><\/div>\n\t\t<\/div>\n\t\t\t\t\t\t<\/div>\n\t\t\t\t<\/div>\n\t\t\t\t<div class=\"elementor-element elementor-element-2b12fa4 elementor-widget elementor-widget-heading\" data-id=\"2b12fa4\" data-element_type=\"widget\" data-e-type=\"widget\" data-widget_type=\"heading.default\">\n\t\t\t\t<div class=\"elementor-widget-container\">\n\t\t\t\t\t<h3 class=\"elementor-heading-title elementor-size-medium\">05 mars 2009 :<\/h3>\t\t\t\t<\/div>\n\t\t\t\t<\/div>\n\t\t\t\t<div class=\"elementor-element elementor-element-3939dbd elementor-widget elementor-widget-text-editor\" data-id=\"3939dbd\" data-element_type=\"widget\" data-e-type=\"widget\" data-widget_type=\"text-editor.default\">\n\t\t\t\t<div class=\"elementor-widget-container\">\n\t\t\t\t\t\t\t\t\t<div style=\"text-align: center;\">\n\n<br><b>SOIREE DU CLUB (28\/02\/09)<\/b><br>\nLes Photos sont disponibles  dans la rubrique \u00ab\u00a0Albums Photos\u00a0\u00bb\nSi vous voulez que vos photos soient publi\u00e9es, envoyez-les nous\navec vos commentaires si n\u00e9cessaire, en cliquant sur l&rsquo;animation ci-dessous :<\/div>\t\t\t\t\t\t\t\t<\/div>\n\t\t\t\t<\/div>\n\t\t\t\t<div class=\"elementor-element elementor-element-0951f81 elementor-widget elementor-widget-image\" data-id=\"0951f81\" data-element_type=\"widget\" data-e-type=\"widget\" data-widget_type=\"image.default\">\n\t\t\t\t<div class=\"elementor-widget-container\">\n\t\t\t\t\t\t\t\t\t\t\t\t\t\t\t<img loading=\"lazy\" decoding=\"async\" width=\"1024\" height=\"490\" src=\"https:\/\/toufflers-af.fr\/wp-content\/uploads\/2023\/03\/img1-1024x490.gif\" class=\"attachment-large size-large wp-image-1390\" alt=\"\" srcset=\"https:\/\/toufflers-af.fr\/wp-content\/uploads\/2023\/03\/img1-1024x490.gif 1024w, https:\/\/toufflers-af.fr\/wp-content\/uploads\/2023\/03\/img1-300x144.gif 300w, https:\/\/toufflers-af.fr\/wp-content\/uploads\/2023\/03\/img1-768x368.gif 768w, https:\/\/toufflers-af.fr\/wp-content\/uploads\/2023\/03\/img1-1536x736.gif 1536w, https:\/\/toufflers-af.fr\/wp-content\/uploads\/2023\/03\/img1-2048x981.gif 2048w\" sizes=\"(max-width: 1024px) 100vw, 1024px\" \/>\t\t\t\t\t\t\t\t\t\t\t\t\t\t\t<\/div>\n\t\t\t\t<\/div>\n\t\t\t\t<div class=\"elementor-element elementor-element-37f7c07 elementor-widget elementor-widget-text-editor\" data-id=\"37f7c07\" data-element_type=\"widget\" data-e-type=\"widget\" data-widget_type=\"text-editor.default\">\n\t\t\t\t<div class=\"elementor-widget-container\">\n\t\t\t\t\t\t\t\t\t<div style=\"text-align: center;\">\n\nLe <b>Dimanche 22 F\u00e9vrier<\/b>, les <b>VETERANS<\/b>, apr\u00e8s une int\u00e9ruption de presque 4 mois (ils n&rsquo;avaient pas jou\u00e9 de match officiel depuis le 02\/11\/08) ont remport\u00e9 une magnifique victoire en Coupe face \u00e0 CAESTRE AJL (3-2).\nNous les f\u00e9licitons et leur souhaitons une longue vie en Coupe !\nPour les amateurs de photos, profitez-en pour faire un tour dans la rubrique \u00ab\u00a0Albums photos\u00a0\u00bb, de nouvelles photos ont \u00e9t\u00e9 incluses.\n\n \n<\/div>\t\t\t\t\t\t\t\t<\/div>\n\t\t\t\t<\/div>\n\t\t\t\t<div class=\"elementor-element elementor-element-5738187 elementor-widget elementor-widget-spacer\" data-id=\"5738187\" data-element_type=\"widget\" data-e-type=\"widget\" data-widget_type=\"spacer.default\">\n\t\t\t\t<div class=\"elementor-widget-container\">\n\t\t\t\t\t\t\t<div class=\"elementor-spacer\">\n\t\t\t<div class=\"elementor-spacer-inner\"><\/div>\n\t\t<\/div>\n\t\t\t\t\t\t<\/div>\n\t\t\t\t<\/div>\n\t\t\t\t<div class=\"elementor-element elementor-element-f10381c elementor-widget elementor-widget-heading\" data-id=\"f10381c\" data-element_type=\"widget\" data-e-type=\"widget\" data-widget_type=\"heading.default\">\n\t\t\t\t<div class=\"elementor-widget-container\">\n\t\t\t\t\t<h3 class=\"elementor-heading-title elementor-size-medium\">05 mars 2009 :<\/h3>\t\t\t\t<\/div>\n\t\t\t\t<\/div>\n\t\t\t\t<div class=\"elementor-element elementor-element-62ff4da elementor-widget elementor-widget-text-editor\" data-id=\"62ff4da\" data-element_type=\"widget\" data-e-type=\"widget\" data-widget_type=\"text-editor.default\">\n\t\t\t\t<div class=\"elementor-widget-container\">\n\t\t\t\t\t\t\t\t\t<div style=\"text-align: center;\">\n\n<br><b>La phase 2 des Poussins-Benjamins<\/b>,<\/br>\nLa Phase 2 du Championnat Benjamins et Poussins d\u00e9marre le samedi 24 janvier.\nUne troisi\u00e8me \u00e9quipe Poussin a \u00e9t\u00e9 engag\u00e9e afin de faire jouer le maximum d&rsquo;enfants tous les samedis.\n\n<\/div>\t\t\t\t\t\t\t\t<\/div>\n\t\t\t\t<\/div>\n\t\t\t\t<div class=\"elementor-element elementor-element-3af8b92 elementor-widget elementor-widget-spacer\" data-id=\"3af8b92\" data-element_type=\"widget\" data-e-type=\"widget\" data-widget_type=\"spacer.default\">\n\t\t\t\t<div class=\"elementor-widget-container\">\n\t\t\t\t\t\t\t<div class=\"elementor-spacer\">\n\t\t\t<div class=\"elementor-spacer-inner\"><\/div>\n\t\t<\/div>\n\t\t\t\t\t\t<\/div>\n\t\t\t\t<\/div>\n\t\t\t\t<div class=\"elementor-element elementor-element-ce8694c elementor-widget elementor-widget-heading\" data-id=\"ce8694c\" data-element_type=\"widget\" data-e-type=\"widget\" data-widget_type=\"heading.default\">\n\t\t\t\t<div class=\"elementor-widget-container\">\n\t\t\t\t\t<h3 class=\"elementor-heading-title elementor-size-medium\">29 avril 2007 :<\/h3>\t\t\t\t<\/div>\n\t\t\t\t<\/div>\n\t\t\t\t<div class=\"elementor-element elementor-element-f416752 elementor-widget elementor-widget-text-editor\" data-id=\"f416752\" data-element_type=\"widget\" data-e-type=\"widget\" data-widget_type=\"text-editor.default\">\n\t\t\t\t<div class=\"elementor-widget-container\">\n\t\t\t\t\t\t\t\t\t<div style=\"text-align: center;\">\n\n<br><b>Jubil\u00e9 Marcel-Quique<\/b>,<\/br>\n\n\n<\/div>\t\t\t\t\t\t\t\t<\/div>\n\t\t\t\t<\/div>\n\t\t\t\t<div class=\"elementor-element elementor-element-beed32b elementor-widget elementor-widget-heading\" data-id=\"beed32b\" data-element_type=\"widget\" data-e-type=\"widget\" data-widget_type=\"heading.default\">\n\t\t\t\t<div class=\"elementor-widget-container\">\n\t\t\t\t\t<h3 class=\"elementor-heading-title elementor-size-medium\">1er avril 2007 :<\/h3>\t\t\t\t<\/div>\n\t\t\t\t<\/div>\n\t\t\t\t<div class=\"elementor-element elementor-element-7328540 elementor-widget elementor-widget-text-editor\" data-id=\"7328540\" data-element_type=\"widget\" data-e-type=\"widget\" data-widget_type=\"text-editor.default\">\n\t\t\t\t<div class=\"elementor-widget-container\">\n\t\t\t\t\t\t\t\t\t<div style=\"text-align: center;\">\n\n<br><b>Poisson d&rsquo;avril et r\u00e9alit\u00e9, faites la part des choses &#8230;<\/b>,<\/br>\n\nEn raison des intemp\u00e9ries pr\u00e9vues en cet fin de Week-End et dans le soucis de pr\u00e9server l&rsquo;\u00e9tat de nos anciens terrains.\nTous les matchs de ce dimanche \u00e0 Toufflers se joueront sur le SYNTHETIQUE\nDommage pour ceux qui ont cru pouvoir jouer \u00e0 Toufflers ce dimanche 1er avril sur le terrain synth\u00e9tique.\nCe n&rsquo;\u00e9tait qu&rsquo;un poisson d&rsquo;avril. Esp\u00e9rons cependant que tr\u00e8s vite, ce sera la r\u00e9alit\u00e9 et non un canular !\nPar contre la victoire des Seniors-B en ce 1er avril a bien \u00e9t\u00e9 une r\u00e9alit\u00e9.\nEsp\u00e9rons que ce sera le d\u00e9but d&rsquo;une belle  s\u00e9rie. Depuis le d\u00e9but 2007, on esp\u00e9rait cette victoire.\nBravo de l&rsquo;avoir fait contre les ex-premier du groupe !\n<\/div>\t\t\t\t\t\t\t\t<\/div>\n\t\t\t\t<\/div>\n\t\t\t\t<div class=\"elementor-element elementor-element-65a238b elementor-widget elementor-widget-spacer\" data-id=\"65a238b\" data-element_type=\"widget\" data-e-type=\"widget\" data-widget_type=\"spacer.default\">\n\t\t\t\t<div class=\"elementor-widget-container\">\n\t\t\t\t\t\t\t<div class=\"elementor-spacer\">\n\t\t\t<div class=\"elementor-spacer-inner\"><\/div>\n\t\t<\/div>\n\t\t\t\t\t\t<\/div>\n\t\t\t\t<\/div>\n\t\t\t\t<div class=\"elementor-element elementor-element-be57116 elementor-widget elementor-widget-heading\" data-id=\"be57116\" data-element_type=\"widget\" data-e-type=\"widget\" data-widget_type=\"heading.default\">\n\t\t\t\t<div class=\"elementor-widget-container\">\n\t\t\t\t\t<h3 class=\"elementor-heading-title elementor-size-medium\">12 mars 2007 :<\/h3>\t\t\t\t<\/div>\n\t\t\t\t<\/div>\n\t\t\t\t<div class=\"elementor-element elementor-element-54a6200 elementor-widget elementor-widget-text-editor\" data-id=\"54a6200\" data-element_type=\"widget\" data-e-type=\"widget\" data-widget_type=\"text-editor.default\">\n\t\t\t\t<div class=\"elementor-widget-container\">\n\t\t\t\t\t\t\t\t\t<div style=\"text-align: center;\">\n\n<br><b>Tournoi et Plateau en Salle des 10 et 11 mars<\/b>,<\/br>\n\n<br>Tournoi des Poussins r\u00e9sultats disponibles en cliquant <b>ici<\/b><\/br>\n<br>Plateau des D\u00e9butants r\u00e9sultats disponibles en cliquant <b>ici<\/b><\/br>\nMerci \u00e0 tous de votre participation\n\n<\/div>\t\t\t\t\t\t\t\t<\/div>\n\t\t\t\t<\/div>\n\t\t\t\t<div class=\"elementor-element elementor-element-162cd53 elementor-widget elementor-widget-spacer\" data-id=\"162cd53\" data-element_type=\"widget\" data-e-type=\"widget\" data-widget_type=\"spacer.default\">\n\t\t\t\t<div class=\"elementor-widget-container\">\n\t\t\t\t\t\t\t<div class=\"elementor-spacer\">\n\t\t\t<div class=\"elementor-spacer-inner\"><\/div>\n\t\t<\/div>\n\t\t\t\t\t\t<\/div>\n\t\t\t\t<\/div>\n\t\t\t\t<div class=\"elementor-element elementor-element-5aeec5e elementor-widget elementor-widget-heading\" data-id=\"5aeec5e\" data-element_type=\"widget\" data-e-type=\"widget\" data-widget_type=\"heading.default\">\n\t\t\t\t<div class=\"elementor-widget-container\">\n\t\t\t\t\t<h3 class=\"elementor-heading-title elementor-size-medium\">8 janvier 2007 :<\/h3>\t\t\t\t<\/div>\n\t\t\t\t<\/div>\n\t\t\t\t<div class=\"elementor-element elementor-element-a415580 elementor-widget elementor-widget-text-editor\" data-id=\"a415580\" data-element_type=\"widget\" data-e-type=\"widget\" data-widget_type=\"text-editor.default\">\n\t\t\t\t<div class=\"elementor-widget-container\">\n\t\t\t\t\t\t\t\t\t<div style=\"text-align: center;\">\n\n<br><b>Tournoi en Salle des benjamins<\/b>,<\/br>\n\nLes benjamins remercient la municipalit\u00e9 de Toufflers pour leur avoir permis de s&rsquo;entra\u00eener en salle\npendant les vacances de No\u00ebl pour pr\u00e9parer leur tournoi.\nMerci aux clubs d&rsquo;avoir particip\u00e9 au tournoi des Benjamins, les 6 et 7 janvier 2007.\n<\/div>\t\t\t\t\t\t\t\t<\/div>\n\t\t\t\t<\/div>\n\t\t\t\t<div class=\"elementor-element elementor-element-d9e66b4 elementor-widget elementor-widget-spacer\" data-id=\"d9e66b4\" data-element_type=\"widget\" data-e-type=\"widget\" data-widget_type=\"spacer.default\">\n\t\t\t\t<div class=\"elementor-widget-container\">\n\t\t\t\t\t\t\t<div class=\"elementor-spacer\">\n\t\t\t<div class=\"elementor-spacer-inner\"><\/div>\n\t\t<\/div>\n\t\t\t\t\t\t<\/div>\n\t\t\t\t<\/div>\n\t\t\t\t<div class=\"elementor-element elementor-element-1ea3e6f elementor-widget elementor-widget-heading\" data-id=\"1ea3e6f\" data-element_type=\"widget\" data-e-type=\"widget\" data-widget_type=\"heading.default\">\n\t\t\t\t<div class=\"elementor-widget-container\">\n\t\t\t\t\t<h3 class=\"elementor-heading-title elementor-size-medium\">26 septembre 2006 :<\/h3>\t\t\t\t<\/div>\n\t\t\t\t<\/div>\n\t\t\t\t<div class=\"elementor-element elementor-element-d0d88b9 elementor-widget elementor-widget-text-editor\" data-id=\"d0d88b9\" data-element_type=\"widget\" data-e-type=\"widget\" data-widget_type=\"text-editor.default\">\n\t\t\t\t<div class=\"elementor-widget-container\">\n\t\t\t\t\t\t\t\t\t<div style=\"text-align: center;\">\n\n<br><b> Les Benjamins au Stade Bollaert<\/b>,<\/br>\n\nLe TAF \u00e9tait pr\u00e9sent au match LOSC &#8211; MILAN AC  (0-0). Merci aux parents qui ont\norganis\u00e9 le d\u00e9placement et au District Flandre qui a offert les places \u00e0 la fin de la journ\u00e9e\nd&rsquo;accueil des Benjamins qui s&rsquo;est d\u00e9roul\u00e9 \u00e0 Templeuve le samedi 23 septembre.\ncliquez sur la photo pour l&rsquo;agrandir\n\n<\/div>\t\t\t\t\t\t\t\t<\/div>\n\t\t\t\t<\/div>\n\t\t\t\t<div class=\"elementor-element elementor-element-40a4784 elementor-widget elementor-widget-image\" data-id=\"40a4784\" data-element_type=\"widget\" data-e-type=\"widget\" data-widget_type=\"image.default\">\n\t\t\t\t<div class=\"elementor-widget-container\">\n\t\t\t\t\t\t\t\t\t\t\t\t\t\t\t<img loading=\"lazy\" decoding=\"async\" width=\"1024\" height=\"826\" src=\"https:\/\/toufflers-af.fr\/wp-content\/uploads\/2023\/03\/Bollaert-1024x826.jpg\" class=\"attachment-large size-large wp-image-1427\" alt=\"\" srcset=\"https:\/\/toufflers-af.fr\/wp-content\/uploads\/2023\/03\/Bollaert-1024x826.jpg 1024w, https:\/\/toufflers-af.fr\/wp-content\/uploads\/2023\/03\/Bollaert-300x242.jpg 300w, https:\/\/toufflers-af.fr\/wp-content\/uploads\/2023\/03\/Bollaert-768x619.jpg 768w, https:\/\/toufflers-af.fr\/wp-content\/uploads\/2023\/03\/Bollaert-1536x1239.jpg 1536w, https:\/\/toufflers-af.fr\/wp-content\/uploads\/2023\/03\/Bollaert.jpg 1820w\" sizes=\"(max-width: 1024px) 100vw, 1024px\" \/>\t\t\t\t\t\t\t\t\t\t\t\t\t\t\t<\/div>\n\t\t\t\t<\/div>\n\t\t\t\t<div class=\"elementor-element elementor-element-64f066e elementor-widget elementor-widget-spacer\" data-id=\"64f066e\" data-element_type=\"widget\" data-e-type=\"widget\" data-widget_type=\"spacer.default\">\n\t\t\t\t<div class=\"elementor-widget-container\">\n\t\t\t\t\t\t\t<div class=\"elementor-spacer\">\n\t\t\t<div class=\"elementor-spacer-inner\"><\/div>\n\t\t<\/div>\n\t\t\t\t\t\t<\/div>\n\t\t\t\t<\/div>\n\t\t\t\t<div class=\"elementor-element elementor-element-7ea30ce elementor-widget elementor-widget-heading\" data-id=\"7ea30ce\" data-element_type=\"widget\" data-e-type=\"widget\" data-widget_type=\"heading.default\">\n\t\t\t\t<div class=\"elementor-widget-container\">\n\t\t\t\t\t<h3 class=\"elementor-heading-title elementor-size-medium\">18 juin 2006 :<\/h3>\t\t\t\t<\/div>\n\t\t\t\t<\/div>\n\t\t\t\t<div class=\"elementor-element elementor-element-83a7fe6 elementor-widget elementor-widget-text-editor\" data-id=\"83a7fe6\" data-element_type=\"widget\" data-e-type=\"widget\" data-widget_type=\"text-editor.default\">\n\t\t\t\t<div class=\"elementor-widget-container\">\n\t\t\t\t\t\t\t\t\t<div style=\"text-align: center;\">\n\n<br><b>FELICITATIONS  !!! <\/b>,<\/br>\n\nC&rsquo;est fait : Apr\u00e8s les 13 Ans, ce sont les Seniors-A qui deviennent champion, \n\n<\/div>\t\t\t\t\t\t\t\t<\/div>\n\t\t\t\t<\/div>\n\t\t\t\t<div class=\"elementor-element elementor-element-91e6223 elementor-widget elementor-widget-spacer\" data-id=\"91e6223\" data-element_type=\"widget\" data-e-type=\"widget\" data-widget_type=\"spacer.default\">\n\t\t\t\t<div class=\"elementor-widget-container\">\n\t\t\t\t\t\t\t<div class=\"elementor-spacer\">\n\t\t\t<div class=\"elementor-spacer-inner\"><\/div>\n\t\t<\/div>\n\t\t\t\t\t\t<\/div>\n\t\t\t\t<\/div>\n\t\t\t\t<div class=\"elementor-element elementor-element-7333d12 elementor-widget elementor-widget-heading\" data-id=\"7333d12\" data-element_type=\"widget\" data-e-type=\"widget\" data-widget_type=\"heading.default\">\n\t\t\t\t<div class=\"elementor-widget-container\">\n\t\t\t\t\t<h3 class=\"elementor-heading-title elementor-size-medium\">20 mai 2006 :<\/h3>\t\t\t\t<\/div>\n\t\t\t\t<\/div>\n\t\t\t\t<div class=\"elementor-element elementor-element-f5c23eb elementor-widget elementor-widget-text-editor\" data-id=\"f5c23eb\" data-element_type=\"widget\" data-e-type=\"widget\" data-widget_type=\"text-editor.default\">\n\t\t\t\t<div class=\"elementor-widget-container\">\n\t\t\t\t\t\t\t\t\t<div style=\"text-align: center;\">\n\n<br><b>A une journ\u00e9e de la fin du Championnat, les 13 ANS sont d&rsquo;or et d\u00e9j\u00e0 CHAMPION<\/b>,<\/br>\n\n gr\u00e2ce \u00e0 leur victoire chez leur dauphin, CROIX IC sur le score de 1-2.\nSamedi 27, les 13 Ans f\u00eateront leur sacre \u00e0 TOUFFLERS apr\u00e8s avoir rencontr\u00e9 Roubaix Assec pour l&rsquo;honneur.\n<br><b>Les Seniors-A devront attendre le 11 juin pour esp\u00e9rer d&rsquo;\u00eatre \u00e9galement champion !<\/b><\/br>\n\n<\/div>\t\t\t\t\t\t\t\t<\/div>\n\t\t\t\t<\/div>\n\t\t\t\t<div class=\"elementor-element elementor-element-e1234fd elementor-widget elementor-widget-spacer\" data-id=\"e1234fd\" data-element_type=\"widget\" data-e-type=\"widget\" data-widget_type=\"spacer.default\">\n\t\t\t\t<div class=\"elementor-widget-container\">\n\t\t\t\t\t\t\t<div class=\"elementor-spacer\">\n\t\t\t<div class=\"elementor-spacer-inner\"><\/div>\n\t\t<\/div>\n\t\t\t\t\t\t<\/div>\n\t\t\t\t<\/div>\n\t\t\t\t<div class=\"elementor-element elementor-element-80f8ce5 elementor-widget elementor-widget-heading\" data-id=\"80f8ce5\" data-element_type=\"widget\" data-e-type=\"widget\" data-widget_type=\"heading.default\">\n\t\t\t\t<div class=\"elementor-widget-container\">\n\t\t\t\t\t<h3 class=\"elementor-heading-title elementor-size-medium\">27 mars 2006 :<\/h3>\t\t\t\t<\/div>\n\t\t\t\t<\/div>\n\t\t\t\t<section class=\"elementor-section elementor-inner-section elementor-element elementor-element-91d9011 elementor-section-boxed elementor-section-height-default elementor-section-height-default\" data-id=\"91d9011\" data-element_type=\"section\" data-e-type=\"section\">\n\t\t\t\t\t\t<div class=\"elementor-container elementor-column-gap-default\">\n\t\t\t\t\t<div class=\"elementor-column elementor-col-50 elementor-inner-column elementor-element elementor-element-2fef954\" data-id=\"2fef954\" data-element_type=\"column\" data-e-type=\"column\">\n\t\t\t<div class=\"elementor-widget-wrap elementor-element-populated\">\n\t\t\t\t\t\t<div class=\"elementor-element elementor-element-1d2ee94 elementor-widget__width-inherit elementor-widget elementor-widget-image\" data-id=\"1d2ee94\" data-element_type=\"widget\" data-e-type=\"widget\" data-widget_type=\"image.default\">\n\t\t\t\t<div class=\"elementor-widget-container\">\n\t\t\t\t\t\t\t\t\t\t\t\t\t\t\t<img loading=\"lazy\" decoding=\"async\" width=\"144\" height=\"180\" src=\"https:\/\/toufflers-af.fr\/wp-content\/uploads\/2023\/03\/Nicolas-BALLEREAU.jpg\" class=\"attachment-large size-large wp-image-1434\" alt=\"\" \/>\t\t\t\t\t\t\t\t\t\t\t\t\t\t\t<\/div>\n\t\t\t\t<\/div>\n\t\t\t\t\t<\/div>\n\t\t<\/div>\n\t\t\t\t<div class=\"elementor-column elementor-col-50 elementor-inner-column elementor-element elementor-element-ede1f9b\" data-id=\"ede1f9b\" data-element_type=\"column\" data-e-type=\"column\">\n\t\t\t<div class=\"elementor-widget-wrap elementor-element-populated\">\n\t\t\t\t\t\t<div class=\"elementor-element elementor-element-c7f3406 elementor-widget-divider--view-line elementor-widget elementor-widget-divider\" data-id=\"c7f3406\" data-element_type=\"widget\" data-e-type=\"widget\" data-widget_type=\"divider.default\">\n\t\t\t\t<div class=\"elementor-widget-container\">\n\t\t\t\t\t\t\t<div class=\"elementor-divider\">\n\t\t\t<span class=\"elementor-divider-separator\">\n\t\t\t\t\t\t<\/span>\n\t\t<\/div>\n\t\t\t\t\t\t<\/div>\n\t\t\t\t<\/div>\n\t\t\t\t<div class=\"elementor-element elementor-element-475f0ad elementor-widget__width-auto elementor-view-default elementor-widget elementor-widget-icon\" data-id=\"475f0ad\" data-element_type=\"widget\" data-e-type=\"widget\" data-widget_type=\"icon.default\">\n\t\t\t\t<div class=\"elementor-widget-container\">\n\t\t\t\t\t\t\t<div class=\"elementor-icon-wrapper\">\n\t\t\t<div class=\"elementor-icon\">\n\t\t\t<i aria-hidden=\"true\" class=\"far fa-sad-cry\"><\/i>\t\t\t<\/div>\n\t\t<\/div>\n\t\t\t\t\t\t<\/div>\n\t\t\t\t<\/div>\n\t\t\t\t<div class=\"elementor-element elementor-element-4ecf599 elementor-widget__width-auto elementor-widget elementor-widget-text-editor\" data-id=\"4ecf599\" data-element_type=\"widget\" data-e-type=\"widget\" data-widget_type=\"text-editor.default\">\n\t\t\t\t<div class=\"elementor-widget-container\">\n\t\t\t\t\t\t\t\t\t<p style=\"text-align: center;\"><strong><span style=\"color: #ff0000;\"> Nicolas BALLEREAU nous a quitt\u00e9&#8230;<\/span><\/strong><\/p>\t\t\t\t\t\t\t\t<\/div>\n\t\t\t\t<\/div>\n\t\t\t\t<div class=\"elementor-element elementor-element-42b0963 elementor-widget elementor-widget-text-editor\" data-id=\"42b0963\" data-element_type=\"widget\" data-e-type=\"widget\" data-widget_type=\"text-editor.default\">\n\t\t\t\t<div class=\"elementor-widget-container\">\n\t\t\t\t\t\t\t\t\t<div style=\"text-align: left;\">\nNicolas BALLEREAU nous a quitt\u00e9 accidentellement ce lundi 27 mars 2006 vers 4h30 alors que le 8 mai prochain, il aurait du f\u00eater ses 24 ans.\nJoueur au club depuis sa tendre enfance, il a donn\u00e9 beaucoup de \u00ab\u00a0punch\u00a0\u00bb cette saison \u00e0 l&rsquo;\u00e9quipe premi\u00e8re. Il n&rsquo;avait que des amis dans son \u00e9quipe et au club.\nSa disparition soudaine laisse un grand vide \u00e0 Toufflers.\nSes cendres reposent maintenant au columbarium du cimeti\u00e8re de Toufflers.\nAu del\u00e0 du foot, notre pens\u00e9e se dirige \u00e0 chaque instant vers Nicolas.\nMaintenant c&rsquo;est sa famille qui a besoin d&rsquo;aide pour supporter ce terrible \u00e9v\u00e9nement.<\/div>\t\t\t\t\t\t\t\t<\/div>\n\t\t\t\t<\/div>\n\t\t\t\t\t<\/div>\n\t\t<\/div>\n\t\t\t\t\t<\/div>\n\t\t<\/section>\n\t\t\t\t<div class=\"elementor-element elementor-element-17eb6a4 elementor-widget-divider--view-line elementor-widget elementor-widget-divider\" data-id=\"17eb6a4\" data-element_type=\"widget\" data-e-type=\"widget\" data-widget_type=\"divider.default\">\n\t\t\t\t<div class=\"elementor-widget-container\">\n\t\t\t\t\t\t\t<div class=\"elementor-divider\">\n\t\t\t<span class=\"elementor-divider-separator\">\n\t\t\t\t\t\t<\/span>\n\t\t<\/div>\n\t\t\t\t\t\t<\/div>\n\t\t\t\t<\/div>\n\t\t\t\t<div class=\"elementor-element elementor-element-9a37105 elementor-widget elementor-widget-spacer\" data-id=\"9a37105\" data-element_type=\"widget\" data-e-type=\"widget\" data-widget_type=\"spacer.default\">\n\t\t\t\t<div class=\"elementor-widget-container\">\n\t\t\t\t\t\t\t<div class=\"elementor-spacer\">\n\t\t\t<div class=\"elementor-spacer-inner\"><\/div>\n\t\t<\/div>\n\t\t\t\t\t\t<\/div>\n\t\t\t\t<\/div>\n\t\t\t\t<div class=\"elementor-element elementor-element-7dcbf1a elementor-widget elementor-widget-heading\" data-id=\"7dcbf1a\" data-element_type=\"widget\" data-e-type=\"widget\" data-widget_type=\"heading.default\">\n\t\t\t\t<div class=\"elementor-widget-container\">\n\t\t\t\t\t<h3 class=\"elementor-heading-title elementor-size-medium\">3 mars 2006 :<\/h3>\t\t\t\t<\/div>\n\t\t\t\t<\/div>\n\t\t\t\t<div class=\"elementor-element elementor-element-afaf1d0 elementor-widget elementor-widget-text-editor\" data-id=\"afaf1d0\" data-element_type=\"widget\" data-e-type=\"widget\" data-widget_type=\"text-editor.default\">\n\t\t\t\t<div class=\"elementor-widget-container\">\n\t\t\t\t\t\t\t\t\t<div style=\"text-align: center;\">\n\n<br><b> Tournoi Poussins  et  Plateau D\u00e9butants<\/b>,<\/br>\n\nMerci d&rsquo;\u00eatre venus nombreux encourager les POUSSINS et  DEBUTANTS au TOURNOI en SALLE\ndes 25 et 26 f\u00e9vrier 2006 \u00e0 TOUFFLERS. Pour un lien direct vers les R\u00c9SULTATS ,<br> cliquez ci-dessus sur le titre<\/br>\n<\/div>\t\t\t\t\t\t\t\t<\/div>\n\t\t\t\t<\/div>\n\t\t\t\t<div class=\"elementor-element elementor-element-0f6593f elementor-widget elementor-widget-spacer\" data-id=\"0f6593f\" data-element_type=\"widget\" data-e-type=\"widget\" data-widget_type=\"spacer.default\">\n\t\t\t\t<div class=\"elementor-widget-container\">\n\t\t\t\t\t\t\t<div class=\"elementor-spacer\">\n\t\t\t<div class=\"elementor-spacer-inner\"><\/div>\n\t\t<\/div>\n\t\t\t\t\t\t<\/div>\n\t\t\t\t<\/div>\n\t\t\t\t<div class=\"elementor-element elementor-element-c6295f6 elementor-widget elementor-widget-heading\" data-id=\"c6295f6\" data-element_type=\"widget\" data-e-type=\"widget\" data-widget_type=\"heading.default\">\n\t\t\t\t<div class=\"elementor-widget-container\">\n\t\t\t\t\t<h3 class=\"elementor-heading-title elementor-size-medium\">28 f\u00e9vrier 2006 :<\/h3>\t\t\t\t<\/div>\n\t\t\t\t<\/div>\n\t\t\t\t<div class=\"elementor-element elementor-element-6de4b67 elementor-widget elementor-widget-text-editor\" data-id=\"6de4b67\" data-element_type=\"widget\" data-e-type=\"widget\" data-widget_type=\"text-editor.default\">\n\t\t\t\t<div class=\"elementor-widget-container\">\n\t\t\t\t\t\t\t\t\t<div style=\"text-align: center;\">\n\n<br><b> Entra\u00eenements en Salle TERMINES pour la saison 2005-2006<\/b>,<\/br>\n\nDor\u00e9navant, tous les entra\u00eenements auront lieu \u00e0 l&rsquo;ext\u00e9rieur pour toutes les cat\u00e9gories (entra\u00eenements en salle termin\u00e9s pour la saison 2005-2006).\n<\/div>\t\t\t\t\t\t\t\t<\/div>\n\t\t\t\t<\/div>\n\t\t\t\t<div class=\"elementor-element elementor-element-4b876ea elementor-widget elementor-widget-spacer\" data-id=\"4b876ea\" data-element_type=\"widget\" data-e-type=\"widget\" data-widget_type=\"spacer.default\">\n\t\t\t\t<div class=\"elementor-widget-container\">\n\t\t\t\t\t\t\t<div class=\"elementor-spacer\">\n\t\t\t<div class=\"elementor-spacer-inner\"><\/div>\n\t\t<\/div>\n\t\t\t\t\t\t<\/div>\n\t\t\t\t<\/div>\n\t\t\t\t<div class=\"elementor-element elementor-element-5614405 elementor-widget elementor-widget-heading\" data-id=\"5614405\" data-element_type=\"widget\" data-e-type=\"widget\" data-widget_type=\"heading.default\">\n\t\t\t\t<div class=\"elementor-widget-container\">\n\t\t\t\t\t<h3 class=\"elementor-heading-title elementor-size-medium\">17 f\u00e9vrier 2006 :<\/h3>\t\t\t\t<\/div>\n\t\t\t\t<\/div>\n\t\t\t\t<div class=\"elementor-element elementor-element-41edbea elementor-widget elementor-widget-text-editor\" data-id=\"41edbea\" data-element_type=\"widget\" data-e-type=\"widget\" data-widget_type=\"text-editor.default\">\n\t\t\t\t<div class=\"elementor-widget-container\">\n\t\t\t\t\t\t\t\t\t<div style=\"text-align: center;\">\n\n<br><b>ALBUMS PHOTOS<\/b>,<br>\n\nL&rsquo;album photo du site s&rsquo;agrandit. Vous pouvez maintenant retrouver toutes les \u00e9quipes du TAF.\n Les joueurs ont rev\u00eatu les derniers maillots re\u00e7us par nos sponsors.\n<\/div>\t\t\t\t\t\t\t\t<\/div>\n\t\t\t\t<\/div>\n\t\t\t\t<div class=\"elementor-element elementor-element-3bb3b06 elementor-widget elementor-widget-spacer\" data-id=\"3bb3b06\" data-element_type=\"widget\" data-e-type=\"widget\" data-widget_type=\"spacer.default\">\n\t\t\t\t<div class=\"elementor-widget-container\">\n\t\t\t\t\t\t\t<div class=\"elementor-spacer\">\n\t\t\t<div class=\"elementor-spacer-inner\"><\/div>\n\t\t<\/div>\n\t\t\t\t\t\t<\/div>\n\t\t\t\t<\/div>\n\t\t\t\t<div class=\"elementor-element elementor-element-798e862 elementor-widget elementor-widget-heading\" data-id=\"798e862\" data-element_type=\"widget\" data-e-type=\"widget\" data-widget_type=\"heading.default\">\n\t\t\t\t<div class=\"elementor-widget-container\">\n\t\t\t\t\t<h3 class=\"elementor-heading-title elementor-size-medium\"> 15 f\u00e9vrier 2006 :<\/h3>\t\t\t\t<\/div>\n\t\t\t\t<\/div>\n\t\t\t\t<div class=\"elementor-element elementor-element-1508ed5 elementor-widget elementor-widget-text-editor\" data-id=\"1508ed5\" data-element_type=\"widget\" data-e-type=\"widget\" data-widget_type=\"text-editor.default\">\n\t\t\t\t<div class=\"elementor-widget-container\">\n\t\t\t\t\t\t\t\t\t<div style=\"text-align: center;\">\n\n<br><b>Rassemblement de toutes les filles du club<\/b>,<\/br>\n\nUn rassemblement des filles des environs avec entra\u00eenements aura lieu les mercredi 22 f\u00e9vrier et 22 mars au stade de Baisieux.\n<br>Toutes les filles licenci\u00e9es \u00e0 Toufflers ont rendez vous au Parking des \u00c9coles<\/br>\nle mercredi 22 f\u00e9vrier \u00e0 15h00 pour un d\u00e9placement group\u00e9. \n\n<\/div>\t\t\t\t\t\t\t\t<\/div>\n\t\t\t\t<\/div>\n\t\t\t\t<div class=\"elementor-element elementor-element-7b44cec elementor-widget elementor-widget-spacer\" data-id=\"7b44cec\" data-element_type=\"widget\" data-e-type=\"widget\" data-widget_type=\"spacer.default\">\n\t\t\t\t<div class=\"elementor-widget-container\">\n\t\t\t\t\t\t\t<div class=\"elementor-spacer\">\n\t\t\t<div class=\"elementor-spacer-inner\"><\/div>\n\t\t<\/div>\n\t\t\t\t\t\t<\/div>\n\t\t\t\t<\/div>\n\t\t\t\t<div class=\"elementor-element elementor-element-6bd24b8 elementor-widget elementor-widget-heading\" data-id=\"6bd24b8\" data-element_type=\"widget\" data-e-type=\"widget\" data-widget_type=\"heading.default\">\n\t\t\t\t<div class=\"elementor-widget-container\">\n\t\t\t\t\t<h3 class=\"elementor-heading-title elementor-size-medium\">31 d\u00e9cembre 2005 :<\/h3>\t\t\t\t<\/div>\n\t\t\t\t<\/div>\n\t\t\t\t<div class=\"elementor-element elementor-element-7cd6c1f elementor-widget elementor-widget-text-editor\" data-id=\"7cd6c1f\" data-element_type=\"widget\" data-e-type=\"widget\" data-widget_type=\"text-editor.default\">\n\t\t\t\t<div class=\"elementor-widget-container\">\n\t\t\t\t\t\t\t\t\t<div style=\"text-align: center;\">\n\n<br><b>Calendrier de la phase 2 des Benjamins et Poussins<\/b>,<\/br>\n\nL&rsquo;agenda du championnat de la phase 2 des Benjamins et  des Poussins est maintenant disponible dans la rubrique <br>\u00ab\u00a0planning des matchs\u00a0\u00bb<\/br>\n<\/div>\t\t\t\t\t\t\t\t<\/div>\n\t\t\t\t<\/div>\n\t\t\t\t<div class=\"elementor-element elementor-element-aa33d86 elementor-widget elementor-widget-spacer\" data-id=\"aa33d86\" data-element_type=\"widget\" data-e-type=\"widget\" data-widget_type=\"spacer.default\">\n\t\t\t\t<div class=\"elementor-widget-container\">\n\t\t\t\t\t\t\t<div class=\"elementor-spacer\">\n\t\t\t<div class=\"elementor-spacer-inner\"><\/div>\n\t\t<\/div>\n\t\t\t\t\t\t<\/div>\n\t\t\t\t<\/div>\n\t\t\t\t<div class=\"elementor-element elementor-element-99926e4 elementor-widget elementor-widget-heading\" data-id=\"99926e4\" data-element_type=\"widget\" data-e-type=\"widget\" data-widget_type=\"heading.default\">\n\t\t\t\t<div class=\"elementor-widget-container\">\n\t\t\t\t\t<h3 class=\"elementor-heading-title elementor-size-medium\">22 d\u00e9cembre 2005 :<\/h3>\t\t\t\t<\/div>\n\t\t\t\t<\/div>\n\t\t\t\t<div class=\"elementor-element elementor-element-e5ba6b6 elementor-widget elementor-widget-text-editor\" data-id=\"e5ba6b6\" data-element_type=\"widget\" data-e-type=\"widget\" data-widget_type=\"text-editor.default\">\n\t\t\t\t<div class=\"elementor-widget-container\">\n\t\t\t\t\t\t\t\t\t<div style=\"text-align: center;\">\n\n<br><b>La tr\u00eave d\u00e9bute aujourd&rsquo;hui<\/b>,<\/br>\n\nReprise le mardi 3 janvier 2006  &#8211; Bonne vacances &#8211; Bonnes f\u00eates de fin d&rsquo;ann\u00e9e&#8230;\n\n<\/div>\t\t\t\t\t\t\t\t<\/div>\n\t\t\t\t<\/div>\n\t\t\t\t<div class=\"elementor-element elementor-element-5a260ee elementor-widget elementor-widget-spacer\" data-id=\"5a260ee\" data-element_type=\"widget\" data-e-type=\"widget\" data-widget_type=\"spacer.default\">\n\t\t\t\t<div class=\"elementor-widget-container\">\n\t\t\t\t\t\t\t<div class=\"elementor-spacer\">\n\t\t\t<div class=\"elementor-spacer-inner\"><\/div>\n\t\t<\/div>\n\t\t\t\t\t\t<\/div>\n\t\t\t\t<\/div>\n\t\t\t\t<div class=\"elementor-element elementor-element-27b4094 elementor-widget elementor-widget-heading\" data-id=\"27b4094\" data-element_type=\"widget\" data-e-type=\"widget\" data-widget_type=\"heading.default\">\n\t\t\t\t<div class=\"elementor-widget-container\">\n\t\t\t\t\t<h3 class=\"elementor-heading-title elementor-size-medium\">5 d\u00e9cembre 2005 :<\/h3>\t\t\t\t<\/div>\n\t\t\t\t<\/div>\n\t\t\t\t<div class=\"elementor-element elementor-element-1a15f85 elementor-widget elementor-widget-text-editor\" data-id=\"1a15f85\" data-element_type=\"widget\" data-e-type=\"widget\" data-widget_type=\"text-editor.default\">\n\t\t\t\t<div class=\"elementor-widget-container\">\n\t\t\t\t\t\t\t\t\t<div style=\"text-align: center;\">\n\n<br><b>Le TAF en Coupe<\/b>,<\/br>\n\nCoupe du Fr\u00e8re Hubert, les 13 Ans sont pass\u00e9s pr\u00e8s de l&rsquo;exploit en s&rsquo;inclinant 2-1 face \u00e0 STEENBECQUE \u00e9voluant 3 divisions sup\u00e9rieures !\n<br>Le TAF continue en Coupe Deffrennes. Nos Seniors-A sont sortis vainqueur avec brio du derby qui les opposaient \u00e0 SAILLY FC (2-0) !<\/br>\n\n<\/div>\t\t\t\t\t\t\t\t<\/div>\n\t\t\t\t<\/div>\n\t\t\t\t<div class=\"elementor-element elementor-element-92d9b25 elementor-widget elementor-widget-spacer\" data-id=\"92d9b25\" data-element_type=\"widget\" data-e-type=\"widget\" data-widget_type=\"spacer.default\">\n\t\t\t\t<div class=\"elementor-widget-container\">\n\t\t\t\t\t\t\t<div class=\"elementor-spacer\">\n\t\t\t<div class=\"elementor-spacer-inner\"><\/div>\n\t\t<\/div>\n\t\t\t\t\t\t<\/div>\n\t\t\t\t<\/div>\n\t\t\t\t<div class=\"elementor-element elementor-element-13d0c5a elementor-widget elementor-widget-heading\" data-id=\"13d0c5a\" data-element_type=\"widget\" data-e-type=\"widget\" data-widget_type=\"heading.default\">\n\t\t\t\t<div class=\"elementor-widget-container\">\n\t\t\t\t\t<h3 class=\"elementor-heading-title elementor-size-medium\">4 ao\u00fbt 2005 :<\/h3>\t\t\t\t<\/div>\n\t\t\t\t<\/div>\n\t\t\t\t<div class=\"elementor-element elementor-element-fcab527 elementor-widget elementor-widget-text-editor\" data-id=\"fcab527\" data-element_type=\"widget\" data-e-type=\"widget\" data-widget_type=\"text-editor.default\">\n\t\t\t\t<div class=\"elementor-widget-container\">\n\t\t\t\t\t\t\t\t\t<div style=\"text-align: center;\">\n\n<br><b>Calendriers Saison 2005-2006<\/b>,<\/br>\n\nTous les calendriers du Championnat du TAF et de PROMOD pour la saison 2005-2006 sont maintenant \u00e0 votre disposition dans la rubrique <br>\u00ab\u00a0Planning des matchs\u00a0\u00bb<\/br>\n  Mais avant le Championnat, r\u00e9servez votre dimanche 28 ao\u00fbt pour le premier tour de la Coupe de France : TOUFFLERS re\u00e7oit SAINT JANS CAPPEL  OJ \u00e0 15h00 au Stade Municipal de Toufflers.\n\nSuite &#8230;\n\n<\/div>\t\t\t\t\t\t\t\t<\/div>\n\t\t\t\t<\/div>\n\t\t\t\t<div class=\"elementor-element elementor-element-94d58bc elementor-widget elementor-widget-spacer\" data-id=\"94d58bc\" data-element_type=\"widget\" data-e-type=\"widget\" data-widget_type=\"spacer.default\">\n\t\t\t\t<div class=\"elementor-widget-container\">\n\t\t\t\t\t\t\t<div class=\"elementor-spacer\">\n\t\t\t<div class=\"elementor-spacer-inner\"><\/div>\n\t\t<\/div>\n\t\t\t\t\t\t<\/div>\n\t\t\t\t<\/div>\n\t\t\t\t<div class=\"elementor-element elementor-element-571cebd elementor-widget elementor-widget-heading\" data-id=\"571cebd\" data-element_type=\"widget\" data-e-type=\"widget\" data-widget_type=\"heading.default\">\n\t\t\t\t<div class=\"elementor-widget-container\">\n\t\t\t\t\t<h3 class=\"elementor-heading-title elementor-size-medium\">10 juin 2005 :<\/h3>\t\t\t\t<\/div>\n\t\t\t\t<\/div>\n\t\t\t\t<div class=\"elementor-element elementor-element-c6449ce elementor-widget elementor-widget-text-editor\" data-id=\"c6449ce\" data-element_type=\"widget\" data-e-type=\"widget\" data-widget_type=\"text-editor.default\">\n\t\t\t\t<div class=\"elementor-widget-container\">\n\t\t\t\t\t\t\t\t\t<div style=\"text-align: center;\">\n\n<br><b> Tournoi de P\u00e9tanque le samedi 18 juin<\/b>,<\/br>\n\nUn tournoi de P\u00e9tanque, organis\u00e9 par le TAF au complexe Sportif de Toufflers aura lieu samedi 18 juin dans l&rsquo;apr\u00e8s-midi &#8211; Inscription sur place \u00e0 14h00.\nSuite &#8230;\n\n<\/div>\t\t\t\t\t\t\t\t<\/div>\n\t\t\t\t<\/div>\n\t\t\t\t<div class=\"elementor-element elementor-element-d636f84 elementor-widget elementor-widget-spacer\" data-id=\"d636f84\" data-element_type=\"widget\" data-e-type=\"widget\" data-widget_type=\"spacer.default\">\n\t\t\t\t<div class=\"elementor-widget-container\">\n\t\t\t\t\t\t\t<div class=\"elementor-spacer\">\n\t\t\t<div class=\"elementor-spacer-inner\"><\/div>\n\t\t<\/div>\n\t\t\t\t\t\t<\/div>\n\t\t\t\t<\/div>\n\t\t\t\t<div class=\"elementor-element elementor-element-64149d3 elementor-widget elementor-widget-heading\" data-id=\"64149d3\" data-element_type=\"widget\" data-e-type=\"widget\" data-widget_type=\"heading.default\">\n\t\t\t\t<div class=\"elementor-widget-container\">\n\t\t\t\t\t<h3 class=\"elementor-heading-title elementor-size-medium\"> 8 juin 2005 :<\/h3>\t\t\t\t<\/div>\n\t\t\t\t<\/div>\n\t\t\t\t<div class=\"elementor-element elementor-element-5757158 elementor-widget elementor-widget-text-editor\" data-id=\"5757158\" data-element_type=\"widget\" data-e-type=\"widget\" data-widget_type=\"text-editor.default\">\n\t\t\t\t<div class=\"elementor-widget-container\">\n\t\t\t\t\t\t\t\t\t<div style=\"text-align: center;\">\n\n<br><b> Assembl\u00e9e G\u00e9n\u00e9rale du TAF le vendredi 10 juin<\/b>,<\/br>\n\nL&rsquo;Assembl\u00e9e g\u00e9n\u00e9rale du TOUFFLERS ATHLETIC FOOTBALL d\u00e9butera \u00e0 19h00 au stade de Toufflers.\nTous les dirigeants, joueurs, arbitres, parents doivent \u00eatre pr\u00e9sent \u00e0 ce lieu de rencontre annuel.\n\n<\/div>\t\t\t\t\t\t\t\t<\/div>\n\t\t\t\t<\/div>\n\t\t\t\t<div class=\"elementor-element elementor-element-055b8c2 elementor-widget elementor-widget-spacer\" data-id=\"055b8c2\" data-element_type=\"widget\" data-e-type=\"widget\" data-widget_type=\"spacer.default\">\n\t\t\t\t<div class=\"elementor-widget-container\">\n\t\t\t\t\t\t\t<div class=\"elementor-spacer\">\n\t\t\t<div class=\"elementor-spacer-inner\"><\/div>\n\t\t<\/div>\n\t\t\t\t\t\t<\/div>\n\t\t\t\t<\/div>\n\t\t\t\t<div class=\"elementor-element elementor-element-bea00bf elementor-widget elementor-widget-heading\" data-id=\"bea00bf\" data-element_type=\"widget\" data-e-type=\"widget\" data-widget_type=\"heading.default\">\n\t\t\t\t<div class=\"elementor-widget-container\">\n\t\t\t\t\t<h3 class=\"elementor-heading-title elementor-size-medium\">1er juin 2005 :<\/h3>\t\t\t\t<\/div>\n\t\t\t\t<\/div>\n\t\t\t\t<div class=\"elementor-element elementor-element-20bca6d elementor-widget elementor-widget-text-editor\" data-id=\"20bca6d\" data-element_type=\"widget\" data-e-type=\"widget\" data-widget_type=\"text-editor.default\">\n\t\t\t\t<div class=\"elementor-widget-container\">\n\t\t\t\t\t\t\t\t\t<div style=\"text-align: center;\">\n\n<br><b>Juin est le mois des Inscriptions !!!<\/b>,<\/br>\n\nLes modalit\u00e9s pour les Inscriptions 2005-2006 sont \u00e0 votre disposition dans la rubrique \u00ab\u00a0Inscriptions\u00a0\u00bb\n\n<\/div>\t\t\t\t\t\t\t\t<\/div>\n\t\t\t\t<\/div>\n\t\t\t\t<div class=\"elementor-element elementor-element-1c38926 elementor-widget elementor-widget-spacer\" data-id=\"1c38926\" data-element_type=\"widget\" data-e-type=\"widget\" data-widget_type=\"spacer.default\">\n\t\t\t\t<div class=\"elementor-widget-container\">\n\t\t\t\t\t\t\t<div class=\"elementor-spacer\">\n\t\t\t<div class=\"elementor-spacer-inner\"><\/div>\n\t\t<\/div>\n\t\t\t\t\t\t<\/div>\n\t\t\t\t<\/div>\n\t\t\t\t<div class=\"elementor-element elementor-element-8c68691 elementor-widget elementor-widget-heading\" data-id=\"8c68691\" data-element_type=\"widget\" data-e-type=\"widget\" data-widget_type=\"heading.default\">\n\t\t\t\t<div class=\"elementor-widget-container\">\n\t\t\t\t\t<h3 class=\"elementor-heading-title elementor-size-medium\">03 f\u00e9vrier 2005 :<\/h3>\t\t\t\t<\/div>\n\t\t\t\t<\/div>\n\t\t\t\t<div class=\"elementor-element elementor-element-70b80eb elementor-widget elementor-widget-text-editor\" data-id=\"70b80eb\" data-element_type=\"widget\" data-e-type=\"widget\" data-widget_type=\"text-editor.default\">\n\t\t\t\t<div class=\"elementor-widget-container\">\n\t\t\t\t\t\t\t\t\t<div style=\"text-align: center;\">\n\n<br><b>Tournoi Poussins en Salle<\/b>,<\/br>\n\n Suite au tirage au sort du mercredi 2 f\u00e9vrier, le planning du Tournoi en Salle des Poussins\ndes 19 et 20 f\u00e9vrier est disponible dans la rubrique tournoi.\n<\/div>\t\t\t\t\t\t\t\t<\/div>\n\t\t\t\t<\/div>\n\t\t\t\t<div class=\"elementor-element elementor-element-797264a elementor-widget elementor-widget-spacer\" data-id=\"797264a\" data-element_type=\"widget\" data-e-type=\"widget\" data-widget_type=\"spacer.default\">\n\t\t\t\t<div class=\"elementor-widget-container\">\n\t\t\t\t\t\t\t<div class=\"elementor-spacer\">\n\t\t\t<div class=\"elementor-spacer-inner\"><\/div>\n\t\t<\/div>\n\t\t\t\t\t\t<\/div>\n\t\t\t\t<\/div>\n\t\t\t\t<div class=\"elementor-element elementor-element-963712f elementor-widget elementor-widget-heading\" data-id=\"963712f\" data-element_type=\"widget\" data-e-type=\"widget\" data-widget_type=\"heading.default\">\n\t\t\t\t<div class=\"elementor-widget-container\">\n\t\t\t\t\t<h3 class=\"elementor-heading-title elementor-size-medium\">11 janvier 2005 :<\/h3>\t\t\t\t<\/div>\n\t\t\t\t<\/div>\n\t\t\t\t<div class=\"elementor-element elementor-element-566c202 elementor-widget elementor-widget-text-editor\" data-id=\"566c202\" data-element_type=\"widget\" data-e-type=\"widget\" data-widget_type=\"text-editor.default\">\n\t\t\t\t<div class=\"elementor-widget-container\">\n\t\t\t\t\t\t\t\t\t<div style=\"text-align: center;\">\n\n<br><b>Championnat Phase 2<\/b>,<\/br>\n\nLe Championnat Benjamins et Poussins de la Phase 2 commence le 29 janvier, le planning des 4 \u00e9quipes est maintenant disponible dans la rubrique <br>\u00ab\u00a0Planning des matchs\u00a0\u00bb<\/br>\n<\/div>\t\t\t\t\t\t\t\t<\/div>\n\t\t\t\t<\/div>\n\t\t\t\t<div class=\"elementor-element elementor-element-a8173e5 elementor-widget elementor-widget-spacer\" data-id=\"a8173e5\" data-element_type=\"widget\" data-e-type=\"widget\" data-widget_type=\"spacer.default\">\n\t\t\t\t<div class=\"elementor-widget-container\">\n\t\t\t\t\t\t\t<div class=\"elementor-spacer\">\n\t\t\t<div class=\"elementor-spacer-inner\"><\/div>\n\t\t<\/div>\n\t\t\t\t\t\t<\/div>\n\t\t\t\t<\/div>\n\t\t\t\t<div class=\"elementor-element elementor-element-37720b5 elementor-widget elementor-widget-heading\" data-id=\"37720b5\" data-element_type=\"widget\" data-e-type=\"widget\" data-widget_type=\"heading.default\">\n\t\t\t\t<div class=\"elementor-widget-container\">\n\t\t\t\t\t<h3 class=\"elementor-heading-title elementor-size-medium\">27 d\u00e9cembre 2004 :<\/h3>\t\t\t\t<\/div>\n\t\t\t\t<\/div>\n\t\t\t\t<div class=\"elementor-element elementor-element-34cdfa6 elementor-widget elementor-widget-text-editor\" data-id=\"34cdfa6\" data-element_type=\"widget\" data-e-type=\"widget\" data-widget_type=\"text-editor.default\">\n\t\t\t\t<div class=\"elementor-widget-container\">\n\t\t\t\t\t\t\t\t\t<div style=\"text-align: center;\">\n\n<br><b>Mise \u00e0 jour du Championnat<\/b>,<\/br>\n\nVoir rubrique \u00ab\u00a0Planning des matchs\u00a0\u00bb pour les Seniors-A, les Seniors-B, les Benjamins et les Poussins.\n<\/div>\t\t\t\t\t\t\t\t<\/div>\n\t\t\t\t<\/div>\n\t\t\t\t<div class=\"elementor-element elementor-element-bdc1f1e elementor-widget elementor-widget-spacer\" data-id=\"bdc1f1e\" data-element_type=\"widget\" data-e-type=\"widget\" data-widget_type=\"spacer.default\">\n\t\t\t\t<div class=\"elementor-widget-container\">\n\t\t\t\t\t\t\t<div class=\"elementor-spacer\">\n\t\t\t<div class=\"elementor-spacer-inner\"><\/div>\n\t\t<\/div>\n\t\t\t\t\t\t<\/div>\n\t\t\t\t<\/div>\n\t\t\t\t<div class=\"elementor-element elementor-element-93c0893 elementor-widget elementor-widget-heading\" data-id=\"93c0893\" data-element_type=\"widget\" data-e-type=\"widget\" data-widget_type=\"heading.default\">\n\t\t\t\t<div class=\"elementor-widget-container\">\n\t\t\t\t\t<h3 class=\"elementor-heading-title elementor-size-medium\">23 octobre 2004 :<\/h3>\t\t\t\t<\/div>\n\t\t\t\t<\/div>\n\t\t\t\t<div class=\"elementor-element elementor-element-057955e elementor-widget elementor-widget-text-editor\" data-id=\"057955e\" data-element_type=\"widget\" data-e-type=\"widget\" data-widget_type=\"text-editor.default\">\n\t\t\t\t<div class=\"elementor-widget-container\">\n\t\t\t\t\t\t\t\t\t<div style=\"text-align: center;\">\n\n<br><b> Un petit compteur<\/b>,<\/br>\n\nD\u00e9sormais le site contient un compteur avec le nombre de visiteurs diff\u00e9rents\nqui ont consult\u00e9 la page d&rsquo;accueil depuis le 23 octobre 2004\n\n<\/div>\t\t\t\t\t\t\t\t<\/div>\n\t\t\t\t<\/div>\n\t\t\t\t<div class=\"elementor-element elementor-element-0cae130 elementor-widget elementor-widget-spacer\" data-id=\"0cae130\" data-element_type=\"widget\" data-e-type=\"widget\" data-widget_type=\"spacer.default\">\n\t\t\t\t<div class=\"elementor-widget-container\">\n\t\t\t\t\t\t\t<div class=\"elementor-spacer\">\n\t\t\t<div class=\"elementor-spacer-inner\"><\/div>\n\t\t<\/div>\n\t\t\t\t\t\t<\/div>\n\t\t\t\t<\/div>\n\t\t\t\t<div class=\"elementor-element elementor-element-fe38c1c elementor-widget elementor-widget-heading\" data-id=\"fe38c1c\" data-element_type=\"widget\" data-e-type=\"widget\" data-widget_type=\"heading.default\">\n\t\t\t\t<div class=\"elementor-widget-container\">\n\t\t\t\t\t<h3 class=\"elementor-heading-title elementor-size-medium\">10 octobre 2004 :<\/h3>\t\t\t\t<\/div>\n\t\t\t\t<\/div>\n\t\t\t\t<div class=\"elementor-element elementor-element-0951c85 elementor-widget elementor-widget-text-editor\" data-id=\"0951c85\" data-element_type=\"widget\" data-e-type=\"widget\" data-widget_type=\"text-editor.default\">\n\t\t\t\t<div class=\"elementor-widget-container\">\n\t\t\t\t\t\t\t\t\t<div style=\"text-align: center;\">\n\n<br><b> Nouveaux Horaires d&rsquo;Entrainements<\/b>,<\/br>\n\nLe mercredi ca change ! (voir rubrique : \u00ab\u00a0Nos Entrainements\u00a0\u00bb)\n<\/div>\t\t\t\t\t\t\t\t<\/div>\n\t\t\t\t<\/div>\n\t\t\t\t<div class=\"elementor-element elementor-element-c629b26 elementor-widget elementor-widget-spacer\" data-id=\"c629b26\" data-element_type=\"widget\" data-e-type=\"widget\" data-widget_type=\"spacer.default\">\n\t\t\t\t<div class=\"elementor-widget-container\">\n\t\t\t\t\t\t\t<div class=\"elementor-spacer\">\n\t\t\t<div class=\"elementor-spacer-inner\"><\/div>\n\t\t<\/div>\n\t\t\t\t\t\t<\/div>\n\t\t\t\t<\/div>\n\t\t\t\t<div class=\"elementor-element elementor-element-580781c elementor-widget elementor-widget-heading\" data-id=\"580781c\" data-element_type=\"widget\" data-e-type=\"widget\" data-widget_type=\"heading.default\">\n\t\t\t\t<div class=\"elementor-widget-container\">\n\t\t\t\t\t<h3 class=\"elementor-heading-title elementor-size-medium\">09 octobre 2004 :<\/h3>\t\t\t\t<\/div>\n\t\t\t\t<\/div>\n\t\t\t\t<div class=\"elementor-element elementor-element-e2deeda elementor-widget elementor-widget-text-editor\" data-id=\"e2deeda\" data-element_type=\"widget\" data-e-type=\"widget\" data-widget_type=\"text-editor.default\">\n\t\t\t\t<div class=\"elementor-widget-container\">\n\t\t\t\t\t\t\t\t\t<div style=\"text-align: center;\">\n\n<br><b>Les inscriptions 2004-2005<\/b>,<\/br>\n\nC&rsquo;est pas trop tard allez vite consultez la rubrique <br>\u00ab\u00a0Les inscriptions\u00a0\u00bb<\/br>\n\n<\/div>\t\t\t\t\t\t\t\t<\/div>\n\t\t\t\t<\/div>\n\t\t\t\t<div class=\"elementor-element elementor-element-18fa1ab elementor-widget elementor-widget-spacer\" data-id=\"18fa1ab\" data-element_type=\"widget\" data-e-type=\"widget\" data-widget_type=\"spacer.default\">\n\t\t\t\t<div class=\"elementor-widget-container\">\n\t\t\t\t\t\t\t<div class=\"elementor-spacer\">\n\t\t\t<div class=\"elementor-spacer-inner\"><\/div>\n\t\t<\/div>\n\t\t\t\t\t\t<\/div>\n\t\t\t\t<\/div>\n\t\t\t\t<div class=\"elementor-element elementor-element-5eb271c elementor-widget elementor-widget-heading\" data-id=\"5eb271c\" data-element_type=\"widget\" data-e-type=\"widget\" data-widget_type=\"heading.default\">\n\t\t\t\t<div class=\"elementor-widget-container\">\n\t\t\t\t\t<h3 class=\"elementor-heading-title elementor-size-medium\">08 octobre 2004 :<\/h3>\t\t\t\t<\/div>\n\t\t\t\t<\/div>\n\t\t\t\t<div class=\"elementor-element elementor-element-622be54 elementor-widget elementor-widget-text-editor\" data-id=\"622be54\" data-element_type=\"widget\" data-e-type=\"widget\" data-widget_type=\"text-editor.default\">\n\t\t\t\t<div class=\"elementor-widget-container\">\n\t\t\t\t\t\t\t\t\t<div style=\"text-align: center;\">\n\n<br><b> Saison 2004-2005<\/b>,<\/br>\n\nPour cette nouvelle saison , le TAF recherche des joueurs 13 Ans et 18 Ans\n<\/div>\t\t\t\t\t\t\t\t<\/div>\n\t\t\t\t<\/div>\n\t\t\t\t\t<\/div>\n\t\t<\/div>\n\t\t\t\t\t<\/div>\n\t\t<\/section>\n\t\t\t\t<section class=\"elementor-section elementor-top-section elementor-element elementor-element-8989a29 elementor-section-full_width elementor-section-height-default elementor-section-height-default\" data-id=\"8989a29\" data-element_type=\"section\" data-e-type=\"section\" data-settings=\"{&quot;background_background&quot;:&quot;classic&quot;}\">\n\t\t\t\t\t\t\t<div class=\"elementor-background-overlay\"><\/div>\n\t\t\t\t\t\t\t<div class=\"elementor-container elementor-column-gap-no\">\n\t\t\t\t\t<div class=\"elementor-column elementor-col-100 elementor-top-column elementor-element elementor-element-2a614ce\" data-id=\"2a614ce\" data-element_type=\"column\" data-e-type=\"column\">\n\t\t\t<div class=\"elementor-widget-wrap elementor-element-populated\">\n\t\t\t\t\t\t<section class=\"elementor-section elementor-inner-section elementor-element elementor-element-7f37fdb elementor-section-full_width elementor-section-height-default elementor-section-height-default\" data-id=\"7f37fdb\" data-element_type=\"section\" data-e-type=\"section\">\n\t\t\t\t\t\t<div class=\"elementor-container elementor-column-gap-no\">\n\t\t\t\t\t<div class=\"elementor-column elementor-col-20 elementor-inner-column elementor-element elementor-element-4668fc5\" data-id=\"4668fc5\" data-element_type=\"column\" data-e-type=\"column\">\n\t\t\t<div class=\"elementor-widget-wrap elementor-element-populated\">\n\t\t\t\t\t\t<div class=\"elementor-element elementor-element-26ffb9c elementor-widget elementor-widget-theme-site-logo elementor-widget-image\" data-id=\"26ffb9c\" data-element_type=\"widget\" data-e-type=\"widget\" data-widget_type=\"theme-site-logo.default\">\n\t\t\t\t<div class=\"elementor-widget-container\">\n\t\t\t\t\t\t\t\t\t\t\t\t\t\t\t\t<a href=\"https:\/\/toufflers-af.fr\">\n\t\t\t\t\t\t\t<img loading=\"lazy\" decoding=\"async\" width=\"453\" height=\"451\" src=\"https:\/\/toufflers-af.fr\/wp-content\/uploads\/2023\/05\/logotaf.png\" class=\"attachment-full size-full wp-image-3384\" alt=\"\" srcset=\"https:\/\/toufflers-af.fr\/wp-content\/uploads\/2023\/05\/logotaf.png 453w, https:\/\/toufflers-af.fr\/wp-content\/uploads\/2023\/05\/logotaf-300x300.png 300w, https:\/\/toufflers-af.fr\/wp-content\/uploads\/2023\/05\/logotaf-150x150.png 150w\" sizes=\"(max-width: 453px) 100vw, 453px\" \/>\t\t\t\t\t\t\t\t<\/a>\n\t\t\t\t\t\t\t\t\t\t\t\t\t\t\t<\/div>\n\t\t\t\t<\/div>\n\t\t\t\t<div class=\"elementor-element elementor-element-ff7f4b3 e-grid-align-left elementor-shape-rounded elementor-grid-0 elementor-widget elementor-widget-social-icons\" data-id=\"ff7f4b3\" data-element_type=\"widget\" data-e-type=\"widget\" data-widget_type=\"social-icons.default\">\n\t\t\t\t<div class=\"elementor-widget-container\">\n\t\t\t\t\t\t\t<div class=\"elementor-social-icons-wrapper elementor-grid\" role=\"list\">\n\t\t\t\t\t\t\t<span class=\"elementor-grid-item\" role=\"listitem\">\n\t\t\t\t\t<a class=\"elementor-icon elementor-social-icon elementor-social-icon-facebook-f elementor-animation-float elementor-repeater-item-85723a9\" target=\"_blank\">\n\t\t\t\t\t\t<span class=\"elementor-screen-only\">Facebook-f<\/span>\n\t\t\t\t\t\t<i aria-hidden=\"true\" class=\"fab fa-facebook-f\"><\/i>\t\t\t\t\t<\/a>\n\t\t\t\t<\/span>\n\t\t\t\t\t\t\t<span class=\"elementor-grid-item\" role=\"listitem\">\n\t\t\t\t\t<a class=\"elementor-icon elementor-social-icon elementor-social-icon-instagram elementor-animation-float elementor-repeater-item-1fde720\" target=\"_blank\">\n\t\t\t\t\t\t<span class=\"elementor-screen-only\">Instagram<\/span>\n\t\t\t\t\t\t<i aria-hidden=\"true\" class=\"fab fa-instagram\"><\/i>\t\t\t\t\t<\/a>\n\t\t\t\t<\/span>\n\t\t\t\t\t\t\t<span class=\"elementor-grid-item\" role=\"listitem\">\n\t\t\t\t\t<a class=\"elementor-icon elementor-social-icon elementor-social-icon-tiktok elementor-animation-float elementor-repeater-item-126fb11\" target=\"_blank\">\n\t\t\t\t\t\t<span class=\"elementor-screen-only\">Tiktok<\/span>\n\t\t\t\t\t\t<i aria-hidden=\"true\" class=\"fab fa-tiktok\"><\/i>\t\t\t\t\t<\/a>\n\t\t\t\t<\/span>\n\t\t\t\t\t\t\t<span class=\"elementor-grid-item\" role=\"listitem\">\n\t\t\t\t\t<a class=\"elementor-icon elementor-social-icon elementor-social-icon-twitter elementor-animation-float elementor-repeater-item-f5d9a86\" target=\"_blank\">\n\t\t\t\t\t\t<span class=\"elementor-screen-only\">Twitter<\/span>\n\t\t\t\t\t\t<i aria-hidden=\"true\" class=\"fab fa-twitter\"><\/i>\t\t\t\t\t<\/a>\n\t\t\t\t<\/span>\n\t\t\t\t\t\t\t<span class=\"elementor-grid-item\" role=\"listitem\">\n\t\t\t\t\t<a class=\"elementor-icon elementor-social-icon elementor-social-icon-youtube elementor-animation-float elementor-repeater-item-2eac8cd\" target=\"_blank\">\n\t\t\t\t\t\t<span class=\"elementor-screen-only\">Youtube<\/span>\n\t\t\t\t\t\t<i aria-hidden=\"true\" class=\"fab fa-youtube\"><\/i>\t\t\t\t\t<\/a>\n\t\t\t\t<\/span>\n\t\t\t\t\t<\/div>\n\t\t\t\t\t\t<\/div>\n\t\t\t\t<\/div>\n\t\t\t\t\t<\/div>\n\t\t<\/div>\n\t\t\t\t<div class=\"elementor-column elementor-col-20 elementor-inner-column elementor-element elementor-element-2ca557e\" data-id=\"2ca557e\" data-element_type=\"column\" data-e-type=\"column\">\n\t\t\t<div class=\"elementor-widget-wrap elementor-element-populated\">\n\t\t\t\t\t\t<div class=\"elementor-element elementor-element-c1ac242 elementor-widget elementor-widget-heading\" data-id=\"c1ac242\" data-element_type=\"widget\" data-e-type=\"widget\" data-widget_type=\"heading.default\">\n\t\t\t\t<div class=\"elementor-widget-container\">\n\t\t\t\t\t<h5 class=\"elementor-heading-title elementor-size-default\">MOT DE LA DIRECTION<\/h5>\t\t\t\t<\/div>\n\t\t\t\t<\/div>\n\t\t\t\t<div class=\"elementor-element elementor-element-25fd079 elementor-widget elementor-widget-heading\" data-id=\"25fd079\" data-element_type=\"widget\" data-e-type=\"widget\" data-widget_type=\"heading.default\">\n\t\t\t\t<div class=\"elementor-widget-container\">\n\t\t\t\t\t<div class=\"elementor-heading-title elementor-size-default\">La Direction du TAF remercie Joueurs, Parents, B\u00e9n\u00e9voles pour l'aide apport\u00e9e \u00e0 nos \u00e9ducateurs dans l'encadrement de nos jeunes en cette saison 2022-2023.<br><br><\/div>\t\t\t\t<\/div>\n\t\t\t\t<\/div>\n\t\t\t\t\t<\/div>\n\t\t<\/div>\n\t\t\t\t<div class=\"elementor-column elementor-col-20 elementor-inner-column elementor-element elementor-element-3322c7a\" data-id=\"3322c7a\" data-element_type=\"column\" data-e-type=\"column\">\n\t\t\t<div class=\"elementor-widget-wrap elementor-element-populated\">\n\t\t\t\t\t\t<div class=\"elementor-element elementor-element-2eaf107 elementor-widget elementor-widget-heading\" data-id=\"2eaf107\" data-element_type=\"widget\" data-e-type=\"widget\" data-widget_type=\"heading.default\">\n\t\t\t\t<div class=\"elementor-widget-container\">\n\t\t\t\t\t<h5 class=\"elementor-heading-title elementor-size-default\">District des Flandres<\/h5>\t\t\t\t<\/div>\n\t\t\t\t<\/div>\n\t\t\t\t<div class=\"elementor-element elementor-element-706232d elementor-list-item-link-inline elementor-icon-list--layout-traditional elementor-widget elementor-widget-icon-list\" data-id=\"706232d\" data-element_type=\"widget\" data-e-type=\"widget\" data-widget_type=\"icon-list.default\">\n\t\t\t\t<div class=\"elementor-widget-container\">\n\t\t\t\t\t\t\t<ul class=\"elementor-icon-list-items\">\n\t\t\t\t\t\t\t<li class=\"elementor-icon-list-item\">\n\t\t\t\t\t\t\t\t\t\t\t<a href=\"https:\/\/flandres.fff.fr\/\">\n\n\t\t\t\t\t\t\t\t\t\t\t<span class=\"elementor-icon-list-text\">Page d'Accueil<\/span>\n\t\t\t\t\t\t\t\t\t\t\t<\/a>\n\t\t\t\t\t\t\t\t\t<\/li>\n\t\t\t\t\t\t\t\t<li class=\"elementor-icon-list-item\">\n\t\t\t\t\t\t\t\t\t\t\t<a href=\"https:\/\/flandres.fff.fr\/recherche-clubs?scl=15478&#038;tab=resultats&#038;subtab=agenda\">\n\n\t\t\t\t\t\t\t\t\t\t\t<span class=\"elementor-icon-list-text\">Agenda des matchs officiels du TAF<\/span>\n\t\t\t\t\t\t\t\t\t\t\t<\/a>\n\t\t\t\t\t\t\t\t\t<\/li>\n\t\t\t\t\t\t\t\t<li class=\"elementor-icon-list-item\">\n\t\t\t\t\t\t\t\t\t\t\t<a href=\"https:\/\/flandres.fff.fr\/les-clubs\/\">\n\n\t\t\t\t\t\t\t\t\t\t\t<span class=\"elementor-icon-list-text\">Acc\u00e8s \u00e0 un club<\/span>\n\t\t\t\t\t\t\t\t\t\t\t<\/a>\n\t\t\t\t\t\t\t\t\t<\/li>\n\t\t\t\t\t\t<\/ul>\n\t\t\t\t\t\t<\/div>\n\t\t\t\t<\/div>\n\t\t\t\t\t<\/div>\n\t\t<\/div>\n\t\t\t\t<div class=\"elementor-column elementor-col-20 elementor-inner-column elementor-element elementor-element-dd8e8f0\" data-id=\"dd8e8f0\" data-element_type=\"column\" data-e-type=\"column\">\n\t\t\t<div class=\"elementor-widget-wrap elementor-element-populated\">\n\t\t\t\t\t\t<div class=\"elementor-element elementor-element-d5a094f elementor-widget elementor-widget-heading\" data-id=\"d5a094f\" data-element_type=\"widget\" data-e-type=\"widget\" data-widget_type=\"heading.default\">\n\t\t\t\t<div class=\"elementor-widget-container\">\n\t\t\t\t\t<h5 class=\"elementor-heading-title elementor-size-default\">Autres Liens<\/h5>\t\t\t\t<\/div>\n\t\t\t\t<\/div>\n\t\t\t\t<div class=\"elementor-element elementor-element-bfe5856 elementor-list-item-link-inline elementor-icon-list--layout-traditional elementor-widget elementor-widget-icon-list\" data-id=\"bfe5856\" data-element_type=\"widget\" data-e-type=\"widget\" data-widget_type=\"icon-list.default\">\n\t\t\t\t<div class=\"elementor-widget-container\">\n\t\t\t\t\t\t\t<ul class=\"elementor-icon-list-items\">\n\t\t\t\t\t\t\t<li class=\"elementor-icon-list-item\">\n\t\t\t\t\t\t\t\t\t\t\t<a href=\"https:\/\/lfhf.fff.fr\/wp-content\/uploads\/sites\/15\/prehome\/prehome\/index.html\">\n\n\t\t\t\t\t\t\t\t\t\t\t<span class=\"elementor-icon-list-text\">Ligue des Hauts de France<\/span>\n\t\t\t\t\t\t\t\t\t\t\t<\/a>\n\t\t\t\t\t\t\t\t\t<\/li>\n\t\t\t\t\t\t\t\t<li class=\"elementor-icon-list-item\">\n\t\t\t\t\t\t\t\t\t\t\t<a href=\"https:\/\/www.dmncompetitions.fr\/espace-membre\/liste-plateaux\">\n\n\t\t\t\t\t\t\t\t\t\t\t<span class=\"elementor-icon-list-text\">P'ti Foot<\/span>\n\t\t\t\t\t\t\t\t\t\t\t<\/a>\n\t\t\t\t\t\t\t\t\t<\/li>\n\t\t\t\t\t\t\t\t<li class=\"elementor-icon-list-item\">\n\t\t\t\t\t\t\t\t\t\t\t<a href=\"https:\/\/templatekit.tokomoo.com\/footballkit3\/fixtures\/\">\n\n\t\t\t\t\t\t\t\t\t\t\t<span class=\"elementor-icon-list-text\">Mon compte FFF<\/span>\n\t\t\t\t\t\t\t\t\t\t\t<\/a>\n\t\t\t\t\t\t\t\t\t<\/li>\n\t\t\t\t\t\t<\/ul>\n\t\t\t\t\t\t<\/div>\n\t\t\t\t<\/div>\n\t\t\t\t\t<\/div>\n\t\t<\/div>\n\t\t\t\t<div class=\"elementor-column elementor-col-20 elementor-inner-column elementor-element elementor-element-928ed5f\" data-id=\"928ed5f\" data-element_type=\"column\" data-e-type=\"column\">\n\t\t\t<div class=\"elementor-widget-wrap elementor-element-populated\">\n\t\t\t\t\t\t<div class=\"elementor-element elementor-element-79f0b4a elementor-widget elementor-widget-heading\" data-id=\"79f0b4a\" data-element_type=\"widget\" data-e-type=\"widget\" data-widget_type=\"heading.default\">\n\t\t\t\t<div class=\"elementor-widget-container\">\n\t\t\t\t\t<h5 class=\"elementor-heading-title elementor-size-default\">Contact Us<\/h5>\t\t\t\t<\/div>\n\t\t\t\t<\/div>\n\t\t\t\t<div class=\"elementor-element elementor-element-052effd elementor-icon-list--layout-traditional elementor-list-item-link-full_width elementor-widget elementor-widget-icon-list\" data-id=\"052effd\" data-element_type=\"widget\" data-e-type=\"widget\" data-widget_type=\"icon-list.default\">\n\t\t\t\t<div class=\"elementor-widget-container\">\n\t\t\t\t\t\t\t<ul class=\"elementor-icon-list-items\">\n\t\t\t\t\t\t\t<li class=\"elementor-icon-list-item\">\n\t\t\t\t\t\t\t\t\t\t\t<span class=\"elementor-icon-list-icon\">\n\t\t\t\t\t\t\t<i aria-hidden=\"true\" class=\"fas fa-phone-alt\"><\/i>\t\t\t\t\t\t<\/span>\n\t\t\t\t\t\t\t\t\t\t<span class=\"elementor-icon-list-text\">(+33) 07 82 21 14 46<\/span>\n\t\t\t\t\t\t\t\t\t<\/li>\n\t\t\t\t\t\t\t\t<li class=\"elementor-icon-list-item\">\n\t\t\t\t\t\t\t\t\t\t\t<span class=\"elementor-icon-list-icon\">\n\t\t\t\t\t\t\t<i aria-hidden=\"true\" class=\"fas fa-envelope\"><\/i>\t\t\t\t\t\t<\/span>\n\t\t\t\t\t\t\t\t\t\t<span class=\"elementor-icon-list-text\">toufflers.af.533306@lfhf.fr<\/span>\n\t\t\t\t\t\t\t\t\t<\/li>\n\t\t\t\t\t\t\t\t<li class=\"elementor-icon-list-item\">\n\t\t\t\t\t\t\t\t\t\t\t<span class=\"elementor-icon-list-icon\">\n\t\t\t\t\t\t\t<i aria-hidden=\"true\" class=\"fas fa-map-marker-alt\"><\/i>\t\t\t\t\t\t<\/span>\n\t\t\t\t\t\t\t\t\t\t<span class=\"elementor-icon-list-text\">Rue des \u00e9coles, Toufflers, France<\/span>\n\t\t\t\t\t\t\t\t\t<\/li>\n\t\t\t\t\t\t<\/ul>\n\t\t\t\t\t\t<\/div>\n\t\t\t\t<\/div>\n\t\t\t\t\t<\/div>\n\t\t<\/div>\n\t\t\t\t\t<\/div>\n\t\t<\/section>\n\t\t\t\t<section class=\"elementor-section elementor-inner-section elementor-element elementor-element-b1a7f59 elementor-section-full_width elementor-section-height-default elementor-section-height-default\" data-id=\"b1a7f59\" data-element_type=\"section\" data-e-type=\"section\" data-settings=\"{&quot;background_background&quot;:&quot;classic&quot;}\">\n\t\t\t\t\t\t\t<div class=\"elementor-background-overlay\"><\/div>\n\t\t\t\t\t\t\t<div class=\"elementor-container elementor-column-gap-no\">\n\t\t\t\t\t<div class=\"elementor-column elementor-col-100 elementor-inner-column elementor-element elementor-element-fa398e9\" data-id=\"fa398e9\" data-element_type=\"column\" data-e-type=\"column\">\n\t\t\t<div class=\"elementor-widget-wrap elementor-element-populated\">\n\t\t\t\t\t\t<div class=\"elementor-element elementor-element-06564c9 elementor-widget elementor-widget-heading\" data-id=\"06564c9\" data-element_type=\"widget\" data-e-type=\"widget\" data-widget_type=\"heading.default\">\n\t\t\t\t<div class=\"elementor-widget-container\">\n\t\t\t\t\t<span class=\"elementor-heading-title elementor-size-default\">Pensez \u00e0 votre sant\u00e9 et celle de vos proches, amis et ceux que vous c\u00f4toyez Pour faire face au Covid-19, respectez les gestes barri\u00e8res.<\/span>\t\t\t\t<\/div>\n\t\t\t\t<\/div>\n\t\t\t\t\t<\/div>\n\t\t<\/div>\n\t\t\t\t\t<\/div>\n\t\t<\/section>\n\t\t\t\t<section class=\"elementor-section elementor-inner-section elementor-element elementor-element-55e1755 elementor-section-boxed elementor-section-height-default elementor-section-height-default\" data-id=\"55e1755\" data-element_type=\"section\" data-e-type=\"section\" data-settings=\"{&quot;background_background&quot;:&quot;classic&quot;}\">\n\t\t\t\t\t\t<div class=\"elementor-container elementor-column-gap-no\">\n\t\t\t\t\t<div class=\"elementor-column elementor-col-100 elementor-inner-column elementor-element elementor-element-4d07243\" data-id=\"4d07243\" data-element_type=\"column\" data-e-type=\"column\">\n\t\t\t<div class=\"elementor-widget-wrap elementor-element-populated\">\n\t\t\t\t\t\t<div class=\"elementor-element elementor-element-b232875 elementor-widget elementor-widget-heading\" data-id=\"b232875\" data-element_type=\"widget\" data-e-type=\"widget\" data-widget_type=\"heading.default\">\n\t\t\t\t<div class=\"elementor-widget-container\">\n\t\t\t\t\t<span class=\"elementor-heading-title elementor-size-default\">\u00a92023 Toufflers-Athletic-Football. All rights reserved.<\/span>\t\t\t\t<\/div>\n\t\t\t\t<\/div>\n\t\t\t\t\t<\/div>\n\t\t<\/div>\n\t\t\t\t\t<\/div>\n\t\t<\/section>\n\t\t\t\t\t<\/div>\n\t\t<\/div>\n\t\t\t\t\t<\/div>\n\t\t<\/section>\n\t\t\t\t<\/div>\n\t\t","protected":false},"excerpt":{"rendered":"<p>Facebook-f Instagram Twitter Youtube Documents Archives Vous y trouvez les messages diffus\u00e9s anciennement sur la page d&rsquo;accueil et qui m\u00e9ritent d&rsquo;\u00eatre conserv\u00e9s comme souvenir ! Les textes peuvent \u00eatre modifi\u00e9s dans le but de les actualiser. Bient\u00f4t, il y a aura \u00e9puration des informations pour ne garder que les \u00e9v\u00eaments marquants. ARCHIVES Saison 2022-2023 Lundi [&hellip;]<\/p>\n","protected":false},"author":1,"featured_media":0,"parent":0,"menu_order":0,"comment_status":"closed","ping_status":"closed","template":"elementor_canvas","meta":{"footnotes":""},"class_list":["post-1056","page","type-page","status-publish","hentry"],"_links":{"self":[{"href":"https:\/\/toufflers-af.fr\/index.php?rest_route=\/wp\/v2\/pages\/1056","targetHints":{"allow":["GET"]}}],"collection":[{"href":"https:\/\/toufflers-af.fr\/index.php?rest_route=\/wp\/v2\/pages"}],"about":[{"href":"https:\/\/toufflers-af.fr\/index.php?rest_route=\/wp\/v2\/types\/page"}],"author":[{"embeddable":true,"href":"https:\/\/toufflers-af.fr\/index.php?rest_route=\/wp\/v2\/users\/1"}],"replies":[{"embeddable":true,"href":"https:\/\/toufflers-af.fr\/index.php?rest_route=%2Fwp%2Fv2%2Fcomments&post=1056"}],"version-history":[{"count":375,"href":"https:\/\/toufflers-af.fr\/index.php?rest_route=\/wp\/v2\/pages\/1056\/revisions"}],"predecessor-version":[{"id":4316,"href":"https:\/\/toufflers-af.fr\/index.php?rest_route=\/wp\/v2\/pages\/1056\/revisions\/4316"}],"wp:attachment":[{"href":"https:\/\/toufflers-af.fr\/index.php?rest_route=%2Fwp%2Fv2%2Fmedia&parent=1056"}],"curies":[{"name":"wp","href":"https:\/\/api.w.org\/{rel}","templated":true}]}}